{"id":8788,"date":"2026-04-29T09:50:53","date_gmt":"2026-04-29T09:50:53","guid":{"rendered":"https:\/\/tuaregviatges.es\/concurso\/?page_id=8788"},"modified":"2026-04-30T16:10:57","modified_gmt":"2026-04-30T16:10:57","slug":"130-siguen-adelante","status":"publish","type":"page","link":"https:\/\/tuaregviatges.es\/concurso\/130-siguen-adelante\/","title":{"rendered":"130 siguen adelante"},"content":{"rendered":"\t\t<div data-elementor-type=\"wp-page\" data-elementor-id=\"8788\" class=\"elementor elementor-8788\" data-elementor-post-type=\"page\">\n\t\t\t\t\t\t<section class=\"elementor-section elementor-top-section elementor-element elementor-element-ff32273 elementor-section-boxed elementor-section-height-default elementor-section-height-default\" data-id=\"ff32273\" data-element_type=\"section\" data-e-type=\"section\" data-settings=\"{&quot;background_background&quot;:&quot;classic&quot;}\">\n\t\t\t\t\t\t<div class=\"elementor-container elementor-column-gap-default\">\n\t\t\t\t\t<div class=\"elementor-column elementor-col-100 elementor-top-column elementor-element elementor-element-473da6f\" data-id=\"473da6f\" data-element_type=\"column\" data-e-type=\"column\">\n\t\t\t<div class=\"elementor-widget-wrap elementor-element-populated\">\n\t\t\t\t\t\t<div class=\"elementor-element elementor-element-f2a3f3b elementor-align-center elementor-tablet-align-center elementor-widget elementor-widget-button\" data-id=\"f2a3f3b\" data-element_type=\"widget\" data-e-type=\"widget\" data-widget_type=\"button.default\">\n\t\t\t\t<div class=\"elementor-widget-container\">\n\t\t\t\t\t\t\t\t\t<div class=\"elementor-button-wrapper\">\n\t\t\t\t\t<a class=\"elementor-button elementor-button-link elementor-size-md\" href=\"https:\/\/tuaregviatges.es\/concurso\/\">\n\t\t\t\t\t\t<span class=\"elementor-button-content-wrapper\">\n\t\t\t\t\t\t<span class=\"elementor-button-icon\">\n\t\t\t\t<i aria-hidden=\"true\" class=\"fas fa-arrow-circle-left\"><\/i>\t\t\t<\/span>\n\t\t\t\t\t\t\t\t\t<span class=\"elementor-button-text\">Volver a la home<\/span>\n\t\t\t\t\t<\/span>\n\t\t\t\t\t<\/a>\n\t\t\t\t<\/div>\n\t\t\t\t\t\t\t\t<\/div>\n\t\t\t\t<\/div>\n\t\t\t\t<section class=\"elementor-section elementor-inner-section elementor-element elementor-element-8535b85 elementor-section-boxed elementor-section-height-default elementor-section-height-default\" data-id=\"8535b85\" data-element_type=\"section\" data-e-type=\"section\">\n\t\t\t\t\t\t<div class=\"elementor-container elementor-column-gap-default\">\n\t\t\t\t\t<div class=\"elementor-column elementor-col-100 elementor-inner-column elementor-element elementor-element-d6e35f8\" data-id=\"d6e35f8\" data-element_type=\"column\" data-e-type=\"column\">\n\t\t\t<div class=\"elementor-widget-wrap elementor-element-populated\">\n\t\t\t\t\t\t<div class=\"elementor-element elementor-element-9fdd22e elementor-align-center elementor-tablet-align-center elementor-widget elementor-widget-button\" data-id=\"9fdd22e\" data-element_type=\"widget\" data-e-type=\"widget\" data-widget_type=\"button.default\">\n\t\t\t\t<div class=\"elementor-widget-container\">\n\t\t\t\t\t\t\t\t\t<div class=\"elementor-button-wrapper\">\n\t\t\t\t\t<a class=\"elementor-button elementor-button-link elementor-size-md\" href=\"https:\/\/tuaregviatges.es\/concurso\/concurso-fotografia-2024\/\">\n\t\t\t\t\t\t<span class=\"elementor-button-content-wrapper\">\n\t\t\t\t\t\t\t\t\t<span class=\"elementor-button-text\">VER TODAS<\/span>\n\t\t\t\t\t<\/span>\n\t\t\t\t\t<\/a>\n\t\t\t\t<\/div>\n\t\t\t\t\t\t\t\t<\/div>\n\t\t\t\t<\/div>\n\t\t\t\t\t<\/div>\n\t\t<\/div>\n\t\t\t\t\t<\/div>\n\t\t<\/section>\n\t\t\t\t\t<\/div>\n\t\t<\/div>\n\t\t\t\t\t<\/div>\n\t\t<\/section>\n\t\t\t\t<section class=\"elementor-section elementor-top-section elementor-element elementor-element-243c4c8 elementor-section-boxed elementor-section-height-default elementor-section-height-default\" data-id=\"243c4c8\" data-element_type=\"section\" data-e-type=\"section\" data-settings=\"{&quot;background_background&quot;:&quot;classic&quot;}\">\n\t\t\t\t\t\t<div class=\"elementor-container elementor-column-gap-default\">\n\t\t\t\t\t<div class=\"elementor-column elementor-col-100 elementor-top-column elementor-element elementor-element-c2614af\" data-id=\"c2614af\" data-element_type=\"column\" data-e-type=\"column\">\n\t\t\t<div class=\"elementor-widget-wrap elementor-element-populated\">\n\t\t\t\t\t\t<div class=\"elementor-element elementor-element-22016b0 elementor-widget elementor-widget-heading\" data-id=\"22016b0\" data-element_type=\"widget\" data-e-type=\"widget\" data-widget_type=\"heading.default\">\n\t\t\t\t<div class=\"elementor-widget-container\">\n\t\t\t\t\t<h2 class=\"elementor-heading-title elementor-size-default\">LAS 130 FOTOGRAF\u00cdAS QUE SIGUEN ADELANTE<\/h2>\t\t\t\t<\/div>\n\t\t\t\t<\/div>\n\t\t\t\t\t<\/div>\n\t\t<\/div>\n\t\t\t\t\t<\/div>\n\t\t<\/section>\n\t\t\t\t<section class=\"elementor-section elementor-top-section elementor-element elementor-element-ae538f4 elementor-section-boxed elementor-section-height-default elementor-section-height-default\" data-id=\"ae538f4\" data-element_type=\"section\" data-e-type=\"section\" data-settings=\"{&quot;background_background&quot;:&quot;classic&quot;}\">\n\t\t\t\t\t\t<div class=\"elementor-container elementor-column-gap-default\">\n\t\t\t\t\t<div class=\"elementor-column elementor-col-100 elementor-top-column elementor-element elementor-element-ff68df8\" data-id=\"ff68df8\" data-element_type=\"column\" data-e-type=\"column\">\n\t\t\t<div class=\"elementor-widget-wrap elementor-element-populated\">\n\t\t\t\t\t\t<div class=\"elementor-element elementor-element-692b67a elementor-widget elementor-widget-spacer\" data-id=\"692b67a\" data-element_type=\"widget\" data-e-type=\"widget\" data-widget_type=\"spacer.default\">\n\t\t\t\t<div class=\"elementor-widget-container\">\n\t\t\t\t\t\t\t<div class=\"elementor-spacer\">\n\t\t\t<div class=\"elementor-spacer-inner\"><\/div>\n\t\t<\/div>\n\t\t\t\t\t\t<\/div>\n\t\t\t\t<\/div>\n\t\t\t\t\t<\/div>\n\t\t<\/div>\n\t\t\t\t\t<\/div>\n\t\t<\/section>\n\t\t\t\t<section class=\"elementor-section elementor-top-section elementor-element elementor-element-f4bfee4 elementor-section-boxed elementor-section-height-default elementor-section-height-default\" data-id=\"f4bfee4\" data-element_type=\"section\" data-e-type=\"section\" data-settings=\"{&quot;background_background&quot;:&quot;classic&quot;}\">\n\t\t\t\t\t\t<div class=\"elementor-container elementor-column-gap-default\">\n\t\t\t\t\t<div class=\"elementor-column elementor-col-100 elementor-top-column elementor-element elementor-element-2e091a1\" data-id=\"2e091a1\" data-element_type=\"column\" data-e-type=\"column\">\n\t\t\t<div class=\"elementor-widget-wrap elementor-element-populated\">\n\t\t\t\t\t\t<div class=\"elementor-element elementor-element-c682b89 elementor-widget elementor-widget-gallery\" data-id=\"c682b89\" data-element_type=\"widget\" data-e-type=\"widget\" data-settings=\"{&quot;overlay_title&quot;:&quot;title&quot;,&quot;gallery_layout&quot;:&quot;masonry&quot;,&quot;gap&quot;:{&quot;unit&quot;:&quot;px&quot;,&quot;size&quot;:7,&quot;sizes&quot;:[]},&quot;lazyload&quot;:&quot;yes&quot;,&quot;columns&quot;:4,&quot;columns_tablet&quot;:2,&quot;columns_mobile&quot;:1,&quot;gap_tablet&quot;:{&quot;unit&quot;:&quot;px&quot;,&quot;size&quot;:10,&quot;sizes&quot;:[]},&quot;gap_mobile&quot;:{&quot;unit&quot;:&quot;px&quot;,&quot;size&quot;:10,&quot;sizes&quot;:[]},&quot;link_to&quot;:&quot;file&quot;,&quot;show_all_galleries&quot;:&quot;yes&quot;,&quot;overlay_background&quot;:&quot;yes&quot;,&quot;content_hover_animation&quot;:&quot;fade-in&quot;}\" data-widget_type=\"gallery.default\">\n\t\t\t\t<div class=\"elementor-widget-container\">\n\t\t\t\t\t\t\t\t<div class=\"elementor-gallery__titles-container e--pointer-underline e--animation-fade\" aria-label=\"Filtro de galer\u00eda\">\n\t\t\t\t\t\t\t\t\t<a class=\"elementor-item elementor-gallery-title\" role=\"button\" tabindex=\"0\" data-gallery-index=\"all\">\n\t\t\t\t\t\tTodo\t\t\t\t\t<\/a>\n\t\t\t\t\n\t\t\t\t\t\t\t\t\t<a class=\"elementor-item elementor-gallery-title\" role=\"button\" tabindex=\"0\" data-gallery-index=\"0\">\n\t\t\t\t\t\tAlbania\t\t\t\t\t<\/a>\n\t\t\t\t\t\t\t\t\t\t<a class=\"elementor-item elementor-gallery-title\" role=\"button\" tabindex=\"0\" data-gallery-index=\"1\">\n\t\t\t\t\t\tArabia\t\t\t\t\t<\/a>\n\t\t\t\t\t\t\t\t\t\t<a class=\"elementor-item elementor-gallery-title\" role=\"button\" tabindex=\"0\" data-gallery-index=\"2\">\n\t\t\t\t\t\tArgelia\t\t\t\t\t<\/a>\n\t\t\t\t\t\t\t\t\t\t<a class=\"elementor-item elementor-gallery-title\" role=\"button\" tabindex=\"0\" data-gallery-index=\"3\">\n\t\t\t\t\t\tArgentina\t\t\t\t\t<\/a>\n\t\t\t\t\t\t\t\t\t\t<a class=\"elementor-item elementor-gallery-title\" role=\"button\" tabindex=\"0\" data-gallery-index=\"4\">\n\t\t\t\t\t\tArmenia\t\t\t\t\t<\/a>\n\t\t\t\t\t\t\t\t\t\t<a class=\"elementor-item elementor-gallery-title\" role=\"button\" tabindex=\"0\" data-gallery-index=\"5\">\n\t\t\t\t\t\tBen\u00edn\t\t\t\t\t<\/a>\n\t\t\t\t\t\t\t\t\t\t<a class=\"elementor-item elementor-gallery-title\" role=\"button\" tabindex=\"0\" data-gallery-index=\"6\">\n\t\t\t\t\t\tBhut\u00e1n\t\t\t\t\t<\/a>\n\t\t\t\t\t\t\t\t\t\t<a class=\"elementor-item elementor-gallery-title\" role=\"button\" tabindex=\"0\" data-gallery-index=\"7\">\n\t\t\t\t\t\tBulgaria\t\t\t\t\t<\/a>\n\t\t\t\t\t\t\t\t\t\t<a class=\"elementor-item elementor-gallery-title\" role=\"button\" tabindex=\"0\" data-gallery-index=\"8\">\n\t\t\t\t\t\tCamboya\t\t\t\t\t<\/a>\n\t\t\t\t\t\t\t\t\t\t<a class=\"elementor-item elementor-gallery-title\" role=\"button\" tabindex=\"0\" data-gallery-index=\"9\">\n\t\t\t\t\t\tCanad\u00e1\t\t\t\t\t<\/a>\n\t\t\t\t\t\t\t\t\t\t<a class=\"elementor-item elementor-gallery-title\" role=\"button\" tabindex=\"0\" data-gallery-index=\"10\">\n\t\t\t\t\t\tChina\t\t\t\t\t<\/a>\n\t\t\t\t\t\t\t\t\t\t<a class=\"elementor-item elementor-gallery-title\" role=\"button\" tabindex=\"0\" data-gallery-index=\"11\">\n\t\t\t\t\t\tColombia\t\t\t\t\t<\/a>\n\t\t\t\t\t\t\t\t\t\t<a class=\"elementor-item elementor-gallery-title\" role=\"button\" tabindex=\"0\" data-gallery-index=\"12\">\n\t\t\t\t\t\tEslovenia\t\t\t\t\t<\/a>\n\t\t\t\t\t\t\t\t\t\t<a class=\"elementor-item elementor-gallery-title\" role=\"button\" tabindex=\"0\" data-gallery-index=\"13\">\n\t\t\t\t\t\tGeorgia\t\t\t\t\t<\/a>\n\t\t\t\t\t\t\t\t\t\t<a class=\"elementor-item elementor-gallery-title\" role=\"button\" tabindex=\"0\" data-gallery-index=\"14\">\n\t\t\t\t\t\tIndia\t\t\t\t\t<\/a>\n\t\t\t\t\t\t\t\t\t\t<a class=\"elementor-item elementor-gallery-title\" role=\"button\" tabindex=\"0\" data-gallery-index=\"15\">\n\t\t\t\t\t\tIndonesia\t\t\t\t\t<\/a>\n\t\t\t\t\t\t\t\t\t\t<a class=\"elementor-item elementor-gallery-title\" role=\"button\" tabindex=\"0\" data-gallery-index=\"16\">\n\t\t\t\t\t\tJapon\t\t\t\t\t<\/a>\n\t\t\t\t\t\t\t\t\t\t<a class=\"elementor-item elementor-gallery-title\" role=\"button\" tabindex=\"0\" data-gallery-index=\"17\">\n\t\t\t\t\t\tJordania\t\t\t\t\t<\/a>\n\t\t\t\t\t\t\t\t\t\t<a class=\"elementor-item elementor-gallery-title\" role=\"button\" tabindex=\"0\" data-gallery-index=\"18\">\n\t\t\t\t\t\tKirguist\u00e1n\t\t\t\t\t<\/a>\n\t\t\t\t\t\t\t\t\t\t<a class=\"elementor-item elementor-gallery-title\" role=\"button\" tabindex=\"0\" data-gallery-index=\"19\">\n\t\t\t\t\t\tMauritania\t\t\t\t\t<\/a>\n\t\t\t\t\t\t\t\t\t\t<a class=\"elementor-item elementor-gallery-title\" role=\"button\" tabindex=\"0\" data-gallery-index=\"20\">\n\t\t\t\t\t\tMoldavia\t\t\t\t\t<\/a>\n\t\t\t\t\t\t\t\t\t\t<a class=\"elementor-item elementor-gallery-title\" role=\"button\" tabindex=\"0\" data-gallery-index=\"21\">\n\t\t\t\t\t\tMongolia\t\t\t\t\t<\/a>\n\t\t\t\t\t\t\t\t\t\t<a class=\"elementor-item elementor-gallery-title\" role=\"button\" tabindex=\"0\" data-gallery-index=\"22\">\n\t\t\t\t\t\tNamibia\t\t\t\t\t<\/a>\n\t\t\t\t\t\t\t\t\t\t<a class=\"elementor-item elementor-gallery-title\" role=\"button\" tabindex=\"0\" data-gallery-index=\"23\">\n\t\t\t\t\t\tNepal\t\t\t\t\t<\/a>\n\t\t\t\t\t\t\t\t\t\t<a class=\"elementor-item elementor-gallery-title\" role=\"button\" tabindex=\"0\" data-gallery-index=\"24\">\n\t\t\t\t\t\tNoruega\t\t\t\t\t<\/a>\n\t\t\t\t\t\t\t\t\t\t<a class=\"elementor-item elementor-gallery-title\" role=\"button\" tabindex=\"0\" data-gallery-index=\"25\">\n\t\t\t\t\t\tNueva Zelanda\t\t\t\t\t<\/a>\n\t\t\t\t\t\t\t\t\t\t<a class=\"elementor-item elementor-gallery-title\" role=\"button\" tabindex=\"0\" data-gallery-index=\"26\">\n\t\t\t\t\t\tPer\u00fa\t\t\t\t\t<\/a>\n\t\t\t\t\t\t\t\t\t\t<a class=\"elementor-item elementor-gallery-title\" role=\"button\" tabindex=\"0\" data-gallery-index=\"27\">\n\t\t\t\t\t\tSenegal\t\t\t\t\t<\/a>\n\t\t\t\t\t\t\t\t\t\t<a class=\"elementor-item elementor-gallery-title\" role=\"button\" tabindex=\"0\" data-gallery-index=\"28\">\n\t\t\t\t\t\tSri Lanka\t\t\t\t\t<\/a>\n\t\t\t\t\t\t\t\t\t\t<a class=\"elementor-item elementor-gallery-title\" role=\"button\" tabindex=\"0\" data-gallery-index=\"29\">\n\t\t\t\t\t\tTurqu\u00eda\t\t\t\t\t<\/a>\n\t\t\t\t\t\t\t\t\t\t<a class=\"elementor-item elementor-gallery-title\" role=\"button\" tabindex=\"0\" data-gallery-index=\"30\">\n\t\t\t\t\t\tUganda\t\t\t\t\t<\/a>\n\t\t\t\t\t\t\t\t\t\t<a class=\"elementor-item elementor-gallery-title\" role=\"button\" tabindex=\"0\" data-gallery-index=\"31\">\n\t\t\t\t\t\tUzbekist\u00e1n\t\t\t\t\t<\/a>\n\t\t\t\t\t\t\t\t\t\t<a class=\"elementor-item elementor-gallery-title\" role=\"button\" tabindex=\"0\" data-gallery-index=\"32\">\n\t\t\t\t\t\tVietnam\t\t\t\t\t<\/a>\n\t\t\t\t\t\t\t\t<\/div>\n\t\t\t\t\t<div class=\"elementor-gallery__container\">\n\t\t\t\t\t\t\t<a class=\"e-gallery-item elementor-gallery-item elementor-animated-content\" data-e-gallery-tags=\"0\" href=\"https:\/\/tuaregviatges.es\/concurso\/wp-content\/uploads\/2026\/01\/Albania-bazar-de-Kruja-Hector-Gonzalez-1.jpg\" data-elementor-open-lightbox=\"yes\" data-elementor-lightbox-slideshow=\"c682b89\" data-elementor-lightbox-title=\"Bazar de Kruja, Albania \u00a9 H\u00e9ctor Gonz\u00e1lez\" data-elementor-lightbox-description=\"Bazar de Kruja, Albania \u00a9 H\u00e9ctor Gonz\u00e1lez\" data-e-action-hash=\"#elementor-action%3Aaction%3Dlightbox%26settings%3DeyJpZCI6Nzk3OSwidXJsIjoiaHR0cHM6XC9cL3R1YXJlZ3ZpYXRnZXMuZXNcL2NvbmN1cnNvXC93cC1jb250ZW50XC91cGxvYWRzXC8yMDI2XC8wMVwvQWxiYW5pYS1iYXphci1kZS1LcnVqYS1IZWN0b3ItR29uemFsZXotMS5qcGciLCJzbGlkZXNob3ciOiJjNjgyYjg5In0%3D\">\n\t\t\t\t\t<div class=\"e-gallery-image elementor-gallery-item__image\" data-thumbnail=\"https:\/\/tuaregviatges.es\/concurso\/wp-content\/uploads\/2026\/01\/Albania-bazar-de-Kruja-Hector-Gonzalez-1-763x1024.jpg\" data-width=\"763\" data-height=\"1024\" aria-label=\"Bazar de Kruja, Albania \u00a9 H\u00e9ctor Gonz\u00e1lez\" role=\"img\" ><\/div>\n\t\t\t\t\t\t\t\t\t\t\t<div class=\"elementor-gallery-item__overlay\"><\/div>\n\t\t\t\t\t\t\t\t\t\t\t\t\t\t\t<div class=\"elementor-gallery-item__content\">\n\t\t\t\t\t\t\t\t\t\t\t\t\t\t<div class=\"elementor-gallery-item__title\">\n\t\t\t\t\t\t\t\t\t\t\t\t\t\t\t\t\t\tBazar de Kruja, Albania \u00a9 H\u00e9ctor Gonz\u00e1lez\t\t\t\t\t\t\t\t<\/div>\n\t\t\t\t\t\t\t\t\t\t\t\t<\/div>\n\t\t\t\t\t\t\t\t\t<\/a>\n\t\t\t\t\t\t\t<a class=\"e-gallery-item elementor-gallery-item elementor-animated-content\" data-e-gallery-tags=\"0\" href=\"https:\/\/tuaregviatges.es\/concurso\/wp-content\/uploads\/2026\/01\/Albania-Ma-Jose-Olmedo.jpg\" data-elementor-open-lightbox=\"yes\" data-elementor-lightbox-slideshow=\"c682b89\" data-elementor-lightbox-title=\"Albania \u00a9 M\u00aa Jos\u00e9 Olmedo\" data-elementor-lightbox-description=\"Albania \u00a9 M\u00aa Jos\u00e9 Olmedo\" data-e-action-hash=\"#elementor-action%3Aaction%3Dlightbox%26settings%3DeyJpZCI6Nzk4NCwidXJsIjoiaHR0cHM6XC9cL3R1YXJlZ3ZpYXRnZXMuZXNcL2NvbmN1cnNvXC93cC1jb250ZW50XC91cGxvYWRzXC8yMDI2XC8wMVwvQWxiYW5pYS1NYS1Kb3NlLU9sbWVkby5qcGciLCJzbGlkZXNob3ciOiJjNjgyYjg5In0%3D\">\n\t\t\t\t\t<div class=\"e-gallery-image elementor-gallery-item__image\" data-thumbnail=\"https:\/\/tuaregviatges.es\/concurso\/wp-content\/uploads\/2026\/01\/Albania-Ma-Jose-Olmedo-461x1024.jpg\" data-width=\"461\" data-height=\"1024\" aria-label=\"Albania \u00a9 M\u00aa Jos\u00e9 Olmedo\" role=\"img\" ><\/div>\n\t\t\t\t\t\t\t\t\t\t\t<div class=\"elementor-gallery-item__overlay\"><\/div>\n\t\t\t\t\t\t\t\t\t\t\t\t\t\t\t<div class=\"elementor-gallery-item__content\">\n\t\t\t\t\t\t\t\t\t\t\t\t\t\t<div class=\"elementor-gallery-item__title\">\n\t\t\t\t\t\t\t\t\t\t\t\t\t\t\t\t\t\tAlbania \u00a9 M\u00aa Jos\u00e9 Olmedo\t\t\t\t\t\t\t\t<\/div>\n\t\t\t\t\t\t\t\t\t\t\t\t<\/div>\n\t\t\t\t\t\t\t\t\t<\/a>\n\t\t\t\t\t\t\t<a class=\"e-gallery-item elementor-gallery-item elementor-animated-content\" data-e-gallery-tags=\"0\" href=\"https:\/\/tuaregviatges.es\/concurso\/wp-content\/uploads\/2026\/03\/Albania-Lepushe-Susana_Lara-scaled.jpg\" data-elementor-open-lightbox=\"yes\" data-elementor-lightbox-slideshow=\"c682b89\" data-elementor-lightbox-title=\"Lepushe, Albania \u00a9 Susana Lara\" data-elementor-lightbox-description=\"Lepushe, Albania \u00a9 Susana Lara\" data-e-action-hash=\"#elementor-action%3Aaction%3Dlightbox%26settings%3DeyJpZCI6ODQwOSwidXJsIjoiaHR0cHM6XC9cL3R1YXJlZ3ZpYXRnZXMuZXNcL2NvbmN1cnNvXC93cC1jb250ZW50XC91cGxvYWRzXC8yMDI2XC8wM1wvQWxiYW5pYS1MZXB1c2hlLVN1c2FuYV9MYXJhLXNjYWxlZC5qcGciLCJzbGlkZXNob3ciOiJjNjgyYjg5In0%3D\">\n\t\t\t\t\t<div class=\"e-gallery-image elementor-gallery-item__image\" data-thumbnail=\"https:\/\/tuaregviatges.es\/concurso\/wp-content\/uploads\/2026\/03\/Albania-Lepushe-Susana_Lara-1024x576.jpg\" data-width=\"800\" data-height=\"450\" aria-label=\"Lepushe, Albania \u00a9 Susana Lara\" role=\"img\" ><\/div>\n\t\t\t\t\t\t\t\t\t\t\t<div class=\"elementor-gallery-item__overlay\"><\/div>\n\t\t\t\t\t\t\t\t\t\t\t\t\t\t\t<div class=\"elementor-gallery-item__content\">\n\t\t\t\t\t\t\t\t\t\t\t\t\t\t<div class=\"elementor-gallery-item__title\">\n\t\t\t\t\t\t\t\t\t\t\t\t\t\t\t\t\t\tLepushe, Albania \u00a9 Susana Lara\t\t\t\t\t\t\t\t<\/div>\n\t\t\t\t\t\t\t\t\t\t\t\t<\/div>\n\t\t\t\t\t\t\t\t\t<\/a>\n\t\t\t\t\t\t\t<a class=\"e-gallery-item elementor-gallery-item elementor-animated-content\" data-e-gallery-tags=\"1\" href=\"https:\/\/tuaregviatges.es\/concurso\/wp-content\/uploads\/2026\/02\/Arabia_REFLEJOS-Marta_Trius.jpg\" data-elementor-open-lightbox=\"yes\" data-elementor-lightbox-slideshow=\"c682b89\" data-elementor-lightbox-title=\"Reflejos, Arabia Saud\u00ed \u00a9 Marta Trius\" data-elementor-lightbox-description=\"Reflejos, Arabia Saud\u00ed \u00a9 Marta Trius\" data-e-action-hash=\"#elementor-action%3Aaction%3Dlightbox%26settings%3DeyJpZCI6ODIwNCwidXJsIjoiaHR0cHM6XC9cL3R1YXJlZ3ZpYXRnZXMuZXNcL2NvbmN1cnNvXC93cC1jb250ZW50XC91cGxvYWRzXC8yMDI2XC8wMlwvQXJhYmlhX1JFRkxFSk9TLU1hcnRhX1RyaXVzLmpwZyIsInNsaWRlc2hvdyI6ImM2ODJiODkifQ%3D%3D\">\n\t\t\t\t\t<div class=\"e-gallery-image elementor-gallery-item__image\" data-thumbnail=\"https:\/\/tuaregviatges.es\/concurso\/wp-content\/uploads\/2026\/02\/Arabia_REFLEJOS-Marta_Trius-1024x473.jpg\" data-width=\"800\" data-height=\"370\" aria-label=\"Reflejos, Arabia Saud\u00ed \u00a9 Marta Trius\" role=\"img\" ><\/div>\n\t\t\t\t\t\t\t\t\t\t\t<div class=\"elementor-gallery-item__overlay\"><\/div>\n\t\t\t\t\t\t\t\t\t\t\t\t\t\t\t<div class=\"elementor-gallery-item__content\">\n\t\t\t\t\t\t\t\t\t\t\t\t\t\t<div class=\"elementor-gallery-item__title\">\n\t\t\t\t\t\t\t\t\t\t\t\t\t\t\t\t\t\tReflejos, Arabia Saud\u00ed \u00a9 Marta Trius\t\t\t\t\t\t\t\t<\/div>\n\t\t\t\t\t\t\t\t\t\t\t\t<\/div>\n\t\t\t\t\t\t\t\t\t<\/a>\n\t\t\t\t\t\t\t<a class=\"e-gallery-item elementor-gallery-item elementor-animated-content\" data-e-gallery-tags=\"2\" href=\"https:\/\/tuaregviatges.es\/concurso\/wp-content\/uploads\/2026\/02\/Argelia-Doble-arco_Desierto_Rojo_Luis_Guerrero.jpg\" data-elementor-open-lightbox=\"yes\" data-elementor-lightbox-slideshow=\"c682b89\" data-elementor-lightbox-title=\"Caminata Desierto, Argelia \u00a9 Luis Guerrero\" data-elementor-lightbox-description=\"Caminata Desierto, Argelia \u00a9 Luis Guerrero\" data-e-action-hash=\"#elementor-action%3Aaction%3Dlightbox%26settings%3DeyJpZCI6ODE1NCwidXJsIjoiaHR0cHM6XC9cL3R1YXJlZ3ZpYXRnZXMuZXNcL2NvbmN1cnNvXC93cC1jb250ZW50XC91cGxvYWRzXC8yMDI2XC8wMlwvQXJnZWxpYS1Eb2JsZS1hcmNvX0Rlc2llcnRvX1Jvam9fTHVpc19HdWVycmVyby5qcGciLCJzbGlkZXNob3ciOiJjNjgyYjg5In0%3D\">\n\t\t\t\t\t<div class=\"e-gallery-image elementor-gallery-item__image\" data-thumbnail=\"https:\/\/tuaregviatges.es\/concurso\/wp-content\/uploads\/2026\/02\/Argelia-Doble-arco_Desierto_Rojo_Luis_Guerrero-1024x642.jpg\" data-width=\"800\" data-height=\"502\" aria-label=\"Caminata Desierto, Argelia \u00a9 Luis Guerrero\" role=\"img\" ><\/div>\n\t\t\t\t\t\t\t\t\t\t\t<div class=\"elementor-gallery-item__overlay\"><\/div>\n\t\t\t\t\t\t\t\t\t\t\t\t\t\t\t<div class=\"elementor-gallery-item__content\">\n\t\t\t\t\t\t\t\t\t\t\t\t\t\t<div class=\"elementor-gallery-item__title\">\n\t\t\t\t\t\t\t\t\t\t\t\t\t\t\t\t\t\tCaminata Desierto, Argelia \u00a9 Luis Guerrero\t\t\t\t\t\t\t\t<\/div>\n\t\t\t\t\t\t\t\t\t\t\t\t<\/div>\n\t\t\t\t\t\t\t\t\t<\/a>\n\t\t\t\t\t\t\t<a class=\"e-gallery-item elementor-gallery-item elementor-animated-content\" data-e-gallery-tags=\"2\" href=\"https:\/\/tuaregviatges.es\/concurso\/wp-content\/uploads\/2026\/02\/Argelia-Caminata_Desierto_Rojo_Luis_Guerrero.jpg\" data-elementor-open-lightbox=\"yes\" data-elementor-lightbox-slideshow=\"c682b89\" data-elementor-lightbox-title=\"Caminata Desierto Rojo, Argelia \u00a9 Luis Guerrero\" data-elementor-lightbox-description=\"Caminata Desierto Rojo, Argelia \u00a9 Luis Guerrero\" data-e-action-hash=\"#elementor-action%3Aaction%3Dlightbox%26settings%3DeyJpZCI6ODE1OCwidXJsIjoiaHR0cHM6XC9cL3R1YXJlZ3ZpYXRnZXMuZXNcL2NvbmN1cnNvXC93cC1jb250ZW50XC91cGxvYWRzXC8yMDI2XC8wMlwvQXJnZWxpYS1DYW1pbmF0YV9EZXNpZXJ0b19Sb2pvX0x1aXNfR3VlcnJlcm8uanBnIiwic2xpZGVzaG93IjoiYzY4MmI4OSJ9\">\n\t\t\t\t\t<div class=\"e-gallery-image elementor-gallery-item__image\" data-thumbnail=\"https:\/\/tuaregviatges.es\/concurso\/wp-content\/uploads\/2026\/02\/Argelia-Caminata_Desierto_Rojo_Luis_Guerrero-1024x683.jpg\" data-width=\"800\" data-height=\"534\" aria-label=\"Caminata Desierto Rojo, Argelia \u00a9 Luis Guerrero\" role=\"img\" ><\/div>\n\t\t\t\t\t\t\t\t\t\t\t<div class=\"elementor-gallery-item__overlay\"><\/div>\n\t\t\t\t\t\t\t\t\t\t\t\t\t\t\t<div class=\"elementor-gallery-item__content\">\n\t\t\t\t\t\t\t\t\t\t\t\t\t\t<div class=\"elementor-gallery-item__title\">\n\t\t\t\t\t\t\t\t\t\t\t\t\t\t\t\t\t\tCaminata Desierto Rojo, Argelia \u00a9 Luis Guerrero\t\t\t\t\t\t\t\t<\/div>\n\t\t\t\t\t\t\t\t\t\t\t\t<\/div>\n\t\t\t\t\t\t\t\t\t<\/a>\n\t\t\t\t\t\t\t<a class=\"e-gallery-item elementor-gallery-item elementor-animated-content\" data-e-gallery-tags=\"2\" href=\"https:\/\/tuaregviatges.es\/concurso\/wp-content\/uploads\/2026\/04\/Argelia-Xavier-Correig-5.jpg\" data-elementor-open-lightbox=\"yes\" data-elementor-lightbox-slideshow=\"c682b89\" data-elementor-lightbox-title=\"Argelia \u00a9 Xavier Correig\" data-elementor-lightbox-description=\"Argelia \u00a9 Xavier Correig\" data-e-action-hash=\"#elementor-action%3Aaction%3Dlightbox%26settings%3DeyJpZCI6ODU3NywidXJsIjoiaHR0cHM6XC9cL3R1YXJlZ3ZpYXRnZXMuZXNcL2NvbmN1cnNvXC93cC1jb250ZW50XC91cGxvYWRzXC8yMDI2XC8wNFwvQXJnZWxpYS1YYXZpZXItQ29ycmVpZy01LmpwZyIsInNsaWRlc2hvdyI6ImM2ODJiODkifQ%3D%3D\">\n\t\t\t\t\t<div class=\"e-gallery-image elementor-gallery-item__image\" data-thumbnail=\"https:\/\/tuaregviatges.es\/concurso\/wp-content\/uploads\/2026\/04\/Argelia-Xavier-Correig-5-1024x683.jpg\" data-width=\"800\" data-height=\"534\" aria-label=\"Argelia \u00a9 Xavier Correig\" role=\"img\" ><\/div>\n\t\t\t\t\t\t\t\t\t\t\t<div class=\"elementor-gallery-item__overlay\"><\/div>\n\t\t\t\t\t\t\t\t\t\t\t\t\t\t\t<div class=\"elementor-gallery-item__content\">\n\t\t\t\t\t\t\t\t\t\t\t\t\t\t<div class=\"elementor-gallery-item__title\">\n\t\t\t\t\t\t\t\t\t\t\t\t\t\t\t\t\t\tArgelia \u00a9 Xavier Correig\t\t\t\t\t\t\t\t<\/div>\n\t\t\t\t\t\t\t\t\t\t\t\t<\/div>\n\t\t\t\t\t\t\t\t\t<\/a>\n\t\t\t\t\t\t\t<a class=\"e-gallery-item elementor-gallery-item elementor-animated-content\" data-e-gallery-tags=\"2\" href=\"https:\/\/tuaregviatges.es\/concurso\/wp-content\/uploads\/2026\/04\/Argelia-Xavier-Correig-1.jpg\" data-elementor-open-lightbox=\"yes\" data-elementor-lightbox-slideshow=\"c682b89\" data-elementor-lightbox-title=\"Argelia \u00a9 Xavier Correig\" data-elementor-lightbox-description=\"Argelia \u00a9 Xavier Correig\" data-e-action-hash=\"#elementor-action%3Aaction%3Dlightbox%26settings%3DeyJpZCI6ODU3OCwidXJsIjoiaHR0cHM6XC9cL3R1YXJlZ3ZpYXRnZXMuZXNcL2NvbmN1cnNvXC93cC1jb250ZW50XC91cGxvYWRzXC8yMDI2XC8wNFwvQXJnZWxpYS1YYXZpZXItQ29ycmVpZy0xLmpwZyIsInNsaWRlc2hvdyI6ImM2ODJiODkifQ%3D%3D\">\n\t\t\t\t\t<div class=\"e-gallery-image elementor-gallery-item__image\" data-thumbnail=\"https:\/\/tuaregviatges.es\/concurso\/wp-content\/uploads\/2026\/04\/Argelia-Xavier-Correig-1-1024x625.jpg\" data-width=\"800\" data-height=\"488\" aria-label=\"Argelia \u00a9 Xavier Correig\" role=\"img\" ><\/div>\n\t\t\t\t\t\t\t\t\t\t\t<div class=\"elementor-gallery-item__overlay\"><\/div>\n\t\t\t\t\t\t\t\t\t\t\t\t\t\t\t<div class=\"elementor-gallery-item__content\">\n\t\t\t\t\t\t\t\t\t\t\t\t\t\t<div class=\"elementor-gallery-item__title\">\n\t\t\t\t\t\t\t\t\t\t\t\t\t\t\t\t\t\tArgelia \u00a9 Xavier Correig\t\t\t\t\t\t\t\t<\/div>\n\t\t\t\t\t\t\t\t\t\t\t\t<\/div>\n\t\t\t\t\t\t\t\t\t<\/a>\n\t\t\t\t\t\t\t<a class=\"e-gallery-item elementor-gallery-item elementor-animated-content\" data-e-gallery-tags=\"3\" href=\"https:\/\/tuaregviatges.es\/concurso\/wp-content\/uploads\/2026\/03\/Argentina-A_todo_color-Teresa_Tejero_Lopez.jpg.jpg\" data-elementor-open-lightbox=\"yes\" data-elementor-lightbox-slideshow=\"c682b89\" data-elementor-lightbox-title=\"A todo color, Argentina \u00a9 Teresa Tejero L\u00f3pez\" data-elementor-lightbox-description=\"A todo color, Argentina \u00a9 Teresa Tejero L\u00f3pez\" data-e-action-hash=\"#elementor-action%3Aaction%3Dlightbox%26settings%3DeyJpZCI6ODM2NywidXJsIjoiaHR0cHM6XC9cL3R1YXJlZ3ZpYXRnZXMuZXNcL2NvbmN1cnNvXC93cC1jb250ZW50XC91cGxvYWRzXC8yMDI2XC8wM1wvQXJnZW50aW5hLUFfdG9kb19jb2xvci1UZXJlc2FfVGVqZXJvX0xvcGV6LmpwZy5qcGciLCJzbGlkZXNob3ciOiJjNjgyYjg5In0%3D\">\n\t\t\t\t\t<div class=\"e-gallery-image elementor-gallery-item__image\" data-thumbnail=\"https:\/\/tuaregviatges.es\/concurso\/wp-content\/uploads\/2026\/03\/Argentina-A_todo_color-Teresa_Tejero_Lopez.jpg-768x1024.jpg\" data-width=\"768\" data-height=\"1024\" aria-label=\"A todo color, Argentina \u00a9 Teresa Tejero L\u00f3pez\" role=\"img\" ><\/div>\n\t\t\t\t\t\t\t\t\t\t\t<div class=\"elementor-gallery-item__overlay\"><\/div>\n\t\t\t\t\t\t\t\t\t\t\t\t\t\t\t<div class=\"elementor-gallery-item__content\">\n\t\t\t\t\t\t\t\t\t\t\t\t\t\t<div class=\"elementor-gallery-item__title\">\n\t\t\t\t\t\t\t\t\t\t\t\t\t\t\t\t\t\tA todo color, Argentina \u00a9 Teresa Tejero L\u00f3pez\t\t\t\t\t\t\t\t<\/div>\n\t\t\t\t\t\t\t\t\t\t\t\t<\/div>\n\t\t\t\t\t\t\t\t\t<\/a>\n\t\t\t\t\t\t\t<a class=\"e-gallery-item elementor-gallery-item elementor-animated-content\" data-e-gallery-tags=\"3\" href=\"https:\/\/tuaregviatges.es\/concurso\/wp-content\/uploads\/2026\/03\/Argentina-Despedida-Teresa_Tejero_Lopez.jpg\" data-elementor-open-lightbox=\"yes\" data-elementor-lightbox-slideshow=\"c682b89\" data-elementor-lightbox-title=\"Despedida, Argentina \u00a9 Teresa Tejero L\u00f3pez\" data-elementor-lightbox-description=\"Despedida, Argentina \u00a9 Teresa Tejero L\u00f3pez\" data-e-action-hash=\"#elementor-action%3Aaction%3Dlightbox%26settings%3DeyJpZCI6ODM2OSwidXJsIjoiaHR0cHM6XC9cL3R1YXJlZ3ZpYXRnZXMuZXNcL2NvbmN1cnNvXC93cC1jb250ZW50XC91cGxvYWRzXC8yMDI2XC8wM1wvQXJnZW50aW5hLURlc3BlZGlkYS1UZXJlc2FfVGVqZXJvX0xvcGV6LmpwZyIsInNsaWRlc2hvdyI6ImM2ODJiODkifQ%3D%3D\">\n\t\t\t\t\t<div class=\"e-gallery-image elementor-gallery-item__image\" data-thumbnail=\"https:\/\/tuaregviatges.es\/concurso\/wp-content\/uploads\/2026\/03\/Argentina-Despedida-Teresa_Tejero_Lopez-1024x576.jpg\" data-width=\"800\" data-height=\"450\" aria-label=\"Despedida, Argentina \u00a9 Teresa Tejero L\u00f3pez\" role=\"img\" ><\/div>\n\t\t\t\t\t\t\t\t\t\t\t<div class=\"elementor-gallery-item__overlay\"><\/div>\n\t\t\t\t\t\t\t\t\t\t\t\t\t\t\t<div class=\"elementor-gallery-item__content\">\n\t\t\t\t\t\t\t\t\t\t\t\t\t\t<div class=\"elementor-gallery-item__title\">\n\t\t\t\t\t\t\t\t\t\t\t\t\t\t\t\t\t\tDespedida, Argentina \u00a9 Teresa Tejero L\u00f3pez\t\t\t\t\t\t\t\t<\/div>\n\t\t\t\t\t\t\t\t\t\t\t\t<\/div>\n\t\t\t\t\t\t\t\t\t<\/a>\n\t\t\t\t\t\t\t<a class=\"e-gallery-item elementor-gallery-item elementor-animated-content\" data-e-gallery-tags=\"3\" href=\"https:\/\/tuaregviatges.es\/concurso\/wp-content\/uploads\/2026\/04\/Argentina-Pep-Domenech-2.jpg\" data-elementor-open-lightbox=\"yes\" data-elementor-lightbox-slideshow=\"c682b89\" data-elementor-lightbox-title=\"Argentina \u00a9 Pep Domenech\" data-elementor-lightbox-description=\"Argentina \u00a9 Pep Domenech\" data-e-action-hash=\"#elementor-action%3Aaction%3Dlightbox%26settings%3DeyJpZCI6ODYxOSwidXJsIjoiaHR0cHM6XC9cL3R1YXJlZ3ZpYXRnZXMuZXNcL2NvbmN1cnNvXC93cC1jb250ZW50XC91cGxvYWRzXC8yMDI2XC8wNFwvQXJnZW50aW5hLVBlcC1Eb21lbmVjaC0yLmpwZyIsInNsaWRlc2hvdyI6ImM2ODJiODkifQ%3D%3D\">\n\t\t\t\t\t<div class=\"e-gallery-image elementor-gallery-item__image\" data-thumbnail=\"https:\/\/tuaregviatges.es\/concurso\/wp-content\/uploads\/2026\/04\/Argentina-Pep-Domenech-2-1024x715.jpg\" data-width=\"800\" data-height=\"559\" aria-label=\"Argentina \u00a9 Pep Domenech\" role=\"img\" ><\/div>\n\t\t\t\t\t\t\t\t\t\t\t<div class=\"elementor-gallery-item__overlay\"><\/div>\n\t\t\t\t\t\t\t\t\t\t\t\t\t\t\t<div class=\"elementor-gallery-item__content\">\n\t\t\t\t\t\t\t\t\t\t\t\t\t\t<div class=\"elementor-gallery-item__title\">\n\t\t\t\t\t\t\t\t\t\t\t\t\t\t\t\t\t\tArgentina \u00a9 Pep Domenech\t\t\t\t\t\t\t\t<\/div>\n\t\t\t\t\t\t\t\t\t\t\t\t<\/div>\n\t\t\t\t\t\t\t\t\t<\/a>\n\t\t\t\t\t\t\t<a class=\"e-gallery-item elementor-gallery-item elementor-animated-content\" data-e-gallery-tags=\"3\" href=\"https:\/\/tuaregviatges.es\/concurso\/wp-content\/uploads\/2026\/04\/Argentina-Pep-Domenech-3.jpg\" data-elementor-open-lightbox=\"yes\" data-elementor-lightbox-slideshow=\"c682b89\" data-elementor-lightbox-title=\"Argentina \u00a9 Pep Domenech\" data-elementor-lightbox-description=\"Argentina \u00a9 Pep Domenech\" data-e-action-hash=\"#elementor-action%3Aaction%3Dlightbox%26settings%3DeyJpZCI6ODYyMCwidXJsIjoiaHR0cHM6XC9cL3R1YXJlZ3ZpYXRnZXMuZXNcL2NvbmN1cnNvXC93cC1jb250ZW50XC91cGxvYWRzXC8yMDI2XC8wNFwvQXJnZW50aW5hLVBlcC1Eb21lbmVjaC0zLmpwZyIsInNsaWRlc2hvdyI6ImM2ODJiODkifQ%3D%3D\">\n\t\t\t\t\t<div class=\"e-gallery-image elementor-gallery-item__image\" data-thumbnail=\"https:\/\/tuaregviatges.es\/concurso\/wp-content\/uploads\/2026\/04\/Argentina-Pep-Domenech-3.jpg\" data-width=\"800\" data-height=\"450\" aria-label=\"Argentina \u00a9 Pep Domenech\" role=\"img\" ><\/div>\n\t\t\t\t\t\t\t\t\t\t\t<div class=\"elementor-gallery-item__overlay\"><\/div>\n\t\t\t\t\t\t\t\t\t\t\t\t\t\t\t<div class=\"elementor-gallery-item__content\">\n\t\t\t\t\t\t\t\t\t\t\t\t\t\t<div class=\"elementor-gallery-item__title\">\n\t\t\t\t\t\t\t\t\t\t\t\t\t\t\t\t\t\tArgentina \u00a9 Pep Domenech\t\t\t\t\t\t\t\t<\/div>\n\t\t\t\t\t\t\t\t\t\t\t\t<\/div>\n\t\t\t\t\t\t\t\t\t<\/a>\n\t\t\t\t\t\t\t<a class=\"e-gallery-item elementor-gallery-item elementor-animated-content\" data-e-gallery-tags=\"4\" href=\"https:\/\/tuaregviatges.es\/concurso\/wp-content\/uploads\/2026\/04\/Armenia-En_la_intimidad_de_su_rezo_Iglesia_de_Astvatsatsin-Iraida_Tortosa.jpg\" data-elementor-open-lightbox=\"yes\" data-elementor-lightbox-slideshow=\"c682b89\" data-elementor-lightbox-title=\"En la intimidad de su rezo, Iglesia de Astvats, Armenia \u00a9 Iraida Tortosa\" data-elementor-lightbox-description=\"En la intimidad de su rezo, Iglesia de Astvats, Armenia \u00a9 Iraida Tortosa\" data-e-action-hash=\"#elementor-action%3Aaction%3Dlightbox%26settings%3DeyJpZCI6ODY2NSwidXJsIjoiaHR0cHM6XC9cL3R1YXJlZ3ZpYXRnZXMuZXNcL2NvbmN1cnNvXC93cC1jb250ZW50XC91cGxvYWRzXC8yMDI2XC8wNFwvQXJtZW5pYS1Fbl9sYV9pbnRpbWlkYWRfZGVfc3VfcmV6b19JZ2xlc2lhX2RlX0FzdHZhdHNhdHNpbi1JcmFpZGFfVG9ydG9zYS5qcGciLCJzbGlkZXNob3ciOiJjNjgyYjg5In0%3D\">\n\t\t\t\t\t<div class=\"e-gallery-image elementor-gallery-item__image\" data-thumbnail=\"https:\/\/tuaregviatges.es\/concurso\/wp-content\/uploads\/2026\/04\/Armenia-En_la_intimidad_de_su_rezo_Iglesia_de_Astvatsatsin-Iraida_Tortosa-1024x769.jpg\" data-width=\"800\" data-height=\"601\" aria-label=\"En la intimidad de su rezo, Iglesia de Astvats, Armenia \u00a9 Iraida Tortosa\" role=\"img\" ><\/div>\n\t\t\t\t\t\t\t\t\t\t\t<div class=\"elementor-gallery-item__overlay\"><\/div>\n\t\t\t\t\t\t\t\t\t\t\t\t\t\t\t<div class=\"elementor-gallery-item__content\">\n\t\t\t\t\t\t\t\t\t\t\t\t\t\t<div class=\"elementor-gallery-item__title\">\n\t\t\t\t\t\t\t\t\t\t\t\t\t\t\t\t\t\tEn la intimidad de su rezo, Iglesia de Astvats, Armenia \u00a9 Iraida Tortosa\t\t\t\t\t\t\t\t<\/div>\n\t\t\t\t\t\t\t\t\t\t\t\t<\/div>\n\t\t\t\t\t\t\t\t\t<\/a>\n\t\t\t\t\t\t\t<a class=\"e-gallery-item elementor-gallery-item elementor-animated-content\" data-e-gallery-tags=\"4\" href=\"https:\/\/tuaregviatges.es\/concurso\/wp-content\/uploads\/2026\/04\/Armenia-Lago_Sevan-Iraida_Tortosa.jpg\" data-elementor-open-lightbox=\"yes\" data-elementor-lightbox-slideshow=\"c682b89\" data-elementor-lightbox-title=\"Lago Sevan, Armenia \u00a9 Iraida Tortosa\" data-elementor-lightbox-description=\"Lago Sevan, Armenia \u00a9 Iraida Tortosa\" data-e-action-hash=\"#elementor-action%3Aaction%3Dlightbox%26settings%3DeyJpZCI6ODY2NiwidXJsIjoiaHR0cHM6XC9cL3R1YXJlZ3ZpYXRnZXMuZXNcL2NvbmN1cnNvXC93cC1jb250ZW50XC91cGxvYWRzXC8yMDI2XC8wNFwvQXJtZW5pYS1MYWdvX1NldmFuLUlyYWlkYV9Ub3J0b3NhLmpwZyIsInNsaWRlc2hvdyI6ImM2ODJiODkifQ%3D%3D\">\n\t\t\t\t\t<div class=\"e-gallery-image elementor-gallery-item__image\" data-thumbnail=\"https:\/\/tuaregviatges.es\/concurso\/wp-content\/uploads\/2026\/04\/Armenia-Lago_Sevan-Iraida_Tortosa-1024x274.jpg\" data-width=\"800\" data-height=\"214\" aria-label=\"Lago Sevan, Armenia \u00a9 Iraida Tortosa\" role=\"img\" ><\/div>\n\t\t\t\t\t\t\t\t\t\t\t<div class=\"elementor-gallery-item__overlay\"><\/div>\n\t\t\t\t\t\t\t\t\t\t\t\t\t\t\t<div class=\"elementor-gallery-item__content\">\n\t\t\t\t\t\t\t\t\t\t\t\t\t\t<div class=\"elementor-gallery-item__title\">\n\t\t\t\t\t\t\t\t\t\t\t\t\t\t\t\t\t\tLago Sevan, Armenia \u00a9 Iraida Tortosa\t\t\t\t\t\t\t\t<\/div>\n\t\t\t\t\t\t\t\t\t\t\t\t<\/div>\n\t\t\t\t\t\t\t\t\t<\/a>\n\t\t\t\t\t\t\t<a class=\"e-gallery-item elementor-gallery-item elementor-animated-content\" data-e-gallery-tags=\"4\" href=\"https:\/\/tuaregviatges.es\/concurso\/wp-content\/uploads\/2026\/02\/ARMENIA-MEMORIAL_GENOCIDIO-EDUARDO_MARTIN_BENAVIDES.jpg\" data-elementor-open-lightbox=\"yes\" data-elementor-lightbox-slideshow=\"c682b89\" data-elementor-lightbox-title=\"Memorial Genocidio, Armenia \u00a9 Eduardo Mart\u00edn Benavides\" data-elementor-lightbox-description=\"Memorial Genocidio, Armenia \u00a9 Eduardo Mart\u00edn Benavides\" data-e-action-hash=\"#elementor-action%3Aaction%3Dlightbox%26settings%3DeyJpZCI6ODEyMiwidXJsIjoiaHR0cHM6XC9cL3R1YXJlZ3ZpYXRnZXMuZXNcL2NvbmN1cnNvXC93cC1jb250ZW50XC91cGxvYWRzXC8yMDI2XC8wMlwvQVJNRU5JQS1NRU1PUklBTF9HRU5PQ0lESU8tRURVQVJET19NQVJUSU5fQkVOQVZJREVTLmpwZyIsInNsaWRlc2hvdyI6ImM2ODJiODkifQ%3D%3D\">\n\t\t\t\t\t<div class=\"e-gallery-image elementor-gallery-item__image\" data-thumbnail=\"https:\/\/tuaregviatges.es\/concurso\/wp-content\/uploads\/2026\/02\/ARMENIA-MEMORIAL_GENOCIDIO-EDUARDO_MARTIN_BENAVIDES-1024x769.jpg\" data-width=\"800\" data-height=\"601\" aria-label=\"Memorial Genocidio, Armenia \u00a9 Eduardo Mart\u00edn Benavides\" role=\"img\" ><\/div>\n\t\t\t\t\t\t\t\t\t\t\t<div class=\"elementor-gallery-item__overlay\"><\/div>\n\t\t\t\t\t\t\t\t\t\t\t\t\t\t\t<div class=\"elementor-gallery-item__content\">\n\t\t\t\t\t\t\t\t\t\t\t\t\t\t<div class=\"elementor-gallery-item__title\">\n\t\t\t\t\t\t\t\t\t\t\t\t\t\t\t\t\t\tMemorial Genocidio, Armenia \u00a9 Eduardo Mart\u00edn Benavides\t\t\t\t\t\t\t\t<\/div>\n\t\t\t\t\t\t\t\t\t\t\t\t<\/div>\n\t\t\t\t\t\t\t\t\t<\/a>\n\t\t\t\t\t\t\t<a class=\"e-gallery-item elementor-gallery-item elementor-animated-content\" data-e-gallery-tags=\"4\" href=\"https:\/\/tuaregviatges.es\/concurso\/wp-content\/uploads\/2026\/02\/Armenia-Monte_Ararat_Ana-Maria-Romero-Molina-scaled.jpg\" data-elementor-open-lightbox=\"yes\" data-elementor-lightbox-slideshow=\"c682b89\" data-elementor-lightbox-title=\"Monte Ararat, Armenia \u00a9 Ana M Romero\" data-elementor-lightbox-description=\"Monte Ararat, Armenia \u00a9 Ana M Romero\" data-e-action-hash=\"#elementor-action%3Aaction%3Dlightbox%26settings%3DeyJpZCI6ODE2OSwidXJsIjoiaHR0cHM6XC9cL3R1YXJlZ3ZpYXRnZXMuZXNcL2NvbmN1cnNvXC93cC1jb250ZW50XC91cGxvYWRzXC8yMDI2XC8wMlwvQXJtZW5pYS1Nb250ZV9BcmFyYXRfQW5hLU1hcmlhLVJvbWVyby1Nb2xpbmEtc2NhbGVkLmpwZyIsInNsaWRlc2hvdyI6ImM2ODJiODkifQ%3D%3D\">\n\t\t\t\t\t<div class=\"e-gallery-image elementor-gallery-item__image\" data-thumbnail=\"https:\/\/tuaregviatges.es\/concurso\/wp-content\/uploads\/2026\/02\/Armenia-Monte_Ararat_Ana-Maria-Romero-Molina-1024x683.jpg\" data-width=\"800\" data-height=\"534\" aria-label=\"Monte Ararat, Armenia \u00a9 Ana M Romero\" role=\"img\" ><\/div>\n\t\t\t\t\t\t\t\t\t\t\t<div class=\"elementor-gallery-item__overlay\"><\/div>\n\t\t\t\t\t\t\t\t\t\t\t\t\t\t\t<div class=\"elementor-gallery-item__content\">\n\t\t\t\t\t\t\t\t\t\t\t\t\t\t<div class=\"elementor-gallery-item__title\">\n\t\t\t\t\t\t\t\t\t\t\t\t\t\t\t\t\t\tMonte Ararat, Armenia \u00a9 Ana M Romero\t\t\t\t\t\t\t\t<\/div>\n\t\t\t\t\t\t\t\t\t\t\t\t<\/div>\n\t\t\t\t\t\t\t\t\t<\/a>\n\t\t\t\t\t\t\t<a class=\"e-gallery-item elementor-gallery-item elementor-animated-content\" data-e-gallery-tags=\"4\" href=\"https:\/\/tuaregviatges.es\/concurso\/wp-content\/uploads\/2026\/04\/Armenia-Oracion_en_el_templo_de_Geghard-Iraida_Tortosa.jpg\" data-elementor-open-lightbox=\"yes\" data-elementor-lightbox-slideshow=\"c682b89\" data-elementor-lightbox-title=\"Oraci\u00f3n en el templo de Geghard, Armenia \u00a9 Iraida Tortosa\" data-elementor-lightbox-description=\"Oraci\u00f3n en el templo de Geghard, Armenia \u00a9 Iraida Tortosa\" data-e-action-hash=\"#elementor-action%3Aaction%3Dlightbox%26settings%3DeyJpZCI6ODY2NywidXJsIjoiaHR0cHM6XC9cL3R1YXJlZ3ZpYXRnZXMuZXNcL2NvbmN1cnNvXC93cC1jb250ZW50XC91cGxvYWRzXC8yMDI2XC8wNFwvQXJtZW5pYS1PcmFjaW9uX2VuX2VsX3RlbXBsb19kZV9HZWdoYXJkLUlyYWlkYV9Ub3J0b3NhLmpwZyIsInNsaWRlc2hvdyI6ImM2ODJiODkifQ%3D%3D\">\n\t\t\t\t\t<div class=\"e-gallery-image elementor-gallery-item__image\" data-thumbnail=\"https:\/\/tuaregviatges.es\/concurso\/wp-content\/uploads\/2026\/04\/Armenia-Oracion_en_el_templo_de_Geghard-Iraida_Tortosa-1024x769.jpg\" data-width=\"800\" data-height=\"601\" aria-label=\"Oraci\u00f3n en el templo de Geghard, Armenia \u00a9 Iraida Tortosa\" role=\"img\" ><\/div>\n\t\t\t\t\t\t\t\t\t\t\t<div class=\"elementor-gallery-item__overlay\"><\/div>\n\t\t\t\t\t\t\t\t\t\t\t\t\t\t\t<div class=\"elementor-gallery-item__content\">\n\t\t\t\t\t\t\t\t\t\t\t\t\t\t<div class=\"elementor-gallery-item__title\">\n\t\t\t\t\t\t\t\t\t\t\t\t\t\t\t\t\t\tOraci\u00f3n en el templo de Geghard, Armenia \u00a9 Iraida Tortosa\t\t\t\t\t\t\t\t<\/div>\n\t\t\t\t\t\t\t\t\t\t\t\t<\/div>\n\t\t\t\t\t\t\t\t\t<\/a>\n\t\t\t\t\t\t\t<a class=\"e-gallery-item elementor-gallery-item elementor-animated-content\" data-e-gallery-tags=\"5\" href=\"https:\/\/tuaregviatges.es\/concurso\/wp-content\/uploads\/2026\/02\/Benin-Pedro-Jose-Carmona-2.jpg\" data-elementor-open-lightbox=\"yes\" data-elementor-lightbox-slideshow=\"c682b89\" data-elementor-lightbox-title=\"Ben\u00edn \u00a9 Pedro Jose Carmona\" data-elementor-lightbox-description=\"Ben\u00edn \u00a9 Pedro Jose Carmona\" data-e-action-hash=\"#elementor-action%3Aaction%3Dlightbox%26settings%3DeyJpZCI6ODA3NSwidXJsIjoiaHR0cHM6XC9cL3R1YXJlZ3ZpYXRnZXMuZXNcL2NvbmN1cnNvXC93cC1jb250ZW50XC91cGxvYWRzXC8yMDI2XC8wMlwvQmVuaW4tUGVkcm8tSm9zZS1DYXJtb25hLTIuanBnIiwic2xpZGVzaG93IjoiYzY4MmI4OSJ9\">\n\t\t\t\t\t<div class=\"e-gallery-image elementor-gallery-item__image\" data-thumbnail=\"https:\/\/tuaregviatges.es\/concurso\/wp-content\/uploads\/2026\/02\/Benin-Pedro-Jose-Carmona-2.jpg\" data-width=\"519\" data-height=\"1008\" aria-label=\"Ben\u00edn \u00a9 Pedro Jose Carmona\" role=\"img\" ><\/div>\n\t\t\t\t\t\t\t\t\t\t\t<div class=\"elementor-gallery-item__overlay\"><\/div>\n\t\t\t\t\t\t\t\t\t\t\t\t\t\t\t<div class=\"elementor-gallery-item__content\">\n\t\t\t\t\t\t\t\t\t\t\t\t\t\t<div class=\"elementor-gallery-item__title\">\n\t\t\t\t\t\t\t\t\t\t\t\t\t\t\t\t\t\tBen\u00edn \u00a9 Pedro Jose Carmona\t\t\t\t\t\t\t\t<\/div>\n\t\t\t\t\t\t\t\t\t\t\t\t<\/div>\n\t\t\t\t\t\t\t\t\t<\/a>\n\t\t\t\t\t\t\t<a class=\"e-gallery-item elementor-gallery-item elementor-animated-content\" data-e-gallery-tags=\"6\" href=\"https:\/\/tuaregviatges.es\/concurso\/wp-content\/uploads\/2026\/04\/Butan-Kuenselphodrang-Elsa_Urrutia.jpg\" data-elementor-open-lightbox=\"yes\" data-elementor-lightbox-slideshow=\"c682b89\" data-elementor-lightbox-title=\"Kuenselphodrang, Bhut\u00e1n \u00a9 Elsa Urrutia\" data-elementor-lightbox-description=\"Kuenselphodrang, Bhut\u00e1n \u00a9 Elsa Urrutia\" data-e-action-hash=\"#elementor-action%3Aaction%3Dlightbox%26settings%3DeyJpZCI6ODYzMywidXJsIjoiaHR0cHM6XC9cL3R1YXJlZ3ZpYXRnZXMuZXNcL2NvbmN1cnNvXC93cC1jb250ZW50XC91cGxvYWRzXC8yMDI2XC8wNFwvQnV0YW4tS3VlbnNlbHBob2RyYW5nLUVsc2FfVXJydXRpYS5qcGciLCJzbGlkZXNob3ciOiJjNjgyYjg5In0%3D\">\n\t\t\t\t\t<div class=\"e-gallery-image elementor-gallery-item__image\" data-thumbnail=\"https:\/\/tuaregviatges.es\/concurso\/wp-content\/uploads\/2026\/04\/Butan-Kuenselphodrang-Elsa_Urrutia-1024x692.jpg\" data-width=\"800\" data-height=\"541\" aria-label=\"Kuenselphodrang, Bhut\u00e1n \u00a9 Elsa Urrutia\" role=\"img\" ><\/div>\n\t\t\t\t\t\t\t\t\t\t\t<div class=\"elementor-gallery-item__overlay\"><\/div>\n\t\t\t\t\t\t\t\t\t\t\t\t\t\t\t<div class=\"elementor-gallery-item__content\">\n\t\t\t\t\t\t\t\t\t\t\t\t\t\t<div class=\"elementor-gallery-item__title\">\n\t\t\t\t\t\t\t\t\t\t\t\t\t\t\t\t\t\tKuenselphodrang, Bhut\u00e1n \u00a9 Elsa Urrutia\t\t\t\t\t\t\t\t<\/div>\n\t\t\t\t\t\t\t\t\t\t\t\t<\/div>\n\t\t\t\t\t\t\t\t\t<\/a>\n\t\t\t\t\t\t\t<a class=\"e-gallery-item elementor-gallery-item elementor-animated-content\" data-e-gallery-tags=\"7\" href=\"https:\/\/tuaregviatges.es\/concurso\/wp-content\/uploads\/2026\/04\/Bulgaria-Gabriel-De-Sandoval-1-scaled.jpg\" data-elementor-open-lightbox=\"yes\" data-elementor-lightbox-slideshow=\"c682b89\" data-elementor-lightbox-title=\"Bulgaria \u00a9 Gabriel de Sandoval\" data-elementor-lightbox-description=\"Bulgaria \u00a9 Gabriel de Sandoval\" data-e-action-hash=\"#elementor-action%3Aaction%3Dlightbox%26settings%3DeyJpZCI6ODU5NywidXJsIjoiaHR0cHM6XC9cL3R1YXJlZ3ZpYXRnZXMuZXNcL2NvbmN1cnNvXC93cC1jb250ZW50XC91cGxvYWRzXC8yMDI2XC8wNFwvQnVsZ2FyaWEtR2FicmllbC1EZS1TYW5kb3ZhbC0xLXNjYWxlZC5qcGciLCJzbGlkZXNob3ciOiJjNjgyYjg5In0%3D\">\n\t\t\t\t\t<div class=\"e-gallery-image elementor-gallery-item__image\" data-thumbnail=\"https:\/\/tuaregviatges.es\/concurso\/wp-content\/uploads\/2026\/04\/Bulgaria-Gabriel-De-Sandoval-1-1024x682.jpg\" data-width=\"800\" data-height=\"533\" aria-label=\"Bulgaria \u00a9 Gabriel de Sandoval\" role=\"img\" ><\/div>\n\t\t\t\t\t\t\t\t\t\t\t<div class=\"elementor-gallery-item__overlay\"><\/div>\n\t\t\t\t\t\t\t\t\t\t\t\t\t\t\t<div class=\"elementor-gallery-item__content\">\n\t\t\t\t\t\t\t\t\t\t\t\t\t\t<div class=\"elementor-gallery-item__title\">\n\t\t\t\t\t\t\t\t\t\t\t\t\t\t\t\t\t\tBulgaria \u00a9 Gabriel de Sandoval\t\t\t\t\t\t\t\t<\/div>\n\t\t\t\t\t\t\t\t\t\t\t\t<\/div>\n\t\t\t\t\t\t\t\t\t<\/a>\n\t\t\t\t\t\t\t<a class=\"e-gallery-item elementor-gallery-item elementor-animated-content\" data-e-gallery-tags=\"7\" href=\"https:\/\/tuaregviatges.es\/concurso\/wp-content\/uploads\/2026\/04\/Bulgaria-Gabriel-De-Sandoval-2.jpg\" data-elementor-open-lightbox=\"yes\" data-elementor-lightbox-slideshow=\"c682b89\" data-elementor-lightbox-title=\"Bulgaria \u00a9 Gabriel de Sandoval\" data-elementor-lightbox-description=\"Bulgaria \u00a9 Gabriel de Sandoval\" data-e-action-hash=\"#elementor-action%3Aaction%3Dlightbox%26settings%3DeyJpZCI6ODU5OCwidXJsIjoiaHR0cHM6XC9cL3R1YXJlZ3ZpYXRnZXMuZXNcL2NvbmN1cnNvXC93cC1jb250ZW50XC91cGxvYWRzXC8yMDI2XC8wNFwvQnVsZ2FyaWEtR2FicmllbC1EZS1TYW5kb3ZhbC0yLmpwZyIsInNsaWRlc2hvdyI6ImM2ODJiODkifQ%3D%3D\">\n\t\t\t\t\t<div class=\"e-gallery-image elementor-gallery-item__image\" data-thumbnail=\"https:\/\/tuaregviatges.es\/concurso\/wp-content\/uploads\/2026\/04\/Bulgaria-Gabriel-De-Sandoval-2-1024x769.jpg\" data-width=\"800\" data-height=\"601\" aria-label=\"Bulgaria \u00a9 Gabriel de Sandoval\" role=\"img\" ><\/div>\n\t\t\t\t\t\t\t\t\t\t\t<div class=\"elementor-gallery-item__overlay\"><\/div>\n\t\t\t\t\t\t\t\t\t\t\t\t\t\t\t<div class=\"elementor-gallery-item__content\">\n\t\t\t\t\t\t\t\t\t\t\t\t\t\t<div class=\"elementor-gallery-item__title\">\n\t\t\t\t\t\t\t\t\t\t\t\t\t\t\t\t\t\tBulgaria \u00a9 Gabriel de Sandoval\t\t\t\t\t\t\t\t<\/div>\n\t\t\t\t\t\t\t\t\t\t\t\t<\/div>\n\t\t\t\t\t\t\t\t\t<\/a>\n\t\t\t\t\t\t\t<a class=\"e-gallery-item elementor-gallery-item elementor-animated-content\" data-e-gallery-tags=\"8\" href=\"https:\/\/tuaregviatges.es\/concurso\/wp-content\/uploads\/2026\/04\/Camboya-M-Cruz-Benito-4.jpg\" data-elementor-open-lightbox=\"yes\" data-elementor-lightbox-slideshow=\"c682b89\" data-elementor-lightbox-title=\"Camboya \u00a9 M Cruz Benito\" data-elementor-lightbox-description=\"Camboya \u00a9 M Cruz Benito\" data-e-action-hash=\"#elementor-action%3Aaction%3Dlightbox%26settings%3DeyJpZCI6ODYyNiwidXJsIjoiaHR0cHM6XC9cL3R1YXJlZ3ZpYXRnZXMuZXNcL2NvbmN1cnNvXC93cC1jb250ZW50XC91cGxvYWRzXC8yMDI2XC8wNFwvQ2FtYm95YS1NLUNydXotQmVuaXRvLTQuanBnIiwic2xpZGVzaG93IjoiYzY4MmI4OSJ9\">\n\t\t\t\t\t<div class=\"e-gallery-image elementor-gallery-item__image\" data-thumbnail=\"https:\/\/tuaregviatges.es\/concurso\/wp-content\/uploads\/2026\/04\/Camboya-M-Cruz-Benito-4-1024x772.jpg\" data-width=\"800\" data-height=\"603\" aria-label=\"Camboya \u00a9 M Cruz Benito\" role=\"img\" ><\/div>\n\t\t\t\t\t\t\t\t\t\t\t<div class=\"elementor-gallery-item__overlay\"><\/div>\n\t\t\t\t\t\t\t\t\t\t\t\t\t\t\t<div class=\"elementor-gallery-item__content\">\n\t\t\t\t\t\t\t\t\t\t\t\t\t\t<div class=\"elementor-gallery-item__title\">\n\t\t\t\t\t\t\t\t\t\t\t\t\t\t\t\t\t\tCamboya \u00a9 M Cruz Benito\t\t\t\t\t\t\t\t<\/div>\n\t\t\t\t\t\t\t\t\t\t\t\t<\/div>\n\t\t\t\t\t\t\t\t\t<\/a>\n\t\t\t\t\t\t\t<a class=\"e-gallery-item elementor-gallery-item elementor-animated-content\" data-e-gallery-tags=\"9\" href=\"https:\/\/tuaregviatges.es\/concurso\/wp-content\/uploads\/2026\/02\/Canada-trobant-la-fe.-Notre-Dame-de-Montreal-Quebec-Ana-Guarido.jpg\" data-elementor-open-lightbox=\"yes\" data-elementor-lightbox-slideshow=\"c682b89\" data-elementor-lightbox-title=\"Trobant la fe, Notre Dame de Montreal, Canad\u00e1 \u00a9 Ana Guarido\" data-elementor-lightbox-description=\"Trobant la fe, Notre Dame de Montreal, Canad\u00e1 \u00a9 Ana Guarido\" data-e-action-hash=\"#elementor-action%3Aaction%3Dlightbox%26settings%3DeyJpZCI6ODI2MywidXJsIjoiaHR0cHM6XC9cL3R1YXJlZ3ZpYXRnZXMuZXNcL2NvbmN1cnNvXC93cC1jb250ZW50XC91cGxvYWRzXC8yMDI2XC8wMlwvQ2FuYWRhLXRyb2JhbnQtbGEtZmUuLU5vdHJlLURhbWUtZGUtTW9udHJlYWwtUXVlYmVjLUFuYS1HdWFyaWRvLmpwZyIsInNsaWRlc2hvdyI6ImM2ODJiODkifQ%3D%3D\">\n\t\t\t\t\t<div class=\"e-gallery-image elementor-gallery-item__image\" data-thumbnail=\"https:\/\/tuaregviatges.es\/concurso\/wp-content\/uploads\/2026\/02\/Canada-trobant-la-fe.-Notre-Dame-de-Montreal-Quebec-Ana-Guarido-1024x768.jpg\" data-width=\"800\" data-height=\"600\" aria-label=\"Trobant la fe, Notre Dame de Montreal, Canad\u00e1 \u00a9 Ana Guarido\" role=\"img\" ><\/div>\n\t\t\t\t\t\t\t\t\t\t\t<div class=\"elementor-gallery-item__overlay\"><\/div>\n\t\t\t\t\t\t\t\t\t\t\t\t\t\t\t<div class=\"elementor-gallery-item__content\">\n\t\t\t\t\t\t\t\t\t\t\t\t\t\t<div class=\"elementor-gallery-item__title\">\n\t\t\t\t\t\t\t\t\t\t\t\t\t\t\t\t\t\tTrobant la fe, Notre Dame de Montreal, Canad\u00e1 \u00a9 Ana Guarido\t\t\t\t\t\t\t\t<\/div>\n\t\t\t\t\t\t\t\t\t\t\t\t<\/div>\n\t\t\t\t\t\t\t\t\t<\/a>\n\t\t\t\t\t\t\t<a class=\"e-gallery-item elementor-gallery-item elementor-animated-content\" data-e-gallery-tags=\"9\" href=\"https:\/\/tuaregviatges.es\/concurso\/wp-content\/uploads\/2026\/03\/Canada-Sabine-Geuer-3.jpg\" data-elementor-open-lightbox=\"yes\" data-elementor-lightbox-slideshow=\"c682b89\" data-elementor-lightbox-title=\"Canad\u00e1 \u00a9 Sabine Geuer\" data-elementor-lightbox-description=\"Canad\u00e1 \u00a9 Sabine Geuer\" data-e-action-hash=\"#elementor-action%3Aaction%3Dlightbox%26settings%3DeyJpZCI6ODQ3MSwidXJsIjoiaHR0cHM6XC9cL3R1YXJlZ3ZpYXRnZXMuZXNcL2NvbmN1cnNvXC93cC1jb250ZW50XC91cGxvYWRzXC8yMDI2XC8wM1wvQ2FuYWRhLVNhYmluZS1HZXVlci0zLmpwZyIsInNsaWRlc2hvdyI6ImM2ODJiODkifQ%3D%3D\">\n\t\t\t\t\t<div class=\"e-gallery-image elementor-gallery-item__image\" data-thumbnail=\"https:\/\/tuaregviatges.es\/concurso\/wp-content\/uploads\/2026\/03\/Canada-Sabine-Geuer-3-768x1024.jpg\" data-width=\"768\" data-height=\"1024\" aria-label=\"Canad\u00e1 \u00a9 Sabine Geuer\" role=\"img\" ><\/div>\n\t\t\t\t\t\t\t\t\t\t\t<div class=\"elementor-gallery-item__overlay\"><\/div>\n\t\t\t\t\t\t\t\t\t\t\t\t\t\t\t<div class=\"elementor-gallery-item__content\">\n\t\t\t\t\t\t\t\t\t\t\t\t\t\t<div class=\"elementor-gallery-item__title\">\n\t\t\t\t\t\t\t\t\t\t\t\t\t\t\t\t\t\tCanad\u00e1 \u00a9 Sabine Geuer\t\t\t\t\t\t\t\t<\/div>\n\t\t\t\t\t\t\t\t\t\t\t\t<\/div>\n\t\t\t\t\t\t\t\t\t<\/a>\n\t\t\t\t\t\t\t<a class=\"e-gallery-item elementor-gallery-item elementor-animated-content\" data-e-gallery-tags=\"9\" href=\"https:\/\/tuaregviatges.es\/concurso\/wp-content\/uploads\/2026\/04\/Canada-Ardilla_curiosa-Jaime_Mocholi.jpg\" data-elementor-open-lightbox=\"yes\" data-elementor-lightbox-slideshow=\"c682b89\" data-elementor-lightbox-title=\"Ardilla curiosa, Canad\u00e1 \u00a9 Jaime Mocholi\" data-elementor-lightbox-description=\"Ardilla curiosa, Canad\u00e1 \u00a9 Jaime Mocholi\" data-e-action-hash=\"#elementor-action%3Aaction%3Dlightbox%26settings%3DeyJpZCI6ODcxNywidXJsIjoiaHR0cHM6XC9cL3R1YXJlZ3ZpYXRnZXMuZXNcL2NvbmN1cnNvXC93cC1jb250ZW50XC91cGxvYWRzXC8yMDI2XC8wNFwvQ2FuYWRhLUFyZGlsbGFfY3VyaW9zYS1KYWltZV9Nb2Nob2xpLmpwZyIsInNsaWRlc2hvdyI6ImM2ODJiODkifQ%3D%3D\">\n\t\t\t\t\t<div class=\"e-gallery-image elementor-gallery-item__image\" data-thumbnail=\"https:\/\/tuaregviatges.es\/concurso\/wp-content\/uploads\/2026\/04\/Canada-Ardilla_curiosa-Jaime_Mocholi.jpg\" data-width=\"800\" data-height=\"588\" aria-label=\"Ardilla curiosa, Canad\u00e1 \u00a9 Jaime Mocholi\" role=\"img\" ><\/div>\n\t\t\t\t\t\t\t\t\t\t\t<div class=\"elementor-gallery-item__overlay\"><\/div>\n\t\t\t\t\t\t\t\t\t\t\t\t\t\t\t<div class=\"elementor-gallery-item__content\">\n\t\t\t\t\t\t\t\t\t\t\t\t\t\t<div class=\"elementor-gallery-item__title\">\n\t\t\t\t\t\t\t\t\t\t\t\t\t\t\t\t\t\tArdilla curiosa, Canad\u00e1 \u00a9 Jaime Mocholi\t\t\t\t\t\t\t\t<\/div>\n\t\t\t\t\t\t\t\t\t\t\t\t<\/div>\n\t\t\t\t\t\t\t\t\t<\/a>\n\t\t\t\t\t\t\t<a class=\"e-gallery-item elementor-gallery-item elementor-animated-content\" data-e-gallery-tags=\"9\" href=\"https:\/\/tuaregviatges.es\/concurso\/wp-content\/uploads\/2026\/02\/Canada-Saint-Laurent-el-riu-que-sembla-un-mar-Ana-Guarido.jpg\" data-elementor-open-lightbox=\"yes\" data-elementor-lightbox-slideshow=\"c682b89\" data-elementor-lightbox-title=\"Saint Laurent el riu que sembla un mar, Canad\u00e1 \u00a9 Ana Guarido\" data-elementor-lightbox-description=\"Saint Laurent el riu que sembla un mar, Canad\u00e1 \u00a9 Ana Guarido\" data-e-action-hash=\"#elementor-action%3Aaction%3Dlightbox%26settings%3DeyJpZCI6ODI2MiwidXJsIjoiaHR0cHM6XC9cL3R1YXJlZ3ZpYXRnZXMuZXNcL2NvbmN1cnNvXC93cC1jb250ZW50XC91cGxvYWRzXC8yMDI2XC8wMlwvQ2FuYWRhLVNhaW50LUxhdXJlbnQtZWwtcml1LXF1ZS1zZW1ibGEtdW4tbWFyLUFuYS1HdWFyaWRvLmpwZyIsInNsaWRlc2hvdyI6ImM2ODJiODkifQ%3D%3D\">\n\t\t\t\t\t<div class=\"e-gallery-image elementor-gallery-item__image\" data-thumbnail=\"https:\/\/tuaregviatges.es\/concurso\/wp-content\/uploads\/2026\/02\/Canada-Saint-Laurent-el-riu-que-sembla-un-mar-Ana-Guarido-1024x769.jpg\" data-width=\"800\" data-height=\"601\" aria-label=\"Saint Laurent el riu que sembla un mar, Canad\u00e1 \u00a9 Ana Guarido\" role=\"img\" ><\/div>\n\t\t\t\t\t\t\t\t\t\t\t<div class=\"elementor-gallery-item__overlay\"><\/div>\n\t\t\t\t\t\t\t\t\t\t\t\t\t\t\t<div class=\"elementor-gallery-item__content\">\n\t\t\t\t\t\t\t\t\t\t\t\t\t\t<div class=\"elementor-gallery-item__title\">\n\t\t\t\t\t\t\t\t\t\t\t\t\t\t\t\t\t\tSaint Laurent el riu que sembla un mar, Canad\u00e1 \u00a9 Ana Guarido\t\t\t\t\t\t\t\t<\/div>\n\t\t\t\t\t\t\t\t\t\t\t\t<\/div>\n\t\t\t\t\t\t\t\t\t<\/a>\n\t\t\t\t\t\t\t<a class=\"e-gallery-item elementor-gallery-item elementor-animated-content\" data-e-gallery-tags=\"9\" href=\"https:\/\/tuaregviatges.es\/concurso\/wp-content\/uploads\/2026\/03\/Canada-Sabine-Geuer-2.jpg\" data-elementor-open-lightbox=\"yes\" data-elementor-lightbox-slideshow=\"c682b89\" data-elementor-lightbox-title=\"Canad\u00e1 \u00a9 Sabine Geuer\" data-elementor-lightbox-description=\"Canad\u00e1 \u00a9 Sabine Geuer\" data-e-action-hash=\"#elementor-action%3Aaction%3Dlightbox%26settings%3DeyJpZCI6ODQ3MCwidXJsIjoiaHR0cHM6XC9cL3R1YXJlZ3ZpYXRnZXMuZXNcL2NvbmN1cnNvXC93cC1jb250ZW50XC91cGxvYWRzXC8yMDI2XC8wM1wvQ2FuYWRhLVNhYmluZS1HZXVlci0yLmpwZyIsInNsaWRlc2hvdyI6ImM2ODJiODkifQ%3D%3D\">\n\t\t\t\t\t<div class=\"e-gallery-image elementor-gallery-item__image\" data-thumbnail=\"https:\/\/tuaregviatges.es\/concurso\/wp-content\/uploads\/2026\/03\/Canada-Sabine-Geuer-2-768x1024.jpg\" data-width=\"768\" data-height=\"1024\" aria-label=\"Canad\u00e1 \u00a9 Sabine Geuer\" role=\"img\" ><\/div>\n\t\t\t\t\t\t\t\t\t\t\t<div class=\"elementor-gallery-item__overlay\"><\/div>\n\t\t\t\t\t\t\t\t\t\t\t\t\t\t\t<div class=\"elementor-gallery-item__content\">\n\t\t\t\t\t\t\t\t\t\t\t\t\t\t<div class=\"elementor-gallery-item__title\">\n\t\t\t\t\t\t\t\t\t\t\t\t\t\t\t\t\t\tCanad\u00e1 \u00a9 Sabine Geuer\t\t\t\t\t\t\t\t<\/div>\n\t\t\t\t\t\t\t\t\t\t\t\t<\/div>\n\t\t\t\t\t\t\t\t\t<\/a>\n\t\t\t\t\t\t\t<a class=\"e-gallery-item elementor-gallery-item elementor-animated-content\" data-e-gallery-tags=\"9\" href=\"https:\/\/tuaregviatges.es\/concurso\/wp-content\/uploads\/2026\/04\/Canada-Bic-Ana_Mocholi.jpg\" data-elementor-open-lightbox=\"yes\" data-elementor-lightbox-slideshow=\"c682b89\" data-elementor-lightbox-title=\"Bic, Canad\u00e1 \u00a9 Ana Mocholi\" data-elementor-lightbox-description=\"Bic, Canad\u00e1 \u00a9 Ana Mocholi\" data-e-action-hash=\"#elementor-action%3Aaction%3Dlightbox%26settings%3DeyJpZCI6ODcwOSwidXJsIjoiaHR0cHM6XC9cL3R1YXJlZ3ZpYXRnZXMuZXNcL2NvbmN1cnNvXC93cC1jb250ZW50XC91cGxvYWRzXC8yMDI2XC8wNFwvQ2FuYWRhLUJpYy1BbmFfTW9jaG9saS5qcGciLCJzbGlkZXNob3ciOiJjNjgyYjg5In0%3D\">\n\t\t\t\t\t<div class=\"e-gallery-image elementor-gallery-item__image\" data-thumbnail=\"https:\/\/tuaregviatges.es\/concurso\/wp-content\/uploads\/2026\/04\/Canada-Bic-Ana_Mocholi-1024x506.jpg\" data-width=\"800\" data-height=\"395\" aria-label=\"Bic, Canad\u00e1 \u00a9 Ana Mocholi\" role=\"img\" ><\/div>\n\t\t\t\t\t\t\t\t\t\t\t<div class=\"elementor-gallery-item__overlay\"><\/div>\n\t\t\t\t\t\t\t\t\t\t\t\t\t\t\t<div class=\"elementor-gallery-item__content\">\n\t\t\t\t\t\t\t\t\t\t\t\t\t\t<div class=\"elementor-gallery-item__title\">\n\t\t\t\t\t\t\t\t\t\t\t\t\t\t\t\t\t\tBic, Canad\u00e1 \u00a9 Ana Mocholi\t\t\t\t\t\t\t\t<\/div>\n\t\t\t\t\t\t\t\t\t\t\t\t<\/div>\n\t\t\t\t\t\t\t\t\t<\/a>\n\t\t\t\t\t\t\t<a class=\"e-gallery-item elementor-gallery-item elementor-animated-content\" data-e-gallery-tags=\"10\" href=\"https:\/\/tuaregviatges.es\/concurso\/wp-content\/uploads\/2026\/01\/Xina_Disfressant-se-a-Shaxi-Imma-Cots.jpg\" data-elementor-open-lightbox=\"yes\" data-elementor-lightbox-slideshow=\"c682b89\" data-elementor-lightbox-title=\"Disfressant-se a Shaxi, Xina \u00a9 Imma Cots\" data-elementor-lightbox-description=\"Disfressant-se a Shaxi, Xina \u00a9 Imma Cots\" data-e-action-hash=\"#elementor-action%3Aaction%3Dlightbox%26settings%3DeyJpZCI6ODA0NiwidXJsIjoiaHR0cHM6XC9cL3R1YXJlZ3ZpYXRnZXMuZXNcL2NvbmN1cnNvXC93cC1jb250ZW50XC91cGxvYWRzXC8yMDI2XC8wMVwvWGluYV9EaXNmcmVzc2FudC1zZS1hLVNoYXhpLUltbWEtQ290cy5qcGciLCJzbGlkZXNob3ciOiJjNjgyYjg5In0%3D\">\n\t\t\t\t\t<div class=\"e-gallery-image elementor-gallery-item__image\" data-thumbnail=\"https:\/\/tuaregviatges.es\/concurso\/wp-content\/uploads\/2026\/01\/Xina_Disfressant-se-a-Shaxi-Imma-Cots-1024x576.jpg\" data-width=\"800\" data-height=\"450\" aria-label=\"Disfressant-se a Shaxi, Xina \u00a9 Imma Cots\" role=\"img\" ><\/div>\n\t\t\t\t\t\t\t\t\t\t\t<div class=\"elementor-gallery-item__overlay\"><\/div>\n\t\t\t\t\t\t\t\t\t\t\t\t\t\t\t<div class=\"elementor-gallery-item__content\">\n\t\t\t\t\t\t\t\t\t\t\t\t\t\t<div class=\"elementor-gallery-item__title\">\n\t\t\t\t\t\t\t\t\t\t\t\t\t\t\t\t\t\tDisfressant-se a Shaxi, Xina \u00a9 Imma Cots\t\t\t\t\t\t\t\t<\/div>\n\t\t\t\t\t\t\t\t\t\t\t\t<\/div>\n\t\t\t\t\t\t\t\t\t<\/a>\n\t\t\t\t\t\t\t<a class=\"e-gallery-item elementor-gallery-item elementor-animated-content\" data-e-gallery-tags=\"10\" href=\"https:\/\/tuaregviatges.es\/concurso\/wp-content\/uploads\/2026\/01\/Xina-Servint-te-en-botiga-de-te-a-Xizhou-Imma-Cots.jpg\" data-elementor-open-lightbox=\"yes\" data-elementor-lightbox-slideshow=\"c682b89\" data-elementor-lightbox-title=\"Servint t\u00e9 en botiga de t\u00e9 a Xizhou, Xina \u00a9 Imma Cots\" data-elementor-lightbox-description=\"Servint t\u00e9 en botiga de t\u00e9 a Xizhou, Xina \u00a9 Imma Cots\" data-e-action-hash=\"#elementor-action%3Aaction%3Dlightbox%26settings%3DeyJpZCI6ODA0OCwidXJsIjoiaHR0cHM6XC9cL3R1YXJlZ3ZpYXRnZXMuZXNcL2NvbmN1cnNvXC93cC1jb250ZW50XC91cGxvYWRzXC8yMDI2XC8wMVwvWGluYS1TZXJ2aW50LXRlLWVuLWJvdGlnYS1kZS10ZS1hLVhpemhvdS1JbW1hLUNvdHMuanBnIiwic2xpZGVzaG93IjoiYzY4MmI4OSJ9\">\n\t\t\t\t\t<div class=\"e-gallery-image elementor-gallery-item__image\" data-thumbnail=\"https:\/\/tuaregviatges.es\/concurso\/wp-content\/uploads\/2026\/01\/Xina-Servint-te-en-botiga-de-te-a-Xizhou-Imma-Cots-1024x576.jpg\" data-width=\"800\" data-height=\"450\" aria-label=\"Servint t\u00e9 en botiga de t\u00e9 a Xizhou, Xina \u00a9 Imma Cots\" role=\"img\" ><\/div>\n\t\t\t\t\t\t\t\t\t\t\t<div class=\"elementor-gallery-item__overlay\"><\/div>\n\t\t\t\t\t\t\t\t\t\t\t\t\t\t\t<div class=\"elementor-gallery-item__content\">\n\t\t\t\t\t\t\t\t\t\t\t\t\t\t<div class=\"elementor-gallery-item__title\">\n\t\t\t\t\t\t\t\t\t\t\t\t\t\t\t\t\t\tServint t\u00e9 en botiga de t\u00e9 a Xizhou, Xina \u00a9 Imma Cots\t\t\t\t\t\t\t\t<\/div>\n\t\t\t\t\t\t\t\t\t\t\t\t<\/div>\n\t\t\t\t\t\t\t\t\t<\/a>\n\t\t\t\t\t\t\t<a class=\"e-gallery-item elementor-gallery-item elementor-animated-content\" data-e-gallery-tags=\"10\" href=\"https:\/\/tuaregviatges.es\/concurso\/wp-content\/uploads\/2026\/04\/Yunnan-Dalis_Spice_Girl-Albert_Ferrer-scaled.jpg\" data-elementor-open-lightbox=\"yes\" data-elementor-lightbox-slideshow=\"c682b89\" data-elementor-lightbox-title=\"Dalis, Spice Girl, Yunnan, China  \u00a9 Albert Ferrer\" data-elementor-lightbox-description=\"Dalis, Spice Girl, Yunnan, China  \u00a9 Albert Ferrer\" data-e-action-hash=\"#elementor-action%3Aaction%3Dlightbox%26settings%3DeyJpZCI6ODU1MSwidXJsIjoiaHR0cHM6XC9cL3R1YXJlZ3ZpYXRnZXMuZXNcL2NvbmN1cnNvXC93cC1jb250ZW50XC91cGxvYWRzXC8yMDI2XC8wNFwvWXVubmFuLURhbGlzX1NwaWNlX0dpcmwtQWxiZXJ0X0ZlcnJlci1zY2FsZWQuanBnIiwic2xpZGVzaG93IjoiYzY4MmI4OSJ9\">\n\t\t\t\t\t<div class=\"e-gallery-image elementor-gallery-item__image\" data-thumbnail=\"https:\/\/tuaregviatges.es\/concurso\/wp-content\/uploads\/2026\/04\/Yunnan-Dalis_Spice_Girl-Albert_Ferrer-682x1024.jpg\" data-width=\"682\" data-height=\"1024\" aria-label=\"Dalis, Spice Girl, Yunnan, China \u00a9 Albert Ferrer\" role=\"img\" ><\/div>\n\t\t\t\t\t\t\t\t\t\t\t<div class=\"elementor-gallery-item__overlay\"><\/div>\n\t\t\t\t\t\t\t\t\t\t\t\t\t\t\t<div class=\"elementor-gallery-item__content\">\n\t\t\t\t\t\t\t\t\t\t\t\t\t\t<div class=\"elementor-gallery-item__title\">\n\t\t\t\t\t\t\t\t\t\t\t\t\t\t\t\t\t\tDalis, Spice Girl, Yunnan, China  \u00a9 Albert Ferrer\t\t\t\t\t\t\t\t<\/div>\n\t\t\t\t\t\t\t\t\t\t\t\t<\/div>\n\t\t\t\t\t\t\t\t\t<\/a>\n\t\t\t\t\t\t\t<a class=\"e-gallery-item elementor-gallery-item elementor-animated-content\" data-e-gallery-tags=\"10\" href=\"https:\/\/tuaregviatges.es\/concurso\/wp-content\/uploads\/2026\/04\/Yunnan-Zhongdian-tradicio_i_tecnologia-Albert_Ferrer-scaled.jpg\" data-elementor-open-lightbox=\"yes\" data-elementor-lightbox-slideshow=\"c682b89\" data-elementor-lightbox-title=\"Zhongdian, tradici\u00f3 i tecnologia, Yunnan, China  \u00a9 Albert Ferrer\" data-elementor-lightbox-description=\"Zhongdian, tradici\u00f3 i tecnologia, Yunnan, China  \u00a9 Albert Ferrer\" data-e-action-hash=\"#elementor-action%3Aaction%3Dlightbox%26settings%3DeyJpZCI6ODU1MCwidXJsIjoiaHR0cHM6XC9cL3R1YXJlZ3ZpYXRnZXMuZXNcL2NvbmN1cnNvXC93cC1jb250ZW50XC91cGxvYWRzXC8yMDI2XC8wNFwvWXVubmFuLVpob25nZGlhbi10cmFkaWNpb19pX3RlY25vbG9naWEtQWxiZXJ0X0ZlcnJlci1zY2FsZWQuanBnIiwic2xpZGVzaG93IjoiYzY4MmI4OSJ9\">\n\t\t\t\t\t<div class=\"e-gallery-image elementor-gallery-item__image\" data-thumbnail=\"https:\/\/tuaregviatges.es\/concurso\/wp-content\/uploads\/2026\/04\/Yunnan-Zhongdian-tradicio_i_tecnologia-Albert_Ferrer-1024x683.jpg\" data-width=\"800\" data-height=\"534\" aria-label=\"Zhongdian, tradici\u00f3 i tecnologia, Yunnan, China \u00a9 Albert Ferrer\" role=\"img\" ><\/div>\n\t\t\t\t\t\t\t\t\t\t\t<div class=\"elementor-gallery-item__overlay\"><\/div>\n\t\t\t\t\t\t\t\t\t\t\t\t\t\t\t<div class=\"elementor-gallery-item__content\">\n\t\t\t\t\t\t\t\t\t\t\t\t\t\t<div class=\"elementor-gallery-item__title\">\n\t\t\t\t\t\t\t\t\t\t\t\t\t\t\t\t\t\tZhongdian, tradici\u00f3 i tecnologia, Yunnan, China  \u00a9 Albert Ferrer\t\t\t\t\t\t\t\t<\/div>\n\t\t\t\t\t\t\t\t\t\t\t\t<\/div>\n\t\t\t\t\t\t\t\t\t<\/a>\n\t\t\t\t\t\t\t<a class=\"e-gallery-item elementor-gallery-item elementor-animated-content\" data-e-gallery-tags=\"11\" href=\"https:\/\/tuaregviatges.es\/concurso\/wp-content\/uploads\/2026\/03\/2_Colombia_Cartgena-de-Indias_Elena-Blanco-Fuente.jpg\" data-elementor-open-lightbox=\"yes\" data-elementor-lightbox-slideshow=\"c682b89\" data-elementor-lightbox-title=\"Cartagena de Indias, Colombia \u00a9 Elena Blanco\" data-elementor-lightbox-description=\"Cartagena de Indias, Colombia \u00a9 Elena Blanco\" data-e-action-hash=\"#elementor-action%3Aaction%3Dlightbox%26settings%3DeyJpZCI6ODQxOSwidXJsIjoiaHR0cHM6XC9cL3R1YXJlZ3ZpYXRnZXMuZXNcL2NvbmN1cnNvXC93cC1jb250ZW50XC91cGxvYWRzXC8yMDI2XC8wM1wvMl9Db2xvbWJpYV9DYXJ0Z2VuYS1kZS1JbmRpYXNfRWxlbmEtQmxhbmNvLUZ1ZW50ZS5qcGciLCJzbGlkZXNob3ciOiJjNjgyYjg5In0%3D\">\n\t\t\t\t\t<div class=\"e-gallery-image elementor-gallery-item__image\" data-thumbnail=\"https:\/\/tuaregviatges.es\/concurso\/wp-content\/uploads\/2026\/03\/2_Colombia_Cartgena-de-Indias_Elena-Blanco-Fuente-1024x576.jpg\" data-width=\"800\" data-height=\"450\" aria-label=\"Cartagena de Indias, Colombia \u00a9 Elena Blanco\" role=\"img\" ><\/div>\n\t\t\t\t\t\t\t\t\t\t\t<div class=\"elementor-gallery-item__overlay\"><\/div>\n\t\t\t\t\t\t\t\t\t\t\t\t\t\t\t<div class=\"elementor-gallery-item__content\">\n\t\t\t\t\t\t\t\t\t\t\t\t\t\t<div class=\"elementor-gallery-item__title\">\n\t\t\t\t\t\t\t\t\t\t\t\t\t\t\t\t\t\tCartagena de Indias, Colombia \u00a9 Elena Blanco\t\t\t\t\t\t\t\t<\/div>\n\t\t\t\t\t\t\t\t\t\t\t\t<\/div>\n\t\t\t\t\t\t\t\t\t<\/a>\n\t\t\t\t\t\t\t<a class=\"e-gallery-item elementor-gallery-item elementor-animated-content\" data-e-gallery-tags=\"12\" href=\"https:\/\/tuaregviatges.es\/concurso\/wp-content\/uploads\/2026\/04\/Eslovenia-Els_nens_jugant_a_la_font_de_la_noia_amb_gerra_de_Ljubljana-Carles_Quintana.jpg\" data-elementor-open-lightbox=\"yes\" data-elementor-lightbox-slideshow=\"c682b89\" data-elementor-lightbox-title=\"Els nens jugant a la font de la noia amb gerra, Ljubljana, Eslovenia  \u00a9 Carles Quintana\" data-elementor-lightbox-description=\"Els nens jugant a la font de la noia amb gerra, Ljubljana, Eslovenia  \u00a9 Carles Quintana\" data-e-action-hash=\"#elementor-action%3Aaction%3Dlightbox%26settings%3DeyJpZCI6ODU1NywidXJsIjoiaHR0cHM6XC9cL3R1YXJlZ3ZpYXRnZXMuZXNcL2NvbmN1cnNvXC93cC1jb250ZW50XC91cGxvYWRzXC8yMDI2XC8wNFwvRXNsb3ZlbmlhLUVsc19uZW5zX2p1Z2FudF9hX2xhX2ZvbnRfZGVfbGFfbm9pYV9hbWJfZ2VycmFfZGVfTGp1YmxqYW5hLUNhcmxlc19RdWludGFuYS5qcGciLCJzbGlkZXNob3ciOiJjNjgyYjg5In0%3D\">\n\t\t\t\t\t<div class=\"e-gallery-image elementor-gallery-item__image\" data-thumbnail=\"https:\/\/tuaregviatges.es\/concurso\/wp-content\/uploads\/2026\/04\/Eslovenia-Els_nens_jugant_a_la_font_de_la_noia_amb_gerra_de_Ljubljana-Carles_Quintana-768x1024.jpg\" data-width=\"768\" data-height=\"1024\" aria-label=\"Els nens jugant a la font de la noia amb gerra, Ljubljana, Eslovenia \u00a9 Carles Quintana\" role=\"img\" ><\/div>\n\t\t\t\t\t\t\t\t\t\t\t<div class=\"elementor-gallery-item__overlay\"><\/div>\n\t\t\t\t\t\t\t\t\t\t\t\t\t\t\t<div class=\"elementor-gallery-item__content\">\n\t\t\t\t\t\t\t\t\t\t\t\t\t\t<div class=\"elementor-gallery-item__title\">\n\t\t\t\t\t\t\t\t\t\t\t\t\t\t\t\t\t\tEls nens jugant a la font de la noia amb gerra, Ljubljana, Eslovenia  \u00a9 Carles Quintana\t\t\t\t\t\t\t\t<\/div>\n\t\t\t\t\t\t\t\t\t\t\t\t<\/div>\n\t\t\t\t\t\t\t\t\t<\/a>\n\t\t\t\t\t\t\t<a class=\"e-gallery-item elementor-gallery-item elementor-animated-content\" data-e-gallery-tags=\"12\" href=\"https:\/\/tuaregviatges.es\/concurso\/wp-content\/uploads\/2026\/04\/Eslovenia-La_nena_al_llac_bled-Carles_Quintana.jpg\" data-elementor-open-lightbox=\"yes\" data-elementor-lightbox-slideshow=\"c682b89\" data-elementor-lightbox-title=\"La nena al llac Bled, Eslovenia  \u00a9 Carles Quintana\" data-elementor-lightbox-description=\"La nena al llac Bled, Eslovenia  \u00a9 Carles Quintana\" data-e-action-hash=\"#elementor-action%3Aaction%3Dlightbox%26settings%3DeyJpZCI6ODU1OCwidXJsIjoiaHR0cHM6XC9cL3R1YXJlZ3ZpYXRnZXMuZXNcL2NvbmN1cnNvXC93cC1jb250ZW50XC91cGxvYWRzXC8yMDI2XC8wNFwvRXNsb3ZlbmlhLUxhX25lbmFfYWxfbGxhY19ibGVkLUNhcmxlc19RdWludGFuYS5qcGciLCJzbGlkZXNob3ciOiJjNjgyYjg5In0%3D\">\n\t\t\t\t\t<div class=\"e-gallery-image elementor-gallery-item__image\" data-thumbnail=\"https:\/\/tuaregviatges.es\/concurso\/wp-content\/uploads\/2026\/04\/Eslovenia-La_nena_al_llac_bled-Carles_Quintana-1024x768.jpg\" data-width=\"800\" data-height=\"600\" aria-label=\"La nena al llac Bled, Eslovenia \u00a9 Carles Quintana\" role=\"img\" ><\/div>\n\t\t\t\t\t\t\t\t\t\t\t<div class=\"elementor-gallery-item__overlay\"><\/div>\n\t\t\t\t\t\t\t\t\t\t\t\t\t\t\t<div class=\"elementor-gallery-item__content\">\n\t\t\t\t\t\t\t\t\t\t\t\t\t\t<div class=\"elementor-gallery-item__title\">\n\t\t\t\t\t\t\t\t\t\t\t\t\t\t\t\t\t\tLa nena al llac Bled, Eslovenia  \u00a9 Carles Quintana\t\t\t\t\t\t\t\t<\/div>\n\t\t\t\t\t\t\t\t\t\t\t\t<\/div>\n\t\t\t\t\t\t\t\t\t<\/a>\n\t\t\t\t\t\t\t<a class=\"e-gallery-item elementor-gallery-item elementor-animated-content\" data-e-gallery-tags=\"13\" href=\"https:\/\/tuaregviatges.es\/concurso\/wp-content\/uploads\/2026\/03\/Georgia-Ali_y_Nino-Carmen_Mateos.jpg\" data-elementor-open-lightbox=\"yes\" data-elementor-lightbox-slideshow=\"c682b89\" data-elementor-lightbox-title=\"Ali y Nino, Georgia \u00a9 Carmen Mateos\" data-elementor-lightbox-description=\"Ali y Nino, Georgia \u00a9 Carmen Mateos\" data-e-action-hash=\"#elementor-action%3Aaction%3Dlightbox%26settings%3DeyJpZCI6ODM5MywidXJsIjoiaHR0cHM6XC9cL3R1YXJlZ3ZpYXRnZXMuZXNcL2NvbmN1cnNvXC93cC1jb250ZW50XC91cGxvYWRzXC8yMDI2XC8wM1wvR2VvcmdpYS1BbGlfeV9OaW5vLUNhcm1lbl9NYXRlb3MuanBnIiwic2xpZGVzaG93IjoiYzY4MmI4OSJ9\">\n\t\t\t\t\t<div class=\"e-gallery-image elementor-gallery-item__image\" data-thumbnail=\"https:\/\/tuaregviatges.es\/concurso\/wp-content\/uploads\/2026\/03\/Georgia-Ali_y_Nino-Carmen_Mateos-1024x496.jpg\" data-width=\"800\" data-height=\"388\" aria-label=\"Ali y Nino, Georgia \u00a9 Carmen Mateos\" role=\"img\" ><\/div>\n\t\t\t\t\t\t\t\t\t\t\t<div class=\"elementor-gallery-item__overlay\"><\/div>\n\t\t\t\t\t\t\t\t\t\t\t\t\t\t\t<div class=\"elementor-gallery-item__content\">\n\t\t\t\t\t\t\t\t\t\t\t\t\t\t<div class=\"elementor-gallery-item__title\">\n\t\t\t\t\t\t\t\t\t\t\t\t\t\t\t\t\t\tAli y Nino, Georgia \u00a9 Carmen Mateos\t\t\t\t\t\t\t\t<\/div>\n\t\t\t\t\t\t\t\t\t\t\t\t<\/div>\n\t\t\t\t\t\t\t\t\t<\/a>\n\t\t\t\t\t\t\t<a class=\"e-gallery-item elementor-gallery-item elementor-animated-content\" data-e-gallery-tags=\"13\" href=\"https:\/\/tuaregviatges.es\/concurso\/wp-content\/uploads\/2026\/02\/Georgia-Inseparables_companeros_de_viaje_en_todo_el_pais-Mercedes_Luzzy.jpg\" data-elementor-open-lightbox=\"yes\" data-elementor-lightbox-slideshow=\"c682b89\" data-elementor-lightbox-title=\"Inseparables compa\u00f1eros de viaje en todo el pa\u00eds, Georgia \u00a9 Mercedes Luzzy\" data-elementor-lightbox-description=\"Inseparables compa\u00f1eros de viaje en todo el pa\u00eds, Georgia \u00a9 Mercedes Luzzy\" data-e-action-hash=\"#elementor-action%3Aaction%3Dlightbox%26settings%3DeyJpZCI6ODA5MCwidXJsIjoiaHR0cHM6XC9cL3R1YXJlZ3ZpYXRnZXMuZXNcL2NvbmN1cnNvXC93cC1jb250ZW50XC91cGxvYWRzXC8yMDI2XC8wMlwvR2VvcmdpYS1JbnNlcGFyYWJsZXNfY29tcGFuZXJvc19kZV92aWFqZV9lbl90b2RvX2VsX3BhaXMtTWVyY2VkZXNfTHV6enkuanBnIiwic2xpZGVzaG93IjoiYzY4MmI4OSJ9\">\n\t\t\t\t\t<div class=\"e-gallery-image elementor-gallery-item__image\" data-thumbnail=\"https:\/\/tuaregviatges.es\/concurso\/wp-content\/uploads\/2026\/02\/Georgia-Inseparables_companeros_de_viaje_en_todo_el_pais-Mercedes_Luzzy-1024x769.jpg\" data-width=\"800\" data-height=\"601\" aria-label=\"Inseparables compa\u00f1eros de viaje en todo el pa\u00eds, Georgia \u00a9 Mercedes Luzzy\" role=\"img\" ><\/div>\n\t\t\t\t\t\t\t\t\t\t\t<div class=\"elementor-gallery-item__overlay\"><\/div>\n\t\t\t\t\t\t\t\t\t\t\t\t\t\t\t<div class=\"elementor-gallery-item__content\">\n\t\t\t\t\t\t\t\t\t\t\t\t\t\t<div class=\"elementor-gallery-item__title\">\n\t\t\t\t\t\t\t\t\t\t\t\t\t\t\t\t\t\tInseparables compa\u00f1eros de viaje en todo el pa\u00eds, Georgia \u00a9 Mercedes Luzzy\t\t\t\t\t\t\t\t<\/div>\n\t\t\t\t\t\t\t\t\t\t\t\t<\/div>\n\t\t\t\t\t\t\t\t\t<\/a>\n\t\t\t\t\t\t\t<a class=\"e-gallery-item elementor-gallery-item elementor-animated-content\" data-e-gallery-tags=\"13\" href=\"https:\/\/tuaregviatges.es\/concurso\/wp-content\/uploads\/2026\/02\/Georgia-Svaneti-01-Ramon_Garcia.jpg\" data-elementor-open-lightbox=\"yes\" data-elementor-lightbox-slideshow=\"c682b89\" data-elementor-lightbox-title=\"Svaneti, Georgia \u00a9 Ram\u00f3n Garc\u00eda\" data-elementor-lightbox-description=\"Svaneti, Georgia \u00a9 Ram\u00f3n Garc\u00eda\" data-e-action-hash=\"#elementor-action%3Aaction%3Dlightbox%26settings%3DeyJpZCI6ODI2OCwidXJsIjoiaHR0cHM6XC9cL3R1YXJlZ3ZpYXRnZXMuZXNcL2NvbmN1cnNvXC93cC1jb250ZW50XC91cGxvYWRzXC8yMDI2XC8wMlwvR2VvcmdpYS1TdmFuZXRpLTAxLVJhbW9uX0dhcmNpYS5qcGciLCJzbGlkZXNob3ciOiJjNjgyYjg5In0%3D\">\n\t\t\t\t\t<div class=\"e-gallery-image elementor-gallery-item__image\" data-thumbnail=\"https:\/\/tuaregviatges.es\/concurso\/wp-content\/uploads\/2026\/02\/Georgia-Svaneti-01-Ramon_Garcia-1024x768.jpg\" data-width=\"800\" data-height=\"600\" aria-label=\"Svaneti, Georgia \u00a9 Ram\u00f3n Garc\u00eda\" role=\"img\" ><\/div>\n\t\t\t\t\t\t\t\t\t\t\t<div class=\"elementor-gallery-item__overlay\"><\/div>\n\t\t\t\t\t\t\t\t\t\t\t\t\t\t\t<div class=\"elementor-gallery-item__content\">\n\t\t\t\t\t\t\t\t\t\t\t\t\t\t<div class=\"elementor-gallery-item__title\">\n\t\t\t\t\t\t\t\t\t\t\t\t\t\t\t\t\t\tSvaneti, Georgia \u00a9 Ram\u00f3n Garc\u00eda\t\t\t\t\t\t\t\t<\/div>\n\t\t\t\t\t\t\t\t\t\t\t\t<\/div>\n\t\t\t\t\t\t\t\t\t<\/a>\n\t\t\t\t\t\t\t<a class=\"e-gallery-item elementor-gallery-item elementor-animated-content\" data-e-gallery-tags=\"13\" href=\"https:\/\/tuaregviatges.es\/concurso\/wp-content\/uploads\/2026\/02\/Georgia-Sorprendente_tarde_de_cine_en_Ushguli-Mercedes_Luzzy.jpg\" data-elementor-open-lightbox=\"yes\" data-elementor-lightbox-slideshow=\"c682b89\" data-elementor-lightbox-title=\"sorprendente tarde de cine en Ushguli, Georgia \u00a9 Mercedes Luzzy\" data-elementor-lightbox-description=\"sorprendente tarde de cine en Ushguli, Georgia \u00a9 Mercedes Luzzy\" data-e-action-hash=\"#elementor-action%3Aaction%3Dlightbox%26settings%3DeyJpZCI6ODA5MiwidXJsIjoiaHR0cHM6XC9cL3R1YXJlZ3ZpYXRnZXMuZXNcL2NvbmN1cnNvXC93cC1jb250ZW50XC91cGxvYWRzXC8yMDI2XC8wMlwvR2VvcmdpYS1Tb3JwcmVuZGVudGVfdGFyZGVfZGVfY2luZV9lbl9Vc2hndWxpLU1lcmNlZGVzX0x1enp5LmpwZyIsInNsaWRlc2hvdyI6ImM2ODJiODkifQ%3D%3D\">\n\t\t\t\t\t<div class=\"e-gallery-image elementor-gallery-item__image\" data-thumbnail=\"https:\/\/tuaregviatges.es\/concurso\/wp-content\/uploads\/2026\/02\/Georgia-Sorprendente_tarde_de_cine_en_Ushguli-Mercedes_Luzzy-1024x1024.jpg\" data-width=\"800\" data-height=\"800\" aria-label=\"sorprendente tarde de cine en Ushguli, Georgia \u00a9 Mercedes Luzzy\" role=\"img\" ><\/div>\n\t\t\t\t\t\t\t\t\t\t\t<div class=\"elementor-gallery-item__overlay\"><\/div>\n\t\t\t\t\t\t\t\t\t\t\t\t\t\t\t<div class=\"elementor-gallery-item__content\">\n\t\t\t\t\t\t\t\t\t\t\t\t\t\t<div class=\"elementor-gallery-item__title\">\n\t\t\t\t\t\t\t\t\t\t\t\t\t\t\t\t\t\tsorprendente tarde de cine en Ushguli, Georgia \u00a9 Mercedes Luzzy\t\t\t\t\t\t\t\t<\/div>\n\t\t\t\t\t\t\t\t\t\t\t\t<\/div>\n\t\t\t\t\t\t\t\t\t<\/a>\n\t\t\t\t\t\t\t<a class=\"e-gallery-item elementor-gallery-item elementor-animated-content\" data-e-gallery-tags=\"13\" href=\"https:\/\/tuaregviatges.es\/concurso\/wp-content\/uploads\/2026\/04\/Georgia-Paloma_y_Fe_en-el-monasterio_de_Svetitsjoveli-Iraida_Tortosa.jpg\" data-elementor-open-lightbox=\"yes\" data-elementor-lightbox-slideshow=\"c682b89\" data-elementor-lightbox-title=\"Paloma y Fe en el monasterio de Svetitjovelii, Georgia \u00a9 Iraida Tortosa\" data-elementor-lightbox-description=\"Paloma y Fe en el monasterio de Svetitjovelii, Georgia \u00a9 Iraida Tortosa\" data-e-action-hash=\"#elementor-action%3Aaction%3Dlightbox%26settings%3DeyJpZCI6ODY3MiwidXJsIjoiaHR0cHM6XC9cL3R1YXJlZ3ZpYXRnZXMuZXNcL2NvbmN1cnNvXC93cC1jb250ZW50XC91cGxvYWRzXC8yMDI2XC8wNFwvR2VvcmdpYS1QYWxvbWFfeV9GZV9lbi1lbC1tb25hc3RlcmlvX2RlX1N2ZXRpdHNqb3ZlbGktSXJhaWRhX1RvcnRvc2EuanBnIiwic2xpZGVzaG93IjoiYzY4MmI4OSJ9\">\n\t\t\t\t\t<div class=\"e-gallery-image elementor-gallery-item__image\" data-thumbnail=\"https:\/\/tuaregviatges.es\/concurso\/wp-content\/uploads\/2026\/04\/Georgia-Paloma_y_Fe_en-el-monasterio_de_Svetitsjoveli-Iraida_Tortosa.jpg\" data-width=\"800\" data-height=\"450\" aria-label=\"Paloma y Fe en el monasterio de Svetitjovelii, Georgia \u00a9 Iraida Tortosa\" role=\"img\" ><\/div>\n\t\t\t\t\t\t\t\t\t\t\t<div class=\"elementor-gallery-item__overlay\"><\/div>\n\t\t\t\t\t\t\t\t\t\t\t\t\t\t\t<div class=\"elementor-gallery-item__content\">\n\t\t\t\t\t\t\t\t\t\t\t\t\t\t<div class=\"elementor-gallery-item__title\">\n\t\t\t\t\t\t\t\t\t\t\t\t\t\t\t\t\t\tPaloma y Fe en el monasterio de Svetitjovelii, Georgia \u00a9 Iraida Tortosa\t\t\t\t\t\t\t\t<\/div>\n\t\t\t\t\t\t\t\t\t\t\t\t<\/div>\n\t\t\t\t\t\t\t\t\t<\/a>\n\t\t\t\t\t\t\t<a class=\"e-gallery-item elementor-gallery-item elementor-animated-content\" data-e-gallery-tags=\"13\" href=\"https:\/\/tuaregviatges.es\/concurso\/wp-content\/uploads\/2026\/02\/Georgia-Svanety-Ushguli-Ramon_Garcia.jpg\" data-elementor-open-lightbox=\"yes\" data-elementor-lightbox-slideshow=\"c682b89\" data-elementor-lightbox-title=\"Svaneti Ushguli, Georgia \u00a9 Ram\u00f3n Garc\u00eda\" data-elementor-lightbox-description=\"Svaneti Ushguli, Georgia \u00a9 Ram\u00f3n Garc\u00eda\" data-e-action-hash=\"#elementor-action%3Aaction%3Dlightbox%26settings%3DeyJpZCI6ODI3MCwidXJsIjoiaHR0cHM6XC9cL3R1YXJlZ3ZpYXRnZXMuZXNcL2NvbmN1cnNvXC93cC1jb250ZW50XC91cGxvYWRzXC8yMDI2XC8wMlwvR2VvcmdpYS1TdmFuZXR5LVVzaGd1bGktUmFtb25fR2FyY2lhLmpwZyIsInNsaWRlc2hvdyI6ImM2ODJiODkifQ%3D%3D\">\n\t\t\t\t\t<div class=\"e-gallery-image elementor-gallery-item__image\" data-thumbnail=\"https:\/\/tuaregviatges.es\/concurso\/wp-content\/uploads\/2026\/02\/Georgia-Svanety-Ushguli-Ramon_Garcia-1024x768.jpg\" data-width=\"800\" data-height=\"600\" aria-label=\"Svaneti Ushguli, Georgia \u00a9 Ram\u00f3n Garc\u00eda\" role=\"img\" ><\/div>\n\t\t\t\t\t\t\t\t\t\t\t<div class=\"elementor-gallery-item__overlay\"><\/div>\n\t\t\t\t\t\t\t\t\t\t\t\t\t\t\t<div class=\"elementor-gallery-item__content\">\n\t\t\t\t\t\t\t\t\t\t\t\t\t\t<div class=\"elementor-gallery-item__title\">\n\t\t\t\t\t\t\t\t\t\t\t\t\t\t\t\t\t\tSvaneti Ushguli, Georgia \u00a9 Ram\u00f3n Garc\u00eda\t\t\t\t\t\t\t\t<\/div>\n\t\t\t\t\t\t\t\t\t\t\t\t<\/div>\n\t\t\t\t\t\t\t\t\t<\/a>\n\t\t\t\t\t\t\t<a class=\"e-gallery-item elementor-gallery-item elementor-animated-content\" data-e-gallery-tags=\"13\" href=\"https:\/\/tuaregviatges.es\/concurso\/wp-content\/uploads\/2026\/02\/Georgia-Kazbegi-Miguel_Amoros.jpg\" data-elementor-open-lightbox=\"yes\" data-elementor-lightbox-slideshow=\"c682b89\" data-elementor-lightbox-title=\"Kazbegi, Georgia \u00a9 Miguel Amor\u00f3s\" data-elementor-lightbox-description=\"Kazbegi, Georgia \u00a9 Miguel Amor\u00f3s\" data-e-action-hash=\"#elementor-action%3Aaction%3Dlightbox%26settings%3DeyJpZCI6ODEzNywidXJsIjoiaHR0cHM6XC9cL3R1YXJlZ3ZpYXRnZXMuZXNcL2NvbmN1cnNvXC93cC1jb250ZW50XC91cGxvYWRzXC8yMDI2XC8wMlwvR2VvcmdpYS1LYXpiZWdpLU1pZ3VlbF9BbW9yb3MuanBnIiwic2xpZGVzaG93IjoiYzY4MmI4OSJ9\">\n\t\t\t\t\t<div class=\"e-gallery-image elementor-gallery-item__image\" data-thumbnail=\"https:\/\/tuaregviatges.es\/concurso\/wp-content\/uploads\/2026\/02\/Georgia-Kazbegi-Miguel_Amoros-1024x470.jpg\" data-width=\"800\" data-height=\"367\" aria-label=\"Kazbegi, Georgia \u00a9 Miguel Amor\u00f3s\" role=\"img\" ><\/div>\n\t\t\t\t\t\t\t\t\t\t\t<div class=\"elementor-gallery-item__overlay\"><\/div>\n\t\t\t\t\t\t\t\t\t\t\t\t\t\t\t<div class=\"elementor-gallery-item__content\">\n\t\t\t\t\t\t\t\t\t\t\t\t\t\t<div class=\"elementor-gallery-item__title\">\n\t\t\t\t\t\t\t\t\t\t\t\t\t\t\t\t\t\tKazbegi, Georgia \u00a9 Miguel Amor\u00f3s\t\t\t\t\t\t\t\t<\/div>\n\t\t\t\t\t\t\t\t\t\t\t\t<\/div>\n\t\t\t\t\t\t\t\t\t<\/a>\n\t\t\t\t\t\t\t<a class=\"e-gallery-item elementor-gallery-item elementor-animated-content\" data-e-gallery-tags=\"13\" href=\"https:\/\/tuaregviatges.es\/concurso\/wp-content\/uploads\/2026\/04\/Georgia-Tiblisi-Susana_Cardona-scaled.jpg\" data-elementor-open-lightbox=\"yes\" data-elementor-lightbox-slideshow=\"c682b89\" data-elementor-lightbox-title=\"Tiblisi, Georgia \u00a9 Susana Cardona\" data-elementor-lightbox-description=\"Tiblisi, Georgia \u00a9 Susana Cardona\" data-e-action-hash=\"#elementor-action%3Aaction%3Dlightbox%26settings%3DeyJpZCI6ODU5MSwidXJsIjoiaHR0cHM6XC9cL3R1YXJlZ3ZpYXRnZXMuZXNcL2NvbmN1cnNvXC93cC1jb250ZW50XC91cGxvYWRzXC8yMDI2XC8wNFwvR2VvcmdpYS1UaWJsaXNpLVN1c2FuYV9DYXJkb25hLXNjYWxlZC5qcGciLCJzbGlkZXNob3ciOiJjNjgyYjg5In0%3D\">\n\t\t\t\t\t<div class=\"e-gallery-image elementor-gallery-item__image\" data-thumbnail=\"https:\/\/tuaregviatges.es\/concurso\/wp-content\/uploads\/2026\/04\/Georgia-Tiblisi-Susana_Cardona-1024x683.jpg\" data-width=\"800\" data-height=\"534\" aria-label=\"Tiblisi, Georgia \u00a9 Susana Cardona\" role=\"img\" ><\/div>\n\t\t\t\t\t\t\t\t\t\t\t<div class=\"elementor-gallery-item__overlay\"><\/div>\n\t\t\t\t\t\t\t\t\t\t\t\t\t\t\t<div class=\"elementor-gallery-item__content\">\n\t\t\t\t\t\t\t\t\t\t\t\t\t\t<div class=\"elementor-gallery-item__title\">\n\t\t\t\t\t\t\t\t\t\t\t\t\t\t\t\t\t\tTiblisi, Georgia \u00a9 Susana Cardona\t\t\t\t\t\t\t\t<\/div>\n\t\t\t\t\t\t\t\t\t\t\t\t<\/div>\n\t\t\t\t\t\t\t\t\t<\/a>\n\t\t\t\t\t\t\t<a class=\"e-gallery-item elementor-gallery-item elementor-animated-content\" data-e-gallery-tags=\"13\" href=\"https:\/\/tuaregviatges.es\/concurso\/wp-content\/uploads\/2026\/02\/Georgia-Telavi-Miguel_Amoros.jpg\" data-elementor-open-lightbox=\"yes\" data-elementor-lightbox-slideshow=\"c682b89\" data-elementor-lightbox-title=\"Telavi, Georgia \u00a9 Miguel Amor\u00f3s\" data-elementor-lightbox-description=\"Telavi, Georgia \u00a9 Miguel Amor\u00f3s\" data-e-action-hash=\"#elementor-action%3Aaction%3Dlightbox%26settings%3DeyJpZCI6ODEzNCwidXJsIjoiaHR0cHM6XC9cL3R1YXJlZ3ZpYXRnZXMuZXNcL2NvbmN1cnNvXC93cC1jb250ZW50XC91cGxvYWRzXC8yMDI2XC8wMlwvR2VvcmdpYS1UZWxhdmktTWlndWVsX0Ftb3Jvcy5qcGciLCJzbGlkZXNob3ciOiJjNjgyYjg5In0%3D\">\n\t\t\t\t\t<div class=\"e-gallery-image elementor-gallery-item__image\" data-thumbnail=\"https:\/\/tuaregviatges.es\/concurso\/wp-content\/uploads\/2026\/02\/Georgia-Telavi-Miguel_Amoros-1024x574.jpg\" data-width=\"800\" data-height=\"448\" aria-label=\"Telavi, Georgia \u00a9 Miguel Amor\u00f3s\" role=\"img\" ><\/div>\n\t\t\t\t\t\t\t\t\t\t\t<div class=\"elementor-gallery-item__overlay\"><\/div>\n\t\t\t\t\t\t\t\t\t\t\t\t\t\t\t<div class=\"elementor-gallery-item__content\">\n\t\t\t\t\t\t\t\t\t\t\t\t\t\t<div class=\"elementor-gallery-item__title\">\n\t\t\t\t\t\t\t\t\t\t\t\t\t\t\t\t\t\tTelavi, Georgia \u00a9 Miguel Amor\u00f3s\t\t\t\t\t\t\t\t<\/div>\n\t\t\t\t\t\t\t\t\t\t\t\t<\/div>\n\t\t\t\t\t\t\t\t\t<\/a>\n\t\t\t\t\t\t\t<a class=\"e-gallery-item elementor-gallery-item elementor-animated-content\" data-e-gallery-tags=\"13\" href=\"https:\/\/tuaregviatges.es\/concurso\/wp-content\/uploads\/2026\/03\/Georgia-Trek_Mont_Guri-Fermi_Bascompte-scaled.jpg\" data-elementor-open-lightbox=\"yes\" data-elementor-lightbox-slideshow=\"c682b89\" data-elementor-lightbox-title=\"Trek Mont Guri, Georgia \u00a9 Ferm\u00ed Bascompte\" data-elementor-lightbox-description=\"Trek Mont Guri, Georgia \u00a9 Ferm\u00ed Bascompte\" data-e-action-hash=\"#elementor-action%3Aaction%3Dlightbox%26settings%3DeyJpZCI6ODQwMSwidXJsIjoiaHR0cHM6XC9cL3R1YXJlZ3ZpYXRnZXMuZXNcL2NvbmN1cnNvXC93cC1jb250ZW50XC91cGxvYWRzXC8yMDI2XC8wM1wvR2VvcmdpYS1UcmVrX01vbnRfR3VyaS1GZXJtaV9CYXNjb21wdGUtc2NhbGVkLmpwZyIsInNsaWRlc2hvdyI6ImM2ODJiODkifQ%3D%3D\">\n\t\t\t\t\t<div class=\"e-gallery-image elementor-gallery-item__image\" data-thumbnail=\"https:\/\/tuaregviatges.es\/concurso\/wp-content\/uploads\/2026\/03\/Georgia-Trek_Mont_Guri-Fermi_Bascompte-1024x683.jpg\" data-width=\"800\" data-height=\"534\" aria-label=\"Trek Mont Guri, Georgia \u00a9 Ferm\u00ed Bascompte\" role=\"img\" ><\/div>\n\t\t\t\t\t\t\t\t\t\t\t<div class=\"elementor-gallery-item__overlay\"><\/div>\n\t\t\t\t\t\t\t\t\t\t\t\t\t\t\t<div class=\"elementor-gallery-item__content\">\n\t\t\t\t\t\t\t\t\t\t\t\t\t\t<div class=\"elementor-gallery-item__title\">\n\t\t\t\t\t\t\t\t\t\t\t\t\t\t\t\t\t\tTrek Mont Guri, Georgia \u00a9 Ferm\u00ed Bascompte\t\t\t\t\t\t\t\t<\/div>\n\t\t\t\t\t\t\t\t\t\t\t\t<\/div>\n\t\t\t\t\t\t\t\t\t<\/a>\n\t\t\t\t\t\t\t<a class=\"e-gallery-item elementor-gallery-item elementor-animated-content\" data-e-gallery-tags=\"13\" href=\"https:\/\/tuaregviatges.es\/concurso\/wp-content\/uploads\/2026\/02\/Georgia-Cata_de_vins_tradicionals-Ana-Maria-Romero-Molina-scaled.jpg\" data-elementor-open-lightbox=\"yes\" data-elementor-lightbox-slideshow=\"c682b89\" data-elementor-lightbox-title=\"Cata de vins tradicionals, Georgia \u00a9 Ana Mar\u00eda Romero Molina\" data-elementor-lightbox-description=\"Cata de vins tradicionals, Georgia \u00a9 Ana Mar\u00eda Romero Molina\" data-e-action-hash=\"#elementor-action%3Aaction%3Dlightbox%26settings%3DeyJpZCI6ODE2OCwidXJsIjoiaHR0cHM6XC9cL3R1YXJlZ3ZpYXRnZXMuZXNcL2NvbmN1cnNvXC93cC1jb250ZW50XC91cGxvYWRzXC8yMDI2XC8wMlwvR2VvcmdpYS1DYXRhX2RlX3ZpbnNfdHJhZGljaW9uYWxzLUFuYS1NYXJpYS1Sb21lcm8tTW9saW5hLXNjYWxlZC5qcGciLCJzbGlkZXNob3ciOiJjNjgyYjg5In0%3D\">\n\t\t\t\t\t<div class=\"e-gallery-image elementor-gallery-item__image\" data-thumbnail=\"https:\/\/tuaregviatges.es\/concurso\/wp-content\/uploads\/2026\/02\/Georgia-Cata_de_vins_tradicionals-Ana-Maria-Romero-Molina-1024x683.jpg\" data-width=\"800\" data-height=\"534\" aria-label=\"Cata de vins tradicionals, Georgia \u00a9 Ana Mar\u00eda Romero Molina\" role=\"img\" ><\/div>\n\t\t\t\t\t\t\t\t\t\t\t<div class=\"elementor-gallery-item__overlay\"><\/div>\n\t\t\t\t\t\t\t\t\t\t\t\t\t\t\t<div class=\"elementor-gallery-item__content\">\n\t\t\t\t\t\t\t\t\t\t\t\t\t\t<div class=\"elementor-gallery-item__title\">\n\t\t\t\t\t\t\t\t\t\t\t\t\t\t\t\t\t\tCata de vins tradicionals, Georgia \u00a9 Ana Mar\u00eda Romero Molina\t\t\t\t\t\t\t\t<\/div>\n\t\t\t\t\t\t\t\t\t\t\t\t<\/div>\n\t\t\t\t\t\t\t\t\t<\/a>\n\t\t\t\t\t\t\t<a class=\"e-gallery-item elementor-gallery-item elementor-animated-content\" data-e-gallery-tags=\"13\" href=\"https:\/\/tuaregviatges.es\/concurso\/wp-content\/uploads\/2026\/03\/Georgia-Trek_Mont_Guri-Fermi_Bascompte-2-scaled.jpg\" data-elementor-open-lightbox=\"yes\" data-elementor-lightbox-slideshow=\"c682b89\" data-elementor-lightbox-title=\"Trek Mont Guri, Georgia \u00a9 Ferm\u00ed Bascompte\" data-elementor-lightbox-description=\"Trek Mont Guri, Georgia \u00a9 Ferm\u00ed Bascompte\" data-e-action-hash=\"#elementor-action%3Aaction%3Dlightbox%26settings%3DeyJpZCI6ODQwMCwidXJsIjoiaHR0cHM6XC9cL3R1YXJlZ3ZpYXRnZXMuZXNcL2NvbmN1cnNvXC93cC1jb250ZW50XC91cGxvYWRzXC8yMDI2XC8wM1wvR2VvcmdpYS1UcmVrX01vbnRfR3VyaS1GZXJtaV9CYXNjb21wdGUtMi1zY2FsZWQuanBnIiwic2xpZGVzaG93IjoiYzY4MmI4OSJ9\">\n\t\t\t\t\t<div class=\"e-gallery-image elementor-gallery-item__image\" data-thumbnail=\"https:\/\/tuaregviatges.es\/concurso\/wp-content\/uploads\/2026\/03\/Georgia-Trek_Mont_Guri-Fermi_Bascompte-2-1024x232.jpg\" data-width=\"800\" data-height=\"181\" aria-label=\"Trek Mont Guri, Georgia \u00a9 Ferm\u00ed Bascompte\" role=\"img\" ><\/div>\n\t\t\t\t\t\t\t\t\t\t\t<div class=\"elementor-gallery-item__overlay\"><\/div>\n\t\t\t\t\t\t\t\t\t\t\t\t\t\t\t<div class=\"elementor-gallery-item__content\">\n\t\t\t\t\t\t\t\t\t\t\t\t\t\t<div class=\"elementor-gallery-item__title\">\n\t\t\t\t\t\t\t\t\t\t\t\t\t\t\t\t\t\tTrek Mont Guri, Georgia \u00a9 Ferm\u00ed Bascompte\t\t\t\t\t\t\t\t<\/div>\n\t\t\t\t\t\t\t\t\t\t\t\t<\/div>\n\t\t\t\t\t\t\t\t\t<\/a>\n\t\t\t\t\t\t\t<a class=\"e-gallery-item elementor-gallery-item elementor-animated-content\" data-e-gallery-tags=\"13\" href=\"https:\/\/tuaregviatges.es\/concurso\/wp-content\/uploads\/2026\/02\/Georgia-Ushguli-Miguel_Amoros.jpg\" data-elementor-open-lightbox=\"yes\" data-elementor-lightbox-slideshow=\"c682b89\" data-elementor-lightbox-title=\"Ushguli, Georgia \u00a9 Miguel Amor\u00f3s\" data-elementor-lightbox-description=\"Ushguli, Georgia \u00a9 Miguel Amor\u00f3s\" data-e-action-hash=\"#elementor-action%3Aaction%3Dlightbox%26settings%3DeyJpZCI6ODEzNSwidXJsIjoiaHR0cHM6XC9cL3R1YXJlZ3ZpYXRnZXMuZXNcL2NvbmN1cnNvXC93cC1jb250ZW50XC91cGxvYWRzXC8yMDI2XC8wMlwvR2VvcmdpYS1Vc2hndWxpLU1pZ3VlbF9BbW9yb3MuanBnIiwic2xpZGVzaG93IjoiYzY4MmI4OSJ9\">\n\t\t\t\t\t<div class=\"e-gallery-image elementor-gallery-item__image\" data-thumbnail=\"https:\/\/tuaregviatges.es\/concurso\/wp-content\/uploads\/2026\/02\/Georgia-Ushguli-Miguel_Amoros-1024x768.jpg\" data-width=\"800\" data-height=\"600\" aria-label=\"Ushguli, Georgia \u00a9 Miguel Amor\u00f3s\" role=\"img\" ><\/div>\n\t\t\t\t\t\t\t\t\t\t\t<div class=\"elementor-gallery-item__overlay\"><\/div>\n\t\t\t\t\t\t\t\t\t\t\t\t\t\t\t<div class=\"elementor-gallery-item__content\">\n\t\t\t\t\t\t\t\t\t\t\t\t\t\t<div class=\"elementor-gallery-item__title\">\n\t\t\t\t\t\t\t\t\t\t\t\t\t\t\t\t\t\tUshguli, Georgia \u00a9 Miguel Amor\u00f3s\t\t\t\t\t\t\t\t<\/div>\n\t\t\t\t\t\t\t\t\t\t\t\t<\/div>\n\t\t\t\t\t\t\t\t\t<\/a>\n\t\t\t\t\t\t\t<a class=\"e-gallery-item elementor-gallery-item elementor-animated-content\" data-e-gallery-tags=\"13\" href=\"https:\/\/tuaregviatges.es\/concurso\/wp-content\/uploads\/2026\/04\/Georgia-Chalaadi-Susana_Cardona-1.jpg\" data-elementor-open-lightbox=\"yes\" data-elementor-lightbox-slideshow=\"c682b89\" data-elementor-lightbox-title=\"Chalaadi, Georgia \u00a9 Susana Cardona\" data-elementor-lightbox-description=\"Chalaadi, Georgia \u00a9 Susana Cardona\" data-e-action-hash=\"#elementor-action%3Aaction%3Dlightbox%26settings%3DeyJpZCI6ODU4OSwidXJsIjoiaHR0cHM6XC9cL3R1YXJlZ3ZpYXRnZXMuZXNcL2NvbmN1cnNvXC93cC1jb250ZW50XC91cGxvYWRzXC8yMDI2XC8wNFwvR2VvcmdpYS1DaGFsYWFkaS1TdXNhbmFfQ2FyZG9uYS0xLmpwZyIsInNsaWRlc2hvdyI6ImM2ODJiODkifQ%3D%3D\">\n\t\t\t\t\t<div class=\"e-gallery-image elementor-gallery-item__image\" data-thumbnail=\"https:\/\/tuaregviatges.es\/concurso\/wp-content\/uploads\/2026\/04\/Georgia-Chalaadi-Susana_Cardona-1-1024x683.jpg\" data-width=\"800\" data-height=\"534\" aria-label=\"Chalaadi, Georgia \u00a9 Susana Cardona\" role=\"img\" ><\/div>\n\t\t\t\t\t\t\t\t\t\t\t<div class=\"elementor-gallery-item__overlay\"><\/div>\n\t\t\t\t\t\t\t\t\t\t\t\t\t\t\t<div class=\"elementor-gallery-item__content\">\n\t\t\t\t\t\t\t\t\t\t\t\t\t\t<div class=\"elementor-gallery-item__title\">\n\t\t\t\t\t\t\t\t\t\t\t\t\t\t\t\t\t\tChalaadi, Georgia \u00a9 Susana Cardona\t\t\t\t\t\t\t\t<\/div>\n\t\t\t\t\t\t\t\t\t\t\t\t<\/div>\n\t\t\t\t\t\t\t\t\t<\/a>\n\t\t\t\t\t\t\t<a class=\"e-gallery-item elementor-gallery-item elementor-animated-content\" data-e-gallery-tags=\"13\" href=\"https:\/\/tuaregviatges.es\/concurso\/wp-content\/uploads\/2026\/04\/Georgia-Museo_Stalin-Susana_Cardona.jpg\" data-elementor-open-lightbox=\"yes\" data-elementor-lightbox-slideshow=\"c682b89\" data-elementor-lightbox-title=\"Museo Stalin, Georgia \u00a9 Susana Cardona\" data-elementor-lightbox-description=\"Museo Stalin, Georgia \u00a9 Susana Cardona\" data-e-action-hash=\"#elementor-action%3Aaction%3Dlightbox%26settings%3DeyJpZCI6ODU5MCwidXJsIjoiaHR0cHM6XC9cL3R1YXJlZ3ZpYXRnZXMuZXNcL2NvbmN1cnNvXC93cC1jb250ZW50XC91cGxvYWRzXC8yMDI2XC8wNFwvR2VvcmdpYS1NdXNlb19TdGFsaW4tU3VzYW5hX0NhcmRvbmEuanBnIiwic2xpZGVzaG93IjoiYzY4MmI4OSJ9\">\n\t\t\t\t\t<div class=\"e-gallery-image elementor-gallery-item__image\" data-thumbnail=\"https:\/\/tuaregviatges.es\/concurso\/wp-content\/uploads\/2026\/04\/Georgia-Museo_Stalin-Susana_Cardona-1024x683.jpg\" data-width=\"800\" data-height=\"534\" aria-label=\"Museo Stalin, Georgia \u00a9 Susana Cardona\" role=\"img\" ><\/div>\n\t\t\t\t\t\t\t\t\t\t\t<div class=\"elementor-gallery-item__overlay\"><\/div>\n\t\t\t\t\t\t\t\t\t\t\t\t\t\t\t<div class=\"elementor-gallery-item__content\">\n\t\t\t\t\t\t\t\t\t\t\t\t\t\t<div class=\"elementor-gallery-item__title\">\n\t\t\t\t\t\t\t\t\t\t\t\t\t\t\t\t\t\tMuseo Stalin, Georgia \u00a9 Susana Cardona\t\t\t\t\t\t\t\t<\/div>\n\t\t\t\t\t\t\t\t\t\t\t\t<\/div>\n\t\t\t\t\t\t\t\t\t<\/a>\n\t\t\t\t\t\t\t<a class=\"e-gallery-item elementor-gallery-item elementor-animated-content\" data-e-gallery-tags=\"14\" href=\"https:\/\/tuaregviatges.es\/concurso\/wp-content\/uploads\/2026\/03\/India-del-sur.-Descansando-en-Pondicherry.Araceli-Prieto.jpg\" data-elementor-open-lightbox=\"yes\" data-elementor-lightbox-slideshow=\"c682b89\" data-elementor-lightbox-title=\"Descansando en Pondicherry, India \u00a9 Araceli Prieto\" data-elementor-lightbox-description=\"Descansando en Pondicherry, India \u00a9 Araceli Prieto\" data-e-action-hash=\"#elementor-action%3Aaction%3Dlightbox%26settings%3DeyJpZCI6ODMwNiwidXJsIjoiaHR0cHM6XC9cL3R1YXJlZ3ZpYXRnZXMuZXNcL2NvbmN1cnNvXC93cC1jb250ZW50XC91cGxvYWRzXC8yMDI2XC8wM1wvSW5kaWEtZGVsLXN1ci4tRGVzY2Fuc2FuZG8tZW4tUG9uZGljaGVycnkuQXJhY2VsaS1QcmlldG8uanBnIiwic2xpZGVzaG93IjoiYzY4MmI4OSJ9\">\n\t\t\t\t\t<div class=\"e-gallery-image elementor-gallery-item__image\" data-thumbnail=\"https:\/\/tuaregviatges.es\/concurso\/wp-content\/uploads\/2026\/03\/India-del-sur.-Descansando-en-Pondicherry.Araceli-Prieto.jpg\" data-width=\"640\" data-height=\"359\" aria-label=\"Descansando en Pondicherry, India \u00a9 Araceli Prieto\" role=\"img\" ><\/div>\n\t\t\t\t\t\t\t\t\t\t\t<div class=\"elementor-gallery-item__overlay\"><\/div>\n\t\t\t\t\t\t\t\t\t\t\t\t\t\t\t<div class=\"elementor-gallery-item__content\">\n\t\t\t\t\t\t\t\t\t\t\t\t\t\t<div class=\"elementor-gallery-item__title\">\n\t\t\t\t\t\t\t\t\t\t\t\t\t\t\t\t\t\tDescansando en Pondicherry, India \u00a9 Araceli Prieto\t\t\t\t\t\t\t\t<\/div>\n\t\t\t\t\t\t\t\t\t\t\t\t<\/div>\n\t\t\t\t\t\t\t\t\t<\/a>\n\t\t\t\t\t\t\t<a class=\"e-gallery-item elementor-gallery-item elementor-animated-content\" data-e-gallery-tags=\"14\" href=\"https:\/\/tuaregviatges.es\/concurso\/wp-content\/uploads\/2026\/03\/India-del-sur.escuela.Josep-Vicenc-Guimera.jpg\" data-elementor-open-lightbox=\"yes\" data-elementor-lightbox-slideshow=\"c682b89\" data-elementor-lightbox-title=\"Escuela, India \u00a9 Josep Vicen\u00e7 Guimer\u00e0\" data-elementor-lightbox-description=\"Escuela, India \u00a9 Josep Vicen\u00e7 Guimer\u00e0\" data-e-action-hash=\"#elementor-action%3Aaction%3Dlightbox%26settings%3DeyJpZCI6ODMxNSwidXJsIjoiaHR0cHM6XC9cL3R1YXJlZ3ZpYXRnZXMuZXNcL2NvbmN1cnNvXC93cC1jb250ZW50XC91cGxvYWRzXC8yMDI2XC8wM1wvSW5kaWEtZGVsLXN1ci5lc2N1ZWxhLkpvc2VwLVZpY2VuYy1HdWltZXJhLmpwZyIsInNsaWRlc2hvdyI6ImM2ODJiODkifQ%3D%3D\">\n\t\t\t\t\t<div class=\"e-gallery-image elementor-gallery-item__image\" data-thumbnail=\"https:\/\/tuaregviatges.es\/concurso\/wp-content\/uploads\/2026\/03\/India-del-sur.escuela.Josep-Vicenc-Guimera-1024x576.jpg\" data-width=\"800\" data-height=\"450\" aria-label=\"Escuela, India \u00a9 Josep Vicen\u00e7 Guimer\u00e0\" role=\"img\" ><\/div>\n\t\t\t\t\t\t\t\t\t\t\t<div class=\"elementor-gallery-item__overlay\"><\/div>\n\t\t\t\t\t\t\t\t\t\t\t\t\t\t\t<div class=\"elementor-gallery-item__content\">\n\t\t\t\t\t\t\t\t\t\t\t\t\t\t<div class=\"elementor-gallery-item__title\">\n\t\t\t\t\t\t\t\t\t\t\t\t\t\t\t\t\t\tEscuela, India \u00a9 Josep Vicen\u00e7 Guimer\u00e0\t\t\t\t\t\t\t\t<\/div>\n\t\t\t\t\t\t\t\t\t\t\t\t<\/div>\n\t\t\t\t\t\t\t\t\t<\/a>\n\t\t\t\t\t\t\t<a class=\"e-gallery-item elementor-gallery-item elementor-animated-content\" data-e-gallery-tags=\"14\" href=\"https:\/\/tuaregviatges.es\/concurso\/wp-content\/uploads\/2026\/02\/India-sur-Atardecer-en-Mysure-Josep-Vicenc-Guimera-scaled.jpg\" data-elementor-open-lightbox=\"yes\" data-elementor-lightbox-slideshow=\"c682b89\" data-elementor-lightbox-title=\"Atardecer en Mysure, India \u00a9 Josep Vicen\u00e7 Guimer\u00e0\" data-elementor-lightbox-description=\"Atardecer en Mysure, India \u00a9 Josep Vicen\u00e7 Guimer\u00e0\" data-e-action-hash=\"#elementor-action%3Aaction%3Dlightbox%26settings%3DeyJpZCI6ODI1NiwidXJsIjoiaHR0cHM6XC9cL3R1YXJlZ3ZpYXRnZXMuZXNcL2NvbmN1cnNvXC93cC1jb250ZW50XC91cGxvYWRzXC8yMDI2XC8wMlwvSW5kaWEtc3VyLUF0YXJkZWNlci1lbi1NeXN1cmUtSm9zZXAtVmljZW5jLUd1aW1lcmEtc2NhbGVkLmpwZyIsInNsaWRlc2hvdyI6ImM2ODJiODkifQ%3D%3D\">\n\t\t\t\t\t<div class=\"e-gallery-image elementor-gallery-item__image\" data-thumbnail=\"https:\/\/tuaregviatges.es\/concurso\/wp-content\/uploads\/2026\/02\/India-sur-Atardecer-en-Mysure-Josep-Vicenc-Guimera-1024x576.jpg\" data-width=\"800\" data-height=\"450\" aria-label=\"Atardecer en Mysure, India \u00a9 Josep Vicen\u00e7 Guimer\u00e0\" role=\"img\" ><\/div>\n\t\t\t\t\t\t\t\t\t\t\t<div class=\"elementor-gallery-item__overlay\"><\/div>\n\t\t\t\t\t\t\t\t\t\t\t\t\t\t\t<div class=\"elementor-gallery-item__content\">\n\t\t\t\t\t\t\t\t\t\t\t\t\t\t<div class=\"elementor-gallery-item__title\">\n\t\t\t\t\t\t\t\t\t\t\t\t\t\t\t\t\t\tAtardecer en Mysure, India \u00a9 Josep Vicen\u00e7 Guimer\u00e0\t\t\t\t\t\t\t\t<\/div>\n\t\t\t\t\t\t\t\t\t\t\t\t<\/div>\n\t\t\t\t\t\t\t\t\t<\/a>\n\t\t\t\t\t\t\t<a class=\"e-gallery-item elementor-gallery-item elementor-animated-content\" data-e-gallery-tags=\"14\" href=\"https:\/\/tuaregviatges.es\/concurso\/wp-content\/uploads\/2026\/03\/India-del-sur.Mirando-el-templo.Araceli-Prieto.jpg\" data-elementor-open-lightbox=\"yes\" data-elementor-lightbox-slideshow=\"c682b89\" data-elementor-lightbox-title=\"Mirando el templo, India \u00a9 Araceli Prieto\" data-elementor-lightbox-description=\"Mirando el templo, India \u00a9 Araceli Prieto\" data-e-action-hash=\"#elementor-action%3Aaction%3Dlightbox%26settings%3DeyJpZCI6ODMwOCwidXJsIjoiaHR0cHM6XC9cL3R1YXJlZ3ZpYXRnZXMuZXNcL2NvbmN1cnNvXC93cC1jb250ZW50XC91cGxvYWRzXC8yMDI2XC8wM1wvSW5kaWEtZGVsLXN1ci5NaXJhbmRvLWVsLXRlbXBsby5BcmFjZWxpLVByaWV0by5qcGciLCJzbGlkZXNob3ciOiJjNjgyYjg5In0%3D\">\n\t\t\t\t\t<div class=\"e-gallery-image elementor-gallery-item__image\" data-thumbnail=\"https:\/\/tuaregviatges.es\/concurso\/wp-content\/uploads\/2026\/03\/India-del-sur.Mirando-el-templo.Araceli-Prieto.jpg\" data-width=\"640\" data-height=\"360\" aria-label=\"Mirando el templo, India \u00a9 Araceli Prieto\" role=\"img\" ><\/div>\n\t\t\t\t\t\t\t\t\t\t\t<div class=\"elementor-gallery-item__overlay\"><\/div>\n\t\t\t\t\t\t\t\t\t\t\t\t\t\t\t<div class=\"elementor-gallery-item__content\">\n\t\t\t\t\t\t\t\t\t\t\t\t\t\t<div class=\"elementor-gallery-item__title\">\n\t\t\t\t\t\t\t\t\t\t\t\t\t\t\t\t\t\tMirando el templo, India \u00a9 Araceli Prieto\t\t\t\t\t\t\t\t<\/div>\n\t\t\t\t\t\t\t\t\t\t\t\t<\/div>\n\t\t\t\t\t\t\t\t\t<\/a>\n\t\t\t\t\t\t\t<a class=\"e-gallery-item elementor-gallery-item elementor-animated-content\" data-e-gallery-tags=\"14\" href=\"https:\/\/tuaregviatges.es\/concurso\/wp-content\/uploads\/2026\/03\/India-del-sur.-La-hora-del-te.-Araceli-Prieto.jpg\" data-elementor-open-lightbox=\"yes\" data-elementor-lightbox-slideshow=\"c682b89\" data-elementor-lightbox-title=\"La hora del te, India \u00a9 Araceli Prieto\" data-elementor-lightbox-description=\"La hora del te, India \u00a9 Araceli Prieto\" data-e-action-hash=\"#elementor-action%3Aaction%3Dlightbox%26settings%3DeyJpZCI6ODMwNywidXJsIjoiaHR0cHM6XC9cL3R1YXJlZ3ZpYXRnZXMuZXNcL2NvbmN1cnNvXC93cC1jb250ZW50XC91cGxvYWRzXC8yMDI2XC8wM1wvSW5kaWEtZGVsLXN1ci4tTGEtaG9yYS1kZWwtdGUuLUFyYWNlbGktUHJpZXRvLmpwZyIsInNsaWRlc2hvdyI6ImM2ODJiODkifQ%3D%3D\">\n\t\t\t\t\t<div class=\"e-gallery-image elementor-gallery-item__image\" data-thumbnail=\"https:\/\/tuaregviatges.es\/concurso\/wp-content\/uploads\/2026\/03\/India-del-sur.-La-hora-del-te.-Araceli-Prieto.jpg\" data-width=\"640\" data-height=\"359\" aria-label=\"La hora del te, India \u00a9 Araceli Prieto\" role=\"img\" ><\/div>\n\t\t\t\t\t\t\t\t\t\t\t<div class=\"elementor-gallery-item__overlay\"><\/div>\n\t\t\t\t\t\t\t\t\t\t\t\t\t\t\t<div class=\"elementor-gallery-item__content\">\n\t\t\t\t\t\t\t\t\t\t\t\t\t\t<div class=\"elementor-gallery-item__title\">\n\t\t\t\t\t\t\t\t\t\t\t\t\t\t\t\t\t\tLa hora del te, India \u00a9 Araceli Prieto\t\t\t\t\t\t\t\t<\/div>\n\t\t\t\t\t\t\t\t\t\t\t\t<\/div>\n\t\t\t\t\t\t\t\t\t<\/a>\n\t\t\t\t\t\t\t<a class=\"e-gallery-item elementor-gallery-item elementor-animated-content\" data-e-gallery-tags=\"14\" href=\"https:\/\/tuaregviatges.es\/concurso\/wp-content\/uploads\/2026\/03\/India-del-sur.Sastre.Josep-Vicenc-Guimera-scaled.jpg\" data-elementor-open-lightbox=\"yes\" data-elementor-lightbox-slideshow=\"c682b89\" data-elementor-lightbox-title=\"Sastre, India \u00a9 Josep Vicen\u00e7 Guimer\u00e0\" data-elementor-lightbox-description=\"Sastre, India \u00a9 Josep Vicen\u00e7 Guimer\u00e0\" data-e-action-hash=\"#elementor-action%3Aaction%3Dlightbox%26settings%3DeyJpZCI6ODMxNywidXJsIjoiaHR0cHM6XC9cL3R1YXJlZ3ZpYXRnZXMuZXNcL2NvbmN1cnNvXC93cC1jb250ZW50XC91cGxvYWRzXC8yMDI2XC8wM1wvSW5kaWEtZGVsLXN1ci5TYXN0cmUuSm9zZXAtVmljZW5jLUd1aW1lcmEtc2NhbGVkLmpwZyIsInNsaWRlc2hvdyI6ImM2ODJiODkifQ%3D%3D\">\n\t\t\t\t\t<div class=\"e-gallery-image elementor-gallery-item__image\" data-thumbnail=\"https:\/\/tuaregviatges.es\/concurso\/wp-content\/uploads\/2026\/03\/India-del-sur.Sastre.Josep-Vicenc-Guimera-1024x576.jpg\" data-width=\"800\" data-height=\"450\" aria-label=\"Sastre, India \u00a9 Josep Vicen\u00e7 Guimer\u00e0\" role=\"img\" ><\/div>\n\t\t\t\t\t\t\t\t\t\t\t<div class=\"elementor-gallery-item__overlay\"><\/div>\n\t\t\t\t\t\t\t\t\t\t\t\t\t\t\t<div class=\"elementor-gallery-item__content\">\n\t\t\t\t\t\t\t\t\t\t\t\t\t\t<div class=\"elementor-gallery-item__title\">\n\t\t\t\t\t\t\t\t\t\t\t\t\t\t\t\t\t\tSastre, India \u00a9 Josep Vicen\u00e7 Guimer\u00e0\t\t\t\t\t\t\t\t<\/div>\n\t\t\t\t\t\t\t\t\t\t\t\t<\/div>\n\t\t\t\t\t\t\t\t\t<\/a>\n\t\t\t\t\t\t\t<a class=\"e-gallery-item elementor-gallery-item elementor-animated-content\" data-e-gallery-tags=\"14\" href=\"https:\/\/tuaregviatges.es\/concurso\/wp-content\/uploads\/2026\/03\/India-del-sur.Posando.Araceli-Prieto.jpg\" data-elementor-open-lightbox=\"yes\" data-elementor-lightbox-slideshow=\"c682b89\" data-elementor-lightbox-title=\"Posando, India \u00a9 Araceli Prieto\" data-elementor-lightbox-description=\"Posando, India \u00a9 Araceli Prieto\" data-e-action-hash=\"#elementor-action%3Aaction%3Dlightbox%26settings%3DeyJpZCI6ODMwOSwidXJsIjoiaHR0cHM6XC9cL3R1YXJlZ3ZpYXRnZXMuZXNcL2NvbmN1cnNvXC93cC1jb250ZW50XC91cGxvYWRzXC8yMDI2XC8wM1wvSW5kaWEtZGVsLXN1ci5Qb3NhbmRvLkFyYWNlbGktUHJpZXRvLmpwZyIsInNsaWRlc2hvdyI6ImM2ODJiODkifQ%3D%3D\">\n\t\t\t\t\t<div class=\"e-gallery-image elementor-gallery-item__image\" data-thumbnail=\"https:\/\/tuaregviatges.es\/concurso\/wp-content\/uploads\/2026\/03\/India-del-sur.Posando.Araceli-Prieto.jpg\" data-width=\"640\" data-height=\"365\" aria-label=\"Posando, India \u00a9 Araceli Prieto\" role=\"img\" ><\/div>\n\t\t\t\t\t\t\t\t\t\t\t<div class=\"elementor-gallery-item__overlay\"><\/div>\n\t\t\t\t\t\t\t\t\t\t\t\t\t\t\t<div class=\"elementor-gallery-item__content\">\n\t\t\t\t\t\t\t\t\t\t\t\t\t\t<div class=\"elementor-gallery-item__title\">\n\t\t\t\t\t\t\t\t\t\t\t\t\t\t\t\t\t\tPosando, India \u00a9 Araceli Prieto\t\t\t\t\t\t\t\t<\/div>\n\t\t\t\t\t\t\t\t\t\t\t\t<\/div>\n\t\t\t\t\t\t\t\t\t<\/a>\n\t\t\t\t\t\t\t<a class=\"e-gallery-item elementor-gallery-item elementor-animated-content\" data-e-gallery-tags=\"14\" href=\"https:\/\/tuaregviatges.es\/concurso\/wp-content\/uploads\/2026\/04\/India-Bus-hindu-Jordi-Font.jpg\" data-elementor-open-lightbox=\"yes\" data-elementor-lightbox-slideshow=\"c682b89\" data-elementor-lightbox-title=\"Bus hind\u00fa, India \u00a9 Jordi Font\" data-elementor-lightbox-description=\"Bus hind\u00fa, India \u00a9 Jordi Font\" data-e-action-hash=\"#elementor-action%3Aaction%3Dlightbox%26settings%3DeyJpZCI6ODUxNywidXJsIjoiaHR0cHM6XC9cL3R1YXJlZ3ZpYXRnZXMuZXNcL2NvbmN1cnNvXC93cC1jb250ZW50XC91cGxvYWRzXC8yMDI2XC8wNFwvSW5kaWEtQnVzLWhpbmR1LUpvcmRpLUZvbnQuanBnIiwic2xpZGVzaG93IjoiYzY4MmI4OSJ9\">\n\t\t\t\t\t<div class=\"e-gallery-image elementor-gallery-item__image\" data-thumbnail=\"https:\/\/tuaregviatges.es\/concurso\/wp-content\/uploads\/2026\/04\/India-Bus-hindu-Jordi-Font-731x1024.jpg\" data-width=\"731\" data-height=\"1024\" aria-label=\"Bus hind\u00fa, India \u00a9 Jordi Font\" role=\"img\" ><\/div>\n\t\t\t\t\t\t\t\t\t\t\t<div class=\"elementor-gallery-item__overlay\"><\/div>\n\t\t\t\t\t\t\t\t\t\t\t\t\t\t\t<div class=\"elementor-gallery-item__content\">\n\t\t\t\t\t\t\t\t\t\t\t\t\t\t<div class=\"elementor-gallery-item__title\">\n\t\t\t\t\t\t\t\t\t\t\t\t\t\t\t\t\t\tBus hind\u00fa, India \u00a9 Jordi Font\t\t\t\t\t\t\t\t<\/div>\n\t\t\t\t\t\t\t\t\t\t\t\t<\/div>\n\t\t\t\t\t\t\t\t\t<\/a>\n\t\t\t\t\t\t\t<a class=\"e-gallery-item elementor-gallery-item elementor-animated-content\" data-e-gallery-tags=\"14\" href=\"https:\/\/tuaregviatges.es\/concurso\/wp-content\/uploads\/2026\/02\/India-sur.Bailarin-de-Kathakali-Kochin-Josep-Vicenc-Guimera.jpg\" data-elementor-open-lightbox=\"yes\" data-elementor-lightbox-slideshow=\"c682b89\" data-elementor-lightbox-title=\"Bailar\u00edn de Kathakali Kochin, India \u00a9 Josep Vicen\u00e7 Guimer\u00e0\" data-elementor-lightbox-description=\"Bailar\u00edn de Kathakali Kochin, India \u00a9 Josep Vicen\u00e7 Guimer\u00e0\" data-e-action-hash=\"#elementor-action%3Aaction%3Dlightbox%26settings%3DeyJpZCI6ODI1NywidXJsIjoiaHR0cHM6XC9cL3R1YXJlZ3ZpYXRnZXMuZXNcL2NvbmN1cnNvXC93cC1jb250ZW50XC91cGxvYWRzXC8yMDI2XC8wMlwvSW5kaWEtc3VyLkJhaWxhcmluLWRlLUthdGhha2FsaS1Lb2NoaW4tSm9zZXAtVmljZW5jLUd1aW1lcmEuanBnIiwic2xpZGVzaG93IjoiYzY4MmI4OSJ9\">\n\t\t\t\t\t<div class=\"e-gallery-image elementor-gallery-item__image\" data-thumbnail=\"https:\/\/tuaregviatges.es\/concurso\/wp-content\/uploads\/2026\/02\/India-sur.Bailarin-de-Kathakali-Kochin-Josep-Vicenc-Guimera-1024x576.jpg\" data-width=\"800\" data-height=\"450\" aria-label=\"Bailar\u00edn de Kathakali Kochin, India \u00a9 Josep Vicen\u00e7 Guimer\u00e0\" role=\"img\" ><\/div>\n\t\t\t\t\t\t\t\t\t\t\t<div class=\"elementor-gallery-item__overlay\"><\/div>\n\t\t\t\t\t\t\t\t\t\t\t\t\t\t\t<div class=\"elementor-gallery-item__content\">\n\t\t\t\t\t\t\t\t\t\t\t\t\t\t<div class=\"elementor-gallery-item__title\">\n\t\t\t\t\t\t\t\t\t\t\t\t\t\t\t\t\t\tBailar\u00edn de Kathakali Kochin, India \u00a9 Josep Vicen\u00e7 Guimer\u00e0\t\t\t\t\t\t\t\t<\/div>\n\t\t\t\t\t\t\t\t\t\t\t\t<\/div>\n\t\t\t\t\t\t\t\t\t<\/a>\n\t\t\t\t\t\t\t<a class=\"e-gallery-item elementor-gallery-item elementor-animated-content\" data-e-gallery-tags=\"14\" href=\"https:\/\/tuaregviatges.es\/concurso\/wp-content\/uploads\/2026\/04\/India-Mirant-la-camara-Jordi-Font.jpg\" data-elementor-open-lightbox=\"yes\" data-elementor-lightbox-slideshow=\"c682b89\" data-elementor-lightbox-title=\"Mirant la c\u00e1mara, India \u00a9 Jordi Font\" data-elementor-lightbox-description=\"Mirant la c\u00e1mara, India \u00a9 Jordi Font\" data-e-action-hash=\"#elementor-action%3Aaction%3Dlightbox%26settings%3DeyJpZCI6ODUyMCwidXJsIjoiaHR0cHM6XC9cL3R1YXJlZ3ZpYXRnZXMuZXNcL2NvbmN1cnNvXC93cC1jb250ZW50XC91cGxvYWRzXC8yMDI2XC8wNFwvSW5kaWEtTWlyYW50LWxhLWNhbWFyYS1Kb3JkaS1Gb250LmpwZyIsInNsaWRlc2hvdyI6ImM2ODJiODkifQ%3D%3D\">\n\t\t\t\t\t<div class=\"e-gallery-image elementor-gallery-item__image\" data-thumbnail=\"https:\/\/tuaregviatges.es\/concurso\/wp-content\/uploads\/2026\/04\/India-Mirant-la-camara-Jordi-Font-1024x747.jpg\" data-width=\"800\" data-height=\"584\" aria-label=\"Mirant la c\u00e1mara, India \u00a9 Jordi Font\" role=\"img\" ><\/div>\n\t\t\t\t\t\t\t\t\t\t\t<div class=\"elementor-gallery-item__overlay\"><\/div>\n\t\t\t\t\t\t\t\t\t\t\t\t\t\t\t<div class=\"elementor-gallery-item__content\">\n\t\t\t\t\t\t\t\t\t\t\t\t\t\t<div class=\"elementor-gallery-item__title\">\n\t\t\t\t\t\t\t\t\t\t\t\t\t\t\t\t\t\tMirant la c\u00e1mara, India \u00a9 Jordi Font\t\t\t\t\t\t\t\t<\/div>\n\t\t\t\t\t\t\t\t\t\t\t\t<\/div>\n\t\t\t\t\t\t\t\t\t<\/a>\n\t\t\t\t\t\t\t<a class=\"e-gallery-item elementor-gallery-item elementor-animated-content\" data-e-gallery-tags=\"14\" href=\"https:\/\/tuaregviatges.es\/concurso\/wp-content\/uploads\/2026\/04\/India-Pre-Casament-Teresa-Rost.jpg\" data-elementor-open-lightbox=\"yes\" data-elementor-lightbox-slideshow=\"c682b89\" data-elementor-lightbox-title=\"Pre Casament, India \u00a9 Teresa Rost\" data-elementor-lightbox-description=\"Pre Casament, India \u00a9 Teresa Rost\" data-e-action-hash=\"#elementor-action%3Aaction%3Dlightbox%26settings%3DeyJpZCI6ODUxMywidXJsIjoiaHR0cHM6XC9cL3R1YXJlZ3ZpYXRnZXMuZXNcL2NvbmN1cnNvXC93cC1jb250ZW50XC91cGxvYWRzXC8yMDI2XC8wNFwvSW5kaWEtUHJlLUNhc2FtZW50LVRlcmVzYS1Sb3N0LmpwZyIsInNsaWRlc2hvdyI6ImM2ODJiODkifQ%3D%3D\">\n\t\t\t\t\t<div class=\"e-gallery-image elementor-gallery-item__image\" data-thumbnail=\"https:\/\/tuaregviatges.es\/concurso\/wp-content\/uploads\/2026\/04\/India-Pre-Casament-Teresa-Rost-731x1024.jpg\" data-width=\"731\" data-height=\"1024\" aria-label=\"Pre Casament, India \u00a9 Teresa Rost\" role=\"img\" ><\/div>\n\t\t\t\t\t\t\t\t\t\t\t<div class=\"elementor-gallery-item__overlay\"><\/div>\n\t\t\t\t\t\t\t\t\t\t\t\t\t\t\t<div class=\"elementor-gallery-item__content\">\n\t\t\t\t\t\t\t\t\t\t\t\t\t\t<div class=\"elementor-gallery-item__title\">\n\t\t\t\t\t\t\t\t\t\t\t\t\t\t\t\t\t\tPre Casament, India \u00a9 Teresa Rost\t\t\t\t\t\t\t\t<\/div>\n\t\t\t\t\t\t\t\t\t\t\t\t<\/div>\n\t\t\t\t\t\t\t\t\t<\/a>\n\t\t\t\t\t\t\t<a class=\"e-gallery-item elementor-gallery-item elementor-animated-content\" data-e-gallery-tags=\"15\" href=\"https:\/\/tuaregviatges.es\/concurso\/wp-content\/uploads\/2026\/02\/Indonesia-Eduardo-Vazquez-2.jpg\" data-elementor-open-lightbox=\"yes\" data-elementor-lightbox-slideshow=\"c682b89\" data-elementor-lightbox-title=\"Indonesia 2 \u00a9 Eduardo V\u00e1zquez\" data-elementor-lightbox-description=\"Indonesia 2 \u00a9 Eduardo V\u00e1zquez\" data-e-action-hash=\"#elementor-action%3Aaction%3Dlightbox%26settings%3DeyJpZCI6ODI4MSwidXJsIjoiaHR0cHM6XC9cL3R1YXJlZ3ZpYXRnZXMuZXNcL2NvbmN1cnNvXC93cC1jb250ZW50XC91cGxvYWRzXC8yMDI2XC8wMlwvSW5kb25lc2lhLUVkdWFyZG8tVmF6cXVlei0yLmpwZyIsInNsaWRlc2hvdyI6ImM2ODJiODkifQ%3D%3D\">\n\t\t\t\t\t<div class=\"e-gallery-image elementor-gallery-item__image\" data-thumbnail=\"https:\/\/tuaregviatges.es\/concurso\/wp-content\/uploads\/2026\/02\/Indonesia-Eduardo-Vazquez-2-768x1024.jpg\" data-width=\"768\" data-height=\"1024\" aria-label=\"Indonesia 2 \u00a9 Eduardo V\u00e1zquez\" role=\"img\" ><\/div>\n\t\t\t\t\t\t\t\t\t\t\t<div class=\"elementor-gallery-item__overlay\"><\/div>\n\t\t\t\t\t\t\t\t\t\t\t\t\t\t\t<div class=\"elementor-gallery-item__content\">\n\t\t\t\t\t\t\t\t\t\t\t\t\t\t<div class=\"elementor-gallery-item__title\">\n\t\t\t\t\t\t\t\t\t\t\t\t\t\t\t\t\t\tIndonesia 2 \u00a9 Eduardo V\u00e1zquez\t\t\t\t\t\t\t\t<\/div>\n\t\t\t\t\t\t\t\t\t\t\t\t<\/div>\n\t\t\t\t\t\t\t\t\t<\/a>\n\t\t\t\t\t\t\t<a class=\"e-gallery-item elementor-gallery-item elementor-animated-content\" data-e-gallery-tags=\"16\" href=\"https:\/\/tuaregviatges.es\/concurso\/wp-content\/uploads\/2026\/04\/Japo-ceremonia-Nuria-Bayo.jpg\" data-elementor-open-lightbox=\"yes\" data-elementor-lightbox-slideshow=\"c682b89\" data-elementor-lightbox-title=\"Ceremonia, Jap\u00f3n \u00a9 Nuria Bayo\" data-elementor-lightbox-description=\"Ceremonia, Jap\u00f3n \u00a9 Nuria Bayo\" data-e-action-hash=\"#elementor-action%3Aaction%3Dlightbox%26settings%3DeyJpZCI6ODUyOSwidXJsIjoiaHR0cHM6XC9cL3R1YXJlZ3ZpYXRnZXMuZXNcL2NvbmN1cnNvXC93cC1jb250ZW50XC91cGxvYWRzXC8yMDI2XC8wNFwvSmFwby1jZXJlbW9uaWEtTnVyaWEtQmF5by5qcGciLCJzbGlkZXNob3ciOiJjNjgyYjg5In0%3D\">\n\t\t\t\t\t<div class=\"e-gallery-image elementor-gallery-item__image\" data-thumbnail=\"https:\/\/tuaregviatges.es\/concurso\/wp-content\/uploads\/2026\/04\/Japo-ceremonia-Nuria-Bayo-767x1024.jpg\" data-width=\"767\" data-height=\"1024\" aria-label=\"Ceremonia, Jap\u00f3n \u00a9 Nuria Bayo\" role=\"img\" ><\/div>\n\t\t\t\t\t\t\t\t\t\t\t<div class=\"elementor-gallery-item__overlay\"><\/div>\n\t\t\t\t\t\t\t\t\t\t\t\t\t\t\t<div class=\"elementor-gallery-item__content\">\n\t\t\t\t\t\t\t\t\t\t\t\t\t\t<div class=\"elementor-gallery-item__title\">\n\t\t\t\t\t\t\t\t\t\t\t\t\t\t\t\t\t\tCeremonia, Jap\u00f3n \u00a9 Nuria Bayo\t\t\t\t\t\t\t\t<\/div>\n\t\t\t\t\t\t\t\t\t\t\t\t<\/div>\n\t\t\t\t\t\t\t\t\t<\/a>\n\t\t\t\t\t\t\t<a class=\"e-gallery-item elementor-gallery-item elementor-animated-content\" data-e-gallery-tags=\"16\" href=\"https:\/\/tuaregviatges.es\/concurso\/wp-content\/uploads\/2026\/04\/Japo-tradicions-Nuria-Bayo.jpg\" data-elementor-open-lightbox=\"yes\" data-elementor-lightbox-slideshow=\"c682b89\" data-elementor-lightbox-title=\"Tradicions, Jap\u00f3n \u00a9 Nuria Bayo\" data-elementor-lightbox-description=\"Tradicions, Jap\u00f3n \u00a9 Nuria Bayo\" data-e-action-hash=\"#elementor-action%3Aaction%3Dlightbox%26settings%3DeyJpZCI6ODUyOCwidXJsIjoiaHR0cHM6XC9cL3R1YXJlZ3ZpYXRnZXMuZXNcL2NvbmN1cnNvXC93cC1jb250ZW50XC91cGxvYWRzXC8yMDI2XC8wNFwvSmFwby10cmFkaWNpb25zLU51cmlhLUJheW8uanBnIiwic2xpZGVzaG93IjoiYzY4MmI4OSJ9\">\n\t\t\t\t\t<div class=\"e-gallery-image elementor-gallery-item__image\" data-thumbnail=\"https:\/\/tuaregviatges.es\/concurso\/wp-content\/uploads\/2026\/04\/Japo-tradicions-Nuria-Bayo-768x1024.jpg\" data-width=\"768\" data-height=\"1024\" aria-label=\"Tradicions, Jap\u00f3n \u00a9 Nuria Bayo\" role=\"img\" ><\/div>\n\t\t\t\t\t\t\t\t\t\t\t<div class=\"elementor-gallery-item__overlay\"><\/div>\n\t\t\t\t\t\t\t\t\t\t\t\t\t\t\t<div class=\"elementor-gallery-item__content\">\n\t\t\t\t\t\t\t\t\t\t\t\t\t\t<div class=\"elementor-gallery-item__title\">\n\t\t\t\t\t\t\t\t\t\t\t\t\t\t\t\t\t\tTradicions, Jap\u00f3n \u00a9 Nuria Bayo\t\t\t\t\t\t\t\t<\/div>\n\t\t\t\t\t\t\t\t\t\t\t\t<\/div>\n\t\t\t\t\t\t\t\t\t<\/a>\n\t\t\t\t\t\t\t<a class=\"e-gallery-item elementor-gallery-item elementor-animated-content\" data-e-gallery-tags=\"16\" href=\"https:\/\/tuaregviatges.es\/concurso\/wp-content\/uploads\/2026\/04\/Japon-Araceli-Anguita-2.jpg\" data-elementor-open-lightbox=\"yes\" data-elementor-lightbox-slideshow=\"c682b89\" data-elementor-lightbox-title=\"Jap\u00f3n \u00a9 Araceli Anguita\" data-elementor-lightbox-description=\"Jap\u00f3n \u00a9 Araceli Anguita\" data-e-action-hash=\"#elementor-action%3Aaction%3Dlightbox%26settings%3DeyJpZCI6ODUzMSwidXJsIjoiaHR0cHM6XC9cL3R1YXJlZ3ZpYXRnZXMuZXNcL2NvbmN1cnNvXC93cC1jb250ZW50XC91cGxvYWRzXC8yMDI2XC8wNFwvSmFwb24tQXJhY2VsaS1Bbmd1aXRhLTIuanBnIiwic2xpZGVzaG93IjoiYzY4MmI4OSJ9\">\n\t\t\t\t\t<div class=\"e-gallery-image elementor-gallery-item__image\" data-thumbnail=\"https:\/\/tuaregviatges.es\/concurso\/wp-content\/uploads\/2026\/04\/Japon-Araceli-Anguita-2-1024x769.jpg\" data-width=\"800\" data-height=\"601\" aria-label=\"Jap\u00f3n \u00a9 Araceli Anguita\" role=\"img\" ><\/div>\n\t\t\t\t\t\t\t\t\t\t\t<div class=\"elementor-gallery-item__overlay\"><\/div>\n\t\t\t\t\t\t\t\t\t\t\t\t\t\t\t<div class=\"elementor-gallery-item__content\">\n\t\t\t\t\t\t\t\t\t\t\t\t\t\t<div class=\"elementor-gallery-item__title\">\n\t\t\t\t\t\t\t\t\t\t\t\t\t\t\t\t\t\tJap\u00f3n \u00a9 Araceli Anguita\t\t\t\t\t\t\t\t<\/div>\n\t\t\t\t\t\t\t\t\t\t\t\t<\/div>\n\t\t\t\t\t\t\t\t\t<\/a>\n\t\t\t\t\t\t\t<a class=\"e-gallery-item elementor-gallery-item elementor-animated-content\" data-e-gallery-tags=\"16\" href=\"https:\/\/tuaregviatges.es\/concurso\/wp-content\/uploads\/2026\/04\/Japo-modernitat-Nuria-Bayo-scaled.jpg\" data-elementor-open-lightbox=\"yes\" data-elementor-lightbox-slideshow=\"c682b89\" data-elementor-lightbox-title=\"Consum, Jap\u00f3n \u00a9 Nuria Bayo\" data-elementor-lightbox-description=\"Consum, Jap\u00f3n \u00a9 Nuria Bayo\" data-e-action-hash=\"#elementor-action%3Aaction%3Dlightbox%26settings%3DeyJpZCI6ODUyNiwidXJsIjoiaHR0cHM6XC9cL3R1YXJlZ3ZpYXRnZXMuZXNcL2NvbmN1cnNvXC93cC1jb250ZW50XC91cGxvYWRzXC8yMDI2XC8wNFwvSmFwby1tb2Rlcm5pdGF0LU51cmlhLUJheW8tc2NhbGVkLmpwZyIsInNsaWRlc2hvdyI6ImM2ODJiODkifQ%3D%3D\">\n\t\t\t\t\t<div class=\"e-gallery-image elementor-gallery-item__image\" data-thumbnail=\"https:\/\/tuaregviatges.es\/concurso\/wp-content\/uploads\/2026\/04\/Japo-modernitat-Nuria-Bayo-768x1024.jpg\" data-width=\"768\" data-height=\"1024\" aria-label=\"Consum, Jap\u00f3n \u00a9 Nuria Bayo\" role=\"img\" ><\/div>\n\t\t\t\t\t\t\t\t\t\t\t<div class=\"elementor-gallery-item__overlay\"><\/div>\n\t\t\t\t\t\t\t\t\t\t\t\t\t\t\t<div class=\"elementor-gallery-item__content\">\n\t\t\t\t\t\t\t\t\t\t\t\t\t\t<div class=\"elementor-gallery-item__title\">\n\t\t\t\t\t\t\t\t\t\t\t\t\t\t\t\t\t\tConsum, Jap\u00f3n \u00a9 Nuria Bayo\t\t\t\t\t\t\t\t<\/div>\n\t\t\t\t\t\t\t\t\t\t\t\t<\/div>\n\t\t\t\t\t\t\t\t\t<\/a>\n\t\t\t\t\t\t\t<a class=\"e-gallery-item elementor-gallery-item elementor-animated-content\" data-e-gallery-tags=\"17\" href=\"https:\/\/tuaregviatges.es\/concurso\/wp-content\/uploads\/2026\/03\/Jordamia-Wadi-Rum-petitesa-Sonia-Celades.jpg\" data-elementor-open-lightbox=\"yes\" data-elementor-lightbox-slideshow=\"c682b89\" data-elementor-lightbox-title=\"Petitesa, Wadi Rum, Jordania \u00a9 Sonia Celades\" data-elementor-lightbox-description=\"Petitesa, Wadi Rum, Jordania \u00a9 Sonia Celades\" data-e-action-hash=\"#elementor-action%3Aaction%3Dlightbox%26settings%3DeyJpZCI6ODQ4MiwidXJsIjoiaHR0cHM6XC9cL3R1YXJlZ3ZpYXRnZXMuZXNcL2NvbmN1cnNvXC93cC1jb250ZW50XC91cGxvYWRzXC8yMDI2XC8wM1wvSm9yZGFtaWEtV2FkaS1SdW0tcGV0aXRlc2EtU29uaWEtQ2VsYWRlcy5qcGciLCJzbGlkZXNob3ciOiJjNjgyYjg5In0%3D\">\n\t\t\t\t\t<div class=\"e-gallery-image elementor-gallery-item__image\" data-thumbnail=\"https:\/\/tuaregviatges.es\/concurso\/wp-content\/uploads\/2026\/03\/Jordamia-Wadi-Rum-petitesa-Sonia-Celades.jpg\" data-width=\"800\" data-height=\"600\" aria-label=\"Petitesa, Wadi Rum, Jordania \u00a9 Sonia Celades\" role=\"img\" ><\/div>\n\t\t\t\t\t\t\t\t\t\t\t<div class=\"elementor-gallery-item__overlay\"><\/div>\n\t\t\t\t\t\t\t\t\t\t\t\t\t\t\t<div class=\"elementor-gallery-item__content\">\n\t\t\t\t\t\t\t\t\t\t\t\t\t\t<div class=\"elementor-gallery-item__title\">\n\t\t\t\t\t\t\t\t\t\t\t\t\t\t\t\t\t\tPetitesa, Wadi Rum, Jordania \u00a9 Sonia Celades\t\t\t\t\t\t\t\t<\/div>\n\t\t\t\t\t\t\t\t\t\t\t\t<\/div>\n\t\t\t\t\t\t\t\t\t<\/a>\n\t\t\t\t\t\t\t<a class=\"e-gallery-item elementor-gallery-item elementor-animated-content\" data-e-gallery-tags=\"17\" href=\"https:\/\/tuaregviatges.es\/concurso\/wp-content\/uploads\/2026\/03\/Jordania-Wadi-Rum-equilibriabsurd-Sonia-Celades.jpg\" data-elementor-open-lightbox=\"yes\" data-elementor-lightbox-slideshow=\"c682b89\" data-elementor-lightbox-title=\"Equilibi absurd, Wadi Rum, Jordania \u00a9 Sonia Celades\" data-elementor-lightbox-description=\"Equilibi absurd, Wadi Rum, Jordania \u00a9 Sonia Celades\" data-e-action-hash=\"#elementor-action%3Aaction%3Dlightbox%26settings%3DeyJpZCI6ODQ3OSwidXJsIjoiaHR0cHM6XC9cL3R1YXJlZ3ZpYXRnZXMuZXNcL2NvbmN1cnNvXC93cC1jb250ZW50XC91cGxvYWRzXC8yMDI2XC8wM1wvSm9yZGFuaWEtV2FkaS1SdW0tZXF1aWxpYnJpYWJzdXJkLVNvbmlhLUNlbGFkZXMuanBnIiwic2xpZGVzaG93IjoiYzY4MmI4OSJ9\">\n\t\t\t\t\t<div class=\"e-gallery-image elementor-gallery-item__image\" data-thumbnail=\"https:\/\/tuaregviatges.es\/concurso\/wp-content\/uploads\/2026\/03\/Jordania-Wadi-Rum-equilibriabsurd-Sonia-Celades-1024x1024.jpg\" data-width=\"800\" data-height=\"800\" aria-label=\"Equilibi absurd, Wadi Rum, Jordania \u00a9 Sonia Celades\" role=\"img\" ><\/div>\n\t\t\t\t\t\t\t\t\t\t\t<div class=\"elementor-gallery-item__overlay\"><\/div>\n\t\t\t\t\t\t\t\t\t\t\t\t\t\t\t<div class=\"elementor-gallery-item__content\">\n\t\t\t\t\t\t\t\t\t\t\t\t\t\t<div class=\"elementor-gallery-item__title\">\n\t\t\t\t\t\t\t\t\t\t\t\t\t\t\t\t\t\tEquilibi absurd, Wadi Rum, Jordania \u00a9 Sonia Celades\t\t\t\t\t\t\t\t<\/div>\n\t\t\t\t\t\t\t\t\t\t\t\t<\/div>\n\t\t\t\t\t\t\t\t\t<\/a>\n\t\t\t\t\t\t\t<a class=\"e-gallery-item elementor-gallery-item elementor-animated-content\" data-e-gallery-tags=\"18\" href=\"https:\/\/tuaregviatges.es\/concurso\/wp-content\/uploads\/2026\/03\/Kirguistan-Federica-Van-Heugten-3-scaled.jpg\" data-elementor-open-lightbox=\"yes\" data-elementor-lightbox-slideshow=\"c682b89\" data-elementor-lightbox-title=\"Kirguist\u00e1n \u00a9 Federica Can Heugten\" data-elementor-lightbox-description=\"Kirguist\u00e1n \u00a9 Federica Can Heugten\" data-e-action-hash=\"#elementor-action%3Aaction%3Dlightbox%26settings%3DeyJpZCI6ODQ2MiwidXJsIjoiaHR0cHM6XC9cL3R1YXJlZ3ZpYXRnZXMuZXNcL2NvbmN1cnNvXC93cC1jb250ZW50XC91cGxvYWRzXC8yMDI2XC8wM1wvS2lyZ3Vpc3Rhbi1GZWRlcmljYS1WYW4tSGV1Z3Rlbi0zLXNjYWxlZC5qcGciLCJzbGlkZXNob3ciOiJjNjgyYjg5In0%3D\">\n\t\t\t\t\t<div class=\"e-gallery-image elementor-gallery-item__image\" data-thumbnail=\"https:\/\/tuaregviatges.es\/concurso\/wp-content\/uploads\/2026\/03\/Kirguistan-Federica-Van-Heugten-3-682x1024.jpg\" data-width=\"682\" data-height=\"1024\" aria-label=\"Kirguist\u00e1n \u00a9 Federica Can Heugten\" role=\"img\" ><\/div>\n\t\t\t\t\t\t\t\t\t\t\t<div class=\"elementor-gallery-item__overlay\"><\/div>\n\t\t\t\t\t\t\t\t\t\t\t\t\t\t\t<div class=\"elementor-gallery-item__content\">\n\t\t\t\t\t\t\t\t\t\t\t\t\t\t<div class=\"elementor-gallery-item__title\">\n\t\t\t\t\t\t\t\t\t\t\t\t\t\t\t\t\t\tKirguist\u00e1n \u00a9 Federica Can Heugten\t\t\t\t\t\t\t\t<\/div>\n\t\t\t\t\t\t\t\t\t\t\t\t<\/div>\n\t\t\t\t\t\t\t\t\t<\/a>\n\t\t\t\t\t\t\t<a class=\"e-gallery-item elementor-gallery-item elementor-animated-content\" data-e-gallery-tags=\"18\" href=\"https:\/\/tuaregviatges.es\/concurso\/wp-content\/uploads\/2026\/03\/Kirguistan-Federica-Van-Heugten-1-scaled.jpg\" data-elementor-open-lightbox=\"yes\" data-elementor-lightbox-slideshow=\"c682b89\" data-elementor-lightbox-title=\"Kirguist\u00e1n \u00a9 Federica Can Heugten\" data-elementor-lightbox-description=\"Kirguist\u00e1n \u00a9 Federica Can Heugten\" data-e-action-hash=\"#elementor-action%3Aaction%3Dlightbox%26settings%3DeyJpZCI6ODQ2NSwidXJsIjoiaHR0cHM6XC9cL3R1YXJlZ3ZpYXRnZXMuZXNcL2NvbmN1cnNvXC93cC1jb250ZW50XC91cGxvYWRzXC8yMDI2XC8wM1wvS2lyZ3Vpc3Rhbi1GZWRlcmljYS1WYW4tSGV1Z3Rlbi0xLXNjYWxlZC5qcGciLCJzbGlkZXNob3ciOiJjNjgyYjg5In0%3D\">\n\t\t\t\t\t<div class=\"e-gallery-image elementor-gallery-item__image\" data-thumbnail=\"https:\/\/tuaregviatges.es\/concurso\/wp-content\/uploads\/2026\/03\/Kirguistan-Federica-Van-Heugten-1-1024x683.jpg\" data-width=\"800\" data-height=\"534\" aria-label=\"Kirguist\u00e1n \u00a9 Federica Can Heugten\" role=\"img\" ><\/div>\n\t\t\t\t\t\t\t\t\t\t\t<div class=\"elementor-gallery-item__overlay\"><\/div>\n\t\t\t\t\t\t\t\t\t\t\t\t\t\t\t<div class=\"elementor-gallery-item__content\">\n\t\t\t\t\t\t\t\t\t\t\t\t\t\t<div class=\"elementor-gallery-item__title\">\n\t\t\t\t\t\t\t\t\t\t\t\t\t\t\t\t\t\tKirguist\u00e1n \u00a9 Federica Can Heugten\t\t\t\t\t\t\t\t<\/div>\n\t\t\t\t\t\t\t\t\t\t\t\t<\/div>\n\t\t\t\t\t\t\t\t\t<\/a>\n\t\t\t\t\t\t\t<a class=\"e-gallery-item elementor-gallery-item elementor-animated-content\" data-e-gallery-tags=\"18\" href=\"https:\/\/tuaregviatges.es\/concurso\/wp-content\/uploads\/2026\/03\/Kirguistan-Biskek_cambio_de_guardia_Maria_Torres.jpg\" data-elementor-open-lightbox=\"yes\" data-elementor-lightbox-slideshow=\"c682b89\" data-elementor-lightbox-title=\"Biskek cambio de guardia, Kirguist\u00e1n \u00a9 Mar\u00eda Torres\" data-elementor-lightbox-description=\"Biskek cambio de guardia, Kirguist\u00e1n \u00a9 Mar\u00eda Torres\" data-e-action-hash=\"#elementor-action%3Aaction%3Dlightbox%26settings%3DeyJpZCI6ODM3NCwidXJsIjoiaHR0cHM6XC9cL3R1YXJlZ3ZpYXRnZXMuZXNcL2NvbmN1cnNvXC93cC1jb250ZW50XC91cGxvYWRzXC8yMDI2XC8wM1wvS2lyZ3Vpc3Rhbi1CaXNrZWtfY2FtYmlvX2RlX2d1YXJkaWFfTWFyaWFfVG9ycmVzLmpwZyIsInNsaWRlc2hvdyI6ImM2ODJiODkifQ%3D%3D\">\n\t\t\t\t\t<div class=\"e-gallery-image elementor-gallery-item__image\" data-thumbnail=\"https:\/\/tuaregviatges.es\/concurso\/wp-content\/uploads\/2026\/03\/Kirguistan-Biskek_cambio_de_guardia_Maria_Torres-1024x769.jpg\" data-width=\"800\" data-height=\"601\" aria-label=\"Biskek cambio de guardia, Kirguist\u00e1n \u00a9 Mar\u00eda Torres\" role=\"img\" ><\/div>\n\t\t\t\t\t\t\t\t\t\t\t<div class=\"elementor-gallery-item__overlay\"><\/div>\n\t\t\t\t\t\t\t\t\t\t\t\t\t\t\t<div class=\"elementor-gallery-item__content\">\n\t\t\t\t\t\t\t\t\t\t\t\t\t\t<div class=\"elementor-gallery-item__title\">\n\t\t\t\t\t\t\t\t\t\t\t\t\t\t\t\t\t\tBiskek cambio de guardia, Kirguist\u00e1n \u00a9 Mar\u00eda Torres\t\t\t\t\t\t\t\t<\/div>\n\t\t\t\t\t\t\t\t\t\t\t\t<\/div>\n\t\t\t\t\t\t\t\t\t<\/a>\n\t\t\t\t\t\t\t<a class=\"e-gallery-item elementor-gallery-item elementor-animated-content\" data-e-gallery-tags=\"18\" href=\"https:\/\/tuaregviatges.es\/concurso\/wp-content\/uploads\/2026\/04\/Kirguistan-Jardinero_en_Bishkek-Iraida_Tortosa.jpg\" data-elementor-open-lightbox=\"yes\" data-elementor-lightbox-slideshow=\"c682b89\" data-elementor-lightbox-title=\"Jardinero en Bishkek, Kirguist\u00e1n \u00a9 Iraida Tortosa\" data-elementor-lightbox-description=\"Jardinero en Bishkek, Kirguist\u00e1n \u00a9 Iraida Tortosa\" data-e-action-hash=\"#elementor-action%3Aaction%3Dlightbox%26settings%3DeyJpZCI6ODU0MywidXJsIjoiaHR0cHM6XC9cL3R1YXJlZ3ZpYXRnZXMuZXNcL2NvbmN1cnNvXC93cC1jb250ZW50XC91cGxvYWRzXC8yMDI2XC8wNFwvS2lyZ3Vpc3Rhbi1KYXJkaW5lcm9fZW5fQmlzaGtlay1JcmFpZGFfVG9ydG9zYS5qcGciLCJzbGlkZXNob3ciOiJjNjgyYjg5In0%3D\">\n\t\t\t\t\t<div class=\"e-gallery-image elementor-gallery-item__image\" data-thumbnail=\"https:\/\/tuaregviatges.es\/concurso\/wp-content\/uploads\/2026\/04\/Kirguistan-Jardinero_en_Bishkek-Iraida_Tortosa-1024x685.jpg\" data-width=\"800\" data-height=\"535\" aria-label=\"Jardinero en Bishkek, Kirguist\u00e1n \u00a9 Iraida Tortosa\" role=\"img\" ><\/div>\n\t\t\t\t\t\t\t\t\t\t\t<div class=\"elementor-gallery-item__overlay\"><\/div>\n\t\t\t\t\t\t\t\t\t\t\t\t\t\t\t<div class=\"elementor-gallery-item__content\">\n\t\t\t\t\t\t\t\t\t\t\t\t\t\t<div class=\"elementor-gallery-item__title\">\n\t\t\t\t\t\t\t\t\t\t\t\t\t\t\t\t\t\tJardinero en Bishkek, Kirguist\u00e1n \u00a9 Iraida Tortosa\t\t\t\t\t\t\t\t<\/div>\n\t\t\t\t\t\t\t\t\t\t\t\t<\/div>\n\t\t\t\t\t\t\t\t\t<\/a>\n\t\t\t\t\t\t\t<a class=\"e-gallery-item elementor-gallery-item elementor-animated-content\" data-e-gallery-tags=\"18\" href=\"https:\/\/tuaregviatges.es\/concurso\/wp-content\/uploads\/2026\/03\/Kirguistan-Paisaje_Lago-Song_Kul-Maria_Torres.jpg\" data-elementor-open-lightbox=\"yes\" data-elementor-lightbox-slideshow=\"c682b89\" data-elementor-lightbox-title=\"Paisaje Lago Song Kul, Kirguist\u00e1n \u00a9 Mar\u00eda Torres\" data-elementor-lightbox-description=\"Paisaje Lago Song Kul, Kirguist\u00e1n \u00a9 Mar\u00eda Torres\" data-e-action-hash=\"#elementor-action%3Aaction%3Dlightbox%26settings%3DeyJpZCI6ODM3NywidXJsIjoiaHR0cHM6XC9cL3R1YXJlZ3ZpYXRnZXMuZXNcL2NvbmN1cnNvXC93cC1jb250ZW50XC91cGxvYWRzXC8yMDI2XC8wM1wvS2lyZ3Vpc3Rhbi1QYWlzYWplX0xhZ28tU29uZ19LdWwtTWFyaWFfVG9ycmVzLmpwZyIsInNsaWRlc2hvdyI6ImM2ODJiODkifQ%3D%3D\">\n\t\t\t\t\t<div class=\"e-gallery-image elementor-gallery-item__image\" data-thumbnail=\"https:\/\/tuaregviatges.es\/concurso\/wp-content\/uploads\/2026\/03\/Kirguistan-Paisaje_Lago-Song_Kul-Maria_Torres-767x1024.jpg\" data-width=\"767\" data-height=\"1024\" aria-label=\"Paisaje Lago Song Kul, Kirguist\u00e1n \u00a9 Mar\u00eda Torres\" role=\"img\" ><\/div>\n\t\t\t\t\t\t\t\t\t\t\t<div class=\"elementor-gallery-item__overlay\"><\/div>\n\t\t\t\t\t\t\t\t\t\t\t\t\t\t\t<div class=\"elementor-gallery-item__content\">\n\t\t\t\t\t\t\t\t\t\t\t\t\t\t<div class=\"elementor-gallery-item__title\">\n\t\t\t\t\t\t\t\t\t\t\t\t\t\t\t\t\t\tPaisaje Lago Song Kul, Kirguist\u00e1n \u00a9 Mar\u00eda Torres\t\t\t\t\t\t\t\t<\/div>\n\t\t\t\t\t\t\t\t\t\t\t\t<\/div>\n\t\t\t\t\t\t\t\t\t<\/a>\n\t\t\t\t\t\t\t<a class=\"e-gallery-item elementor-gallery-item elementor-animated-content\" data-e-gallery-tags=\"18\" href=\"https:\/\/tuaregviatges.es\/concurso\/wp-content\/uploads\/2026\/01\/Kirguistan-Parque_de_Robles_Bishkek-Natalia_Garcia.jpg\" data-elementor-open-lightbox=\"yes\" data-elementor-lightbox-slideshow=\"c682b89\" data-elementor-lightbox-title=\"Parque de Robles, Bishkek, Kirguist\u00e1n \u00a9 Natalia Garc\u00eda\" data-elementor-lightbox-description=\"Parque de Robles, Bishkek, Kirguist\u00e1n \u00a9 Natalia Garc\u00eda\" data-e-action-hash=\"#elementor-action%3Aaction%3Dlightbox%26settings%3DeyJpZCI6ODAwNSwidXJsIjoiaHR0cHM6XC9cL3R1YXJlZ3ZpYXRnZXMuZXNcL2NvbmN1cnNvXC93cC1jb250ZW50XC91cGxvYWRzXC8yMDI2XC8wMVwvS2lyZ3Vpc3Rhbi1QYXJxdWVfZGVfUm9ibGVzX0Jpc2hrZWstTmF0YWxpYV9HYXJjaWEuanBnIiwic2xpZGVzaG93IjoiYzY4MmI4OSJ9\">\n\t\t\t\t\t<div class=\"e-gallery-image elementor-gallery-item__image\" data-thumbnail=\"https:\/\/tuaregviatges.es\/concurso\/wp-content\/uploads\/2026\/01\/Kirguistan-Parque_de_Robles_Bishkek-Natalia_Garcia-1024x701.jpg\" data-width=\"800\" data-height=\"548\" aria-label=\"Parque de Robles, Bishkek, Kirguist\u00e1n \u00a9 Natalia Garc\u00eda\" role=\"img\" ><\/div>\n\t\t\t\t\t\t\t\t\t\t\t<div class=\"elementor-gallery-item__overlay\"><\/div>\n\t\t\t\t\t\t\t\t\t\t\t\t\t\t\t<div class=\"elementor-gallery-item__content\">\n\t\t\t\t\t\t\t\t\t\t\t\t\t\t<div class=\"elementor-gallery-item__title\">\n\t\t\t\t\t\t\t\t\t\t\t\t\t\t\t\t\t\tParque de Robles, Bishkek, Kirguist\u00e1n \u00a9 Natalia Garc\u00eda\t\t\t\t\t\t\t\t<\/div>\n\t\t\t\t\t\t\t\t\t\t\t\t<\/div>\n\t\t\t\t\t\t\t\t\t<\/a>\n\t\t\t\t\t\t\t<a class=\"e-gallery-item elementor-gallery-item elementor-animated-content\" data-e-gallery-tags=\"19\" href=\"https:\/\/tuaregviatges.es\/concurso\/wp-content\/uploads\/2026\/02\/Mauritania-Costa_Atlantica_Nouamghar_Lemhaisra-Casildo_Pastelero.jpg\" data-elementor-open-lightbox=\"yes\" data-elementor-lightbox-slideshow=\"c682b89\" data-elementor-lightbox-title=\"Costa Atl\u00e1ntica Nougamghar Lemhaisra, Mauritania \u00a9 Casildo Pastelero\" data-elementor-lightbox-description=\"Costa Atl\u00e1ntica Nougamghar Lemhaisra, Mauritania \u00a9 Casildo Pastelero\" data-e-action-hash=\"#elementor-action%3Aaction%3Dlightbox%26settings%3DeyJpZCI6ODIxMywidXJsIjoiaHR0cHM6XC9cL3R1YXJlZ3ZpYXRnZXMuZXNcL2NvbmN1cnNvXC93cC1jb250ZW50XC91cGxvYWRzXC8yMDI2XC8wMlwvTWF1cml0YW5pYS1Db3N0YV9BdGxhbnRpY2FfTm91YW1naGFyX0xlbWhhaXNyYS1DYXNpbGRvX1Bhc3RlbGVyby5qcGciLCJzbGlkZXNob3ciOiJjNjgyYjg5In0%3D\">\n\t\t\t\t\t<div class=\"e-gallery-image elementor-gallery-item__image\" data-thumbnail=\"https:\/\/tuaregviatges.es\/concurso\/wp-content\/uploads\/2026\/02\/Mauritania-Costa_Atlantica_Nouamghar_Lemhaisra-Casildo_Pastelero-1024x576.jpg\" data-width=\"800\" data-height=\"450\" aria-label=\"Costa Atl\u00e1ntica Nougamghar Lemhaisra, Mauritania \u00a9 Casildo Pastelero\" role=\"img\" ><\/div>\n\t\t\t\t\t\t\t\t\t\t\t<div class=\"elementor-gallery-item__overlay\"><\/div>\n\t\t\t\t\t\t\t\t\t\t\t\t\t\t\t<div class=\"elementor-gallery-item__content\">\n\t\t\t\t\t\t\t\t\t\t\t\t\t\t<div class=\"elementor-gallery-item__title\">\n\t\t\t\t\t\t\t\t\t\t\t\t\t\t\t\t\t\tCosta Atl\u00e1ntica Nougamghar Lemhaisra, Mauritania \u00a9 Casildo Pastelero\t\t\t\t\t\t\t\t<\/div>\n\t\t\t\t\t\t\t\t\t\t\t\t<\/div>\n\t\t\t\t\t\t\t\t\t<\/a>\n\t\t\t\t\t\t\t<a class=\"e-gallery-item elementor-gallery-item elementor-animated-content\" data-e-gallery-tags=\"19\" href=\"https:\/\/tuaregviatges.es\/concurso\/wp-content\/uploads\/2026\/03\/Mauritania-Feliz_en_mi_entorno-Iraida_Tortosa-scaled.jpg\" data-elementor-open-lightbox=\"yes\" data-elementor-lightbox-slideshow=\"c682b89\" data-elementor-lightbox-title=\"Feliz en mi entorno, Mauritania \u00a9 Iraida Tortosa\" data-elementor-lightbox-description=\"Feliz en mi entorno, Mauritania \u00a9 Iraida Tortosa\" data-e-action-hash=\"#elementor-action%3Aaction%3Dlightbox%26settings%3DeyJpZCI6ODM1NywidXJsIjoiaHR0cHM6XC9cL3R1YXJlZ3ZpYXRnZXMuZXNcL2NvbmN1cnNvXC93cC1jb250ZW50XC91cGxvYWRzXC8yMDI2XC8wM1wvTWF1cml0YW5pYS1GZWxpel9lbl9taV9lbnRvcm5vLUlyYWlkYV9Ub3J0b3NhLXNjYWxlZC5qcGciLCJzbGlkZXNob3ciOiJjNjgyYjg5In0%3D\">\n\t\t\t\t\t<div class=\"e-gallery-image elementor-gallery-item__image\" data-thumbnail=\"https:\/\/tuaregviatges.es\/concurso\/wp-content\/uploads\/2026\/03\/Mauritania-Feliz_en_mi_entorno-Iraida_Tortosa-1024x768.jpg\" data-width=\"800\" data-height=\"600\" aria-label=\"Feliz en mi entorno, Mauritania \u00a9 Iraida Tortosa\" role=\"img\" ><\/div>\n\t\t\t\t\t\t\t\t\t\t\t<div class=\"elementor-gallery-item__overlay\"><\/div>\n\t\t\t\t\t\t\t\t\t\t\t\t\t\t\t<div class=\"elementor-gallery-item__content\">\n\t\t\t\t\t\t\t\t\t\t\t\t\t\t<div class=\"elementor-gallery-item__title\">\n\t\t\t\t\t\t\t\t\t\t\t\t\t\t\t\t\t\tFeliz en mi entorno, Mauritania \u00a9 Iraida Tortosa\t\t\t\t\t\t\t\t<\/div>\n\t\t\t\t\t\t\t\t\t\t\t\t<\/div>\n\t\t\t\t\t\t\t\t\t<\/a>\n\t\t\t\t\t\t\t<a class=\"e-gallery-item elementor-gallery-item elementor-animated-content\" data-e-gallery-tags=\"19\" href=\"https:\/\/tuaregviatges.es\/concurso\/wp-content\/uploads\/2026\/02\/Mauritania-Torre_Ouadane-Casildo_Pastelero.jpg\" data-elementor-open-lightbox=\"yes\" data-elementor-lightbox-slideshow=\"c682b89\" data-elementor-lightbox-title=\"Torre Ouadane, Mauritania \u00a9 Casildo Pastelero\" data-elementor-lightbox-description=\"Torre Ouadane, Mauritania \u00a9 Casildo Pastelero\" data-e-action-hash=\"#elementor-action%3Aaction%3Dlightbox%26settings%3DeyJpZCI6ODIxMSwidXJsIjoiaHR0cHM6XC9cL3R1YXJlZ3ZpYXRnZXMuZXNcL2NvbmN1cnNvXC93cC1jb250ZW50XC91cGxvYWRzXC8yMDI2XC8wMlwvTWF1cml0YW5pYS1Ub3JyZV9PdWFkYW5lLUNhc2lsZG9fUGFzdGVsZXJvLmpwZyIsInNsaWRlc2hvdyI6ImM2ODJiODkifQ%3D%3D\">\n\t\t\t\t\t<div class=\"e-gallery-image elementor-gallery-item__image\" data-thumbnail=\"https:\/\/tuaregviatges.es\/concurso\/wp-content\/uploads\/2026\/02\/Mauritania-Torre_Ouadane-Casildo_Pastelero-1024x525.jpg\" data-width=\"800\" data-height=\"410\" aria-label=\"Torre Ouadane, Mauritania \u00a9 Casildo Pastelero\" role=\"img\" ><\/div>\n\t\t\t\t\t\t\t\t\t\t\t<div class=\"elementor-gallery-item__overlay\"><\/div>\n\t\t\t\t\t\t\t\t\t\t\t\t\t\t\t<div class=\"elementor-gallery-item__content\">\n\t\t\t\t\t\t\t\t\t\t\t\t\t\t<div class=\"elementor-gallery-item__title\">\n\t\t\t\t\t\t\t\t\t\t\t\t\t\t\t\t\t\tTorre Ouadane, Mauritania \u00a9 Casildo Pastelero\t\t\t\t\t\t\t\t<\/div>\n\t\t\t\t\t\t\t\t\t\t\t\t<\/div>\n\t\t\t\t\t\t\t\t\t<\/a>\n\t\t\t\t\t\t\t<a class=\"e-gallery-item elementor-gallery-item elementor-animated-content\" data-e-gallery-tags=\"20\" href=\"https:\/\/tuaregviatges.es\/concurso\/wp-content\/uploads\/2026\/02\/Transnistria-Plaza_Suvorov-Esperanza_de_Miguel.jpg\" data-elementor-open-lightbox=\"yes\" data-elementor-lightbox-slideshow=\"c682b89\" data-elementor-lightbox-title=\"Plaza Suvorov, Transnistria, Moldavia \u00a9 Esperanza de Miguel\" data-elementor-lightbox-description=\"Plaza Suvorov, Transnistria, Moldavia \u00a9 Esperanza de Miguel\" data-e-action-hash=\"#elementor-action%3Aaction%3Dlightbox%26settings%3DeyJpZCI6ODI5NSwidXJsIjoiaHR0cHM6XC9cL3R1YXJlZ3ZpYXRnZXMuZXNcL2NvbmN1cnNvXC93cC1jb250ZW50XC91cGxvYWRzXC8yMDI2XC8wMlwvVHJhbnNuaXN0cmlhLVBsYXphX1N1dm9yb3YtRXNwZXJhbnphX2RlX01pZ3VlbC5qcGciLCJzbGlkZXNob3ciOiJjNjgyYjg5In0%3D\">\n\t\t\t\t\t<div class=\"e-gallery-image elementor-gallery-item__image\" data-thumbnail=\"https:\/\/tuaregviatges.es\/concurso\/wp-content\/uploads\/2026\/02\/Transnistria-Plaza_Suvorov-Esperanza_de_Miguel-1024x769.jpg\" data-width=\"800\" data-height=\"601\" aria-label=\"Plaza Suvorov, Transnistria, Moldavia \u00a9 Esperanza de Miguel\" role=\"img\" ><\/div>\n\t\t\t\t\t\t\t\t\t\t\t<div class=\"elementor-gallery-item__overlay\"><\/div>\n\t\t\t\t\t\t\t\t\t\t\t\t\t\t\t<div class=\"elementor-gallery-item__content\">\n\t\t\t\t\t\t\t\t\t\t\t\t\t\t<div class=\"elementor-gallery-item__title\">\n\t\t\t\t\t\t\t\t\t\t\t\t\t\t\t\t\t\tPlaza Suvorov, Transnistria, Moldavia \u00a9 Esperanza de Miguel\t\t\t\t\t\t\t\t<\/div>\n\t\t\t\t\t\t\t\t\t\t\t\t<\/div>\n\t\t\t\t\t\t\t\t\t<\/a>\n\t\t\t\t\t\t\t<a class=\"e-gallery-item elementor-gallery-item elementor-animated-content\" data-e-gallery-tags=\"20\" href=\"https:\/\/tuaregviatges.es\/concurso\/wp-content\/uploads\/2026\/01\/Moldavia-Chisinau_Iratxe_Orue-3-1.jpg\" data-elementor-open-lightbox=\"yes\" data-elementor-lightbox-slideshow=\"c682b89\" data-elementor-lightbox-title=\"Chisinau, Moldavia \u00a9 Iratxe Orue\" data-elementor-lightbox-description=\"Chisinau, Moldavia \u00a9 Iratxe Orue\" data-e-action-hash=\"#elementor-action%3Aaction%3Dlightbox%26settings%3DeyJpZCI6ODAxMiwidXJsIjoiaHR0cHM6XC9cL3R1YXJlZ3ZpYXRnZXMuZXNcL2NvbmN1cnNvXC93cC1jb250ZW50XC91cGxvYWRzXC8yMDI2XC8wMVwvTW9sZGF2aWEtQ2hpc2luYXVfSXJhdHhlX09ydWUtMy0xLmpwZyIsInNsaWRlc2hvdyI6ImM2ODJiODkifQ%3D%3D\">\n\t\t\t\t\t<div class=\"e-gallery-image elementor-gallery-item__image\" data-thumbnail=\"https:\/\/tuaregviatges.es\/concurso\/wp-content\/uploads\/2026\/01\/Moldavia-Chisinau_Iratxe_Orue-3-1-683x1024.jpg\" data-width=\"683\" data-height=\"1024\" aria-label=\"Chisinau, Moldavia \u00a9 Iratxe Orue\" role=\"img\" ><\/div>\n\t\t\t\t\t\t\t\t\t\t\t<div class=\"elementor-gallery-item__overlay\"><\/div>\n\t\t\t\t\t\t\t\t\t\t\t\t\t\t\t<div class=\"elementor-gallery-item__content\">\n\t\t\t\t\t\t\t\t\t\t\t\t\t\t<div class=\"elementor-gallery-item__title\">\n\t\t\t\t\t\t\t\t\t\t\t\t\t\t\t\t\t\tChisinau, Moldavia \u00a9 Iratxe Orue\t\t\t\t\t\t\t\t<\/div>\n\t\t\t\t\t\t\t\t\t\t\t\t<\/div>\n\t\t\t\t\t\t\t\t\t<\/a>\n\t\t\t\t\t\t\t<a class=\"e-gallery-item elementor-gallery-item elementor-animated-content\" data-e-gallery-tags=\"20\" href=\"https:\/\/tuaregviatges.es\/concurso\/wp-content\/uploads\/2026\/01\/Moldavia-Chisinau_Iratxe_Orue-2-1.jpg\" data-elementor-open-lightbox=\"yes\" data-elementor-lightbox-slideshow=\"c682b89\" data-elementor-lightbox-title=\"Chisinau, Moldavia \u00a9 Iratxe Orue\" data-e-action-hash=\"#elementor-action%3Aaction%3Dlightbox%26settings%3DeyJpZCI6ODAxMSwidXJsIjoiaHR0cHM6XC9cL3R1YXJlZ3ZpYXRnZXMuZXNcL2NvbmN1cnNvXC93cC1jb250ZW50XC91cGxvYWRzXC8yMDI2XC8wMVwvTW9sZGF2aWEtQ2hpc2luYXVfSXJhdHhlX09ydWUtMi0xLmpwZyIsInNsaWRlc2hvdyI6ImM2ODJiODkifQ%3D%3D\">\n\t\t\t\t\t<div class=\"e-gallery-image elementor-gallery-item__image\" data-thumbnail=\"https:\/\/tuaregviatges.es\/concurso\/wp-content\/uploads\/2026\/01\/Moldavia-Chisinau_Iratxe_Orue-2-1-1024x683.jpg\" data-width=\"800\" data-height=\"534\" aria-label=\"Chisinau, Moldavia \u00a9 Iratxe Orue\" role=\"img\" ><\/div>\n\t\t\t\t\t\t\t\t\t\t\t<div class=\"elementor-gallery-item__overlay\"><\/div>\n\t\t\t\t\t\t\t\t\t\t\t\t\t\t\t<div class=\"elementor-gallery-item__content\">\n\t\t\t\t\t\t\t\t\t\t\t\t\t\t<div class=\"elementor-gallery-item__title\">\n\t\t\t\t\t\t\t\t\t\t\t\t\t\t\t\t\t\tChisinau, Moldavia \u00a9 Iratxe Orue\t\t\t\t\t\t\t\t<\/div>\n\t\t\t\t\t\t\t\t\t\t\t\t<\/div>\n\t\t\t\t\t\t\t\t\t<\/a>\n\t\t\t\t\t\t\t<a class=\"e-gallery-item elementor-gallery-item elementor-animated-content\" data-e-gallery-tags=\"20\" href=\"https:\/\/tuaregviatges.es\/concurso\/wp-content\/uploads\/2026\/02\/Moldavia-Fortaleza_Soroca-Esperanza_de_Miguel-1.jpg\" data-elementor-open-lightbox=\"yes\" data-elementor-lightbox-slideshow=\"c682b89\" data-elementor-lightbox-title=\"Fortaleza Soroca, Moldavia \u00a9 Esperanza de Miguel\" data-elementor-lightbox-description=\"Fortaleza Soroca, Moldavia \u00a9 Esperanza de Miguel\" data-e-action-hash=\"#elementor-action%3Aaction%3Dlightbox%26settings%3DeyJpZCI6ODI5NiwidXJsIjoiaHR0cHM6XC9cL3R1YXJlZ3ZpYXRnZXMuZXNcL2NvbmN1cnNvXC93cC1jb250ZW50XC91cGxvYWRzXC8yMDI2XC8wMlwvTW9sZGF2aWEtRm9ydGFsZXphX1Nvcm9jYS1Fc3BlcmFuemFfZGVfTWlndWVsLTEuanBnIiwic2xpZGVzaG93IjoiYzY4MmI4OSJ9\">\n\t\t\t\t\t<div class=\"e-gallery-image elementor-gallery-item__image\" data-thumbnail=\"https:\/\/tuaregviatges.es\/concurso\/wp-content\/uploads\/2026\/02\/Moldavia-Fortaleza_Soroca-Esperanza_de_Miguel-1-1024x769.jpg\" data-width=\"800\" data-height=\"601\" aria-label=\"Fortaleza Soroca, Moldavia \u00a9 Esperanza de Miguel\" role=\"img\" ><\/div>\n\t\t\t\t\t\t\t\t\t\t\t<div class=\"elementor-gallery-item__overlay\"><\/div>\n\t\t\t\t\t\t\t\t\t\t\t\t\t\t\t<div class=\"elementor-gallery-item__content\">\n\t\t\t\t\t\t\t\t\t\t\t\t\t\t<div class=\"elementor-gallery-item__title\">\n\t\t\t\t\t\t\t\t\t\t\t\t\t\t\t\t\t\tFortaleza Soroca, Moldavia \u00a9 Esperanza de Miguel\t\t\t\t\t\t\t\t<\/div>\n\t\t\t\t\t\t\t\t\t\t\t\t<\/div>\n\t\t\t\t\t\t\t\t\t<\/a>\n\t\t\t\t\t\t\t<a class=\"e-gallery-item elementor-gallery-item elementor-animated-content\" data-e-gallery-tags=\"20\" href=\"https:\/\/tuaregviatges.es\/concurso\/wp-content\/uploads\/2026\/02\/Moldavia-Girasoles-Esperanza_de_Miguel.jpg\" data-elementor-open-lightbox=\"yes\" data-elementor-lightbox-slideshow=\"c682b89\" data-elementor-lightbox-title=\"Girasoles, Moldavia \u00a9 Esperanza de Miguel\" data-elementor-lightbox-description=\"Girasoles, Moldavia \u00a9 Esperanza de Miguel\" data-e-action-hash=\"#elementor-action%3Aaction%3Dlightbox%26settings%3DeyJpZCI6ODI5MiwidXJsIjoiaHR0cHM6XC9cL3R1YXJlZ3ZpYXRnZXMuZXNcL2NvbmN1cnNvXC93cC1jb250ZW50XC91cGxvYWRzXC8yMDI2XC8wMlwvTW9sZGF2aWEtR2lyYXNvbGVzLUVzcGVyYW56YV9kZV9NaWd1ZWwuanBnIiwic2xpZGVzaG93IjoiYzY4MmI4OSJ9\">\n\t\t\t\t\t<div class=\"e-gallery-image elementor-gallery-item__image\" data-thumbnail=\"https:\/\/tuaregviatges.es\/concurso\/wp-content\/uploads\/2026\/02\/Moldavia-Girasoles-Esperanza_de_Miguel-1024x577.jpg\" data-width=\"800\" data-height=\"451\" aria-label=\"Girasoles, Moldavia \u00a9 Esperanza de Miguel\" role=\"img\" ><\/div>\n\t\t\t\t\t\t\t\t\t\t\t<div class=\"elementor-gallery-item__overlay\"><\/div>\n\t\t\t\t\t\t\t\t\t\t\t\t\t\t\t<div class=\"elementor-gallery-item__content\">\n\t\t\t\t\t\t\t\t\t\t\t\t\t\t<div class=\"elementor-gallery-item__title\">\n\t\t\t\t\t\t\t\t\t\t\t\t\t\t\t\t\t\tGirasoles, Moldavia \u00a9 Esperanza de Miguel\t\t\t\t\t\t\t\t<\/div>\n\t\t\t\t\t\t\t\t\t\t\t\t<\/div>\n\t\t\t\t\t\t\t\t\t<\/a>\n\t\t\t\t\t\t\t<a class=\"e-gallery-item elementor-gallery-item elementor-animated-content\" data-e-gallery-tags=\"20\" href=\"https:\/\/tuaregviatges.es\/concurso\/wp-content\/uploads\/2026\/01\/Moldavia-Trasnistria_Iratxe_Orue.jpg\" data-elementor-open-lightbox=\"yes\" data-elementor-lightbox-slideshow=\"c682b89\" data-elementor-lightbox-title=\"Transnistria, Moldavia \u00a9 Iratxe Orue\" data-elementor-lightbox-description=\"Transnistria, Moldavia \u00a9 Iratxe Orue\" data-e-action-hash=\"#elementor-action%3Aaction%3Dlightbox%26settings%3DeyJpZCI6ODAxNSwidXJsIjoiaHR0cHM6XC9cL3R1YXJlZ3ZpYXRnZXMuZXNcL2NvbmN1cnNvXC93cC1jb250ZW50XC91cGxvYWRzXC8yMDI2XC8wMVwvTW9sZGF2aWEtVHJhc25pc3RyaWFfSXJhdHhlX09ydWUuanBnIiwic2xpZGVzaG93IjoiYzY4MmI4OSJ9\">\n\t\t\t\t\t<div class=\"e-gallery-image elementor-gallery-item__image\" data-thumbnail=\"https:\/\/tuaregviatges.es\/concurso\/wp-content\/uploads\/2026\/01\/Moldavia-Trasnistria_Iratxe_Orue-473x1024.jpg\" data-width=\"473\" data-height=\"1024\" aria-label=\"Transnistria, Moldavia \u00a9 Iratxe Orue\" role=\"img\" ><\/div>\n\t\t\t\t\t\t\t\t\t\t\t<div class=\"elementor-gallery-item__overlay\"><\/div>\n\t\t\t\t\t\t\t\t\t\t\t\t\t\t\t<div class=\"elementor-gallery-item__content\">\n\t\t\t\t\t\t\t\t\t\t\t\t\t\t<div class=\"elementor-gallery-item__title\">\n\t\t\t\t\t\t\t\t\t\t\t\t\t\t\t\t\t\tTransnistria, Moldavia \u00a9 Iratxe Orue\t\t\t\t\t\t\t\t<\/div>\n\t\t\t\t\t\t\t\t\t\t\t\t<\/div>\n\t\t\t\t\t\t\t\t\t<\/a>\n\t\t\t\t\t\t\t<a class=\"e-gallery-item elementor-gallery-item elementor-animated-content\" data-e-gallery-tags=\"21\" href=\"https:\/\/tuaregviatges.es\/concurso\/wp-content\/uploads\/2026\/04\/Mongolia-Amazona-Naadam-Miguel-Cosano.jpg\" data-elementor-open-lightbox=\"yes\" data-elementor-lightbox-slideshow=\"c682b89\" data-elementor-lightbox-title=\"Amazona, Mongolia \u00a9 Miguel Cosano\" data-elementor-lightbox-description=\"Amazona, Mongolia \u00a9 Miguel Cosano\" data-e-action-hash=\"#elementor-action%3Aaction%3Dlightbox%26settings%3DeyJpZCI6ODY5NywidXJsIjoiaHR0cHM6XC9cL3R1YXJlZ3ZpYXRnZXMuZXNcL2NvbmN1cnNvXC93cC1jb250ZW50XC91cGxvYWRzXC8yMDI2XC8wNFwvTW9uZ29saWEtQW1hem9uYS1OYWFkYW0tTWlndWVsLUNvc2Fuby5qcGciLCJzbGlkZXNob3ciOiJjNjgyYjg5In0%3D\">\n\t\t\t\t\t<div class=\"e-gallery-image elementor-gallery-item__image\" data-thumbnail=\"https:\/\/tuaregviatges.es\/concurso\/wp-content\/uploads\/2026\/04\/Mongolia-Amazona-Naadam-Miguel-Cosano-1024x768.jpg\" data-width=\"800\" data-height=\"600\" aria-label=\"Amazona, Mongolia \u00a9 Miguel Cosano\" role=\"img\" ><\/div>\n\t\t\t\t\t\t\t\t\t\t\t<div class=\"elementor-gallery-item__overlay\"><\/div>\n\t\t\t\t\t\t\t\t\t\t\t\t\t\t\t<div class=\"elementor-gallery-item__content\">\n\t\t\t\t\t\t\t\t\t\t\t\t\t\t<div class=\"elementor-gallery-item__title\">\n\t\t\t\t\t\t\t\t\t\t\t\t\t\t\t\t\t\tAmazona, Mongolia \u00a9 Miguel Cosano\t\t\t\t\t\t\t\t<\/div>\n\t\t\t\t\t\t\t\t\t\t\t\t<\/div>\n\t\t\t\t\t\t\t\t\t<\/a>\n\t\t\t\t\t\t\t<a class=\"e-gallery-item elementor-gallery-item elementor-animated-content\" data-e-gallery-tags=\"21\" href=\"https:\/\/tuaregviatges.es\/concurso\/wp-content\/uploads\/2026\/04\/Mongolia-Campeon-lucha-mongola-un-heroe-en-Mongolia.-Sonia-Bernad.jpg\" data-elementor-open-lightbox=\"yes\" data-elementor-lightbox-slideshow=\"c682b89\" data-elementor-lightbox-title=\"Campe\u00f3n lucha mongola un heroe, Mongolia \u00a9 Sonia Bernad\" data-elementor-lightbox-description=\"Campe\u00f3n lucha mongola un heroe, Mongolia \u00a9 Sonia Bernad\" data-e-action-hash=\"#elementor-action%3Aaction%3Dlightbox%26settings%3DeyJpZCI6ODY4NiwidXJsIjoiaHR0cHM6XC9cL3R1YXJlZ3ZpYXRnZXMuZXNcL2NvbmN1cnNvXC93cC1jb250ZW50XC91cGxvYWRzXC8yMDI2XC8wNFwvTW9uZ29saWEtQ2FtcGVvbi1sdWNoYS1tb25nb2xhLXVuLWhlcm9lLWVuLU1vbmdvbGlhLi1Tb25pYS1CZXJuYWQuanBnIiwic2xpZGVzaG93IjoiYzY4MmI4OSJ9\">\n\t\t\t\t\t<div class=\"e-gallery-image elementor-gallery-item__image\" data-thumbnail=\"https:\/\/tuaregviatges.es\/concurso\/wp-content\/uploads\/2026\/04\/Mongolia-Campeon-lucha-mongola-un-heroe-en-Mongolia.-Sonia-Bernad-768x1024.jpg\" data-width=\"768\" data-height=\"1024\" aria-label=\"Campe\u00f3n lucha mongola un heroe, Mongolia \u00a9 Sonia Bernad\" role=\"img\" ><\/div>\n\t\t\t\t\t\t\t\t\t\t\t<div class=\"elementor-gallery-item__overlay\"><\/div>\n\t\t\t\t\t\t\t\t\t\t\t\t\t\t\t<div class=\"elementor-gallery-item__content\">\n\t\t\t\t\t\t\t\t\t\t\t\t\t\t<div class=\"elementor-gallery-item__title\">\n\t\t\t\t\t\t\t\t\t\t\t\t\t\t\t\t\t\tCampe\u00f3n lucha mongola un heroe, Mongolia \u00a9 Sonia Bernad\t\t\t\t\t\t\t\t<\/div>\n\t\t\t\t\t\t\t\t\t\t\t\t<\/div>\n\t\t\t\t\t\t\t\t\t<\/a>\n\t\t\t\t\t\t\t<a class=\"e-gallery-item elementor-gallery-item elementor-animated-content\" data-e-gallery-tags=\"21\" href=\"https:\/\/tuaregviatges.es\/concurso\/wp-content\/uploads\/2026\/04\/Mongolia-En_caravana-Santiago_Colombatto-scaled.jpg\" data-elementor-open-lightbox=\"yes\" data-elementor-lightbox-slideshow=\"c682b89\" data-elementor-lightbox-title=\"En caravana, Mongolia \u00a9 Santiago Colombatto\" data-elementor-lightbox-description=\"En caravana, Mongolia \u00a9 Santiago Colombatto\" data-e-action-hash=\"#elementor-action%3Aaction%3Dlightbox%26settings%3DeyJpZCI6ODY4OCwidXJsIjoiaHR0cHM6XC9cL3R1YXJlZ3ZpYXRnZXMuZXNcL2NvbmN1cnNvXC93cC1jb250ZW50XC91cGxvYWRzXC8yMDI2XC8wNFwvTW9uZ29saWEtRW5fY2FyYXZhbmEtU2FudGlhZ29fQ29sb21iYXR0by1zY2FsZWQuanBnIiwic2xpZGVzaG93IjoiYzY4MmI4OSJ9\">\n\t\t\t\t\t<div class=\"e-gallery-image elementor-gallery-item__image\" data-thumbnail=\"https:\/\/tuaregviatges.es\/concurso\/wp-content\/uploads\/2026\/04\/Mongolia-En_caravana-Santiago_Colombatto-768x1024.jpg\" data-width=\"768\" data-height=\"1024\" aria-label=\"En caravana, Mongolia \u00a9 Santiago Colombatto\" role=\"img\" ><\/div>\n\t\t\t\t\t\t\t\t\t\t\t<div class=\"elementor-gallery-item__overlay\"><\/div>\n\t\t\t\t\t\t\t\t\t\t\t\t\t\t\t<div class=\"elementor-gallery-item__content\">\n\t\t\t\t\t\t\t\t\t\t\t\t\t\t<div class=\"elementor-gallery-item__title\">\n\t\t\t\t\t\t\t\t\t\t\t\t\t\t\t\t\t\tEn caravana, Mongolia \u00a9 Santiago Colombatto\t\t\t\t\t\t\t\t<\/div>\n\t\t\t\t\t\t\t\t\t\t\t\t<\/div>\n\t\t\t\t\t\t\t\t\t<\/a>\n\t\t\t\t\t\t\t<a class=\"e-gallery-item elementor-gallery-item elementor-animated-content\" data-e-gallery-tags=\"21\" href=\"https:\/\/tuaregviatges.es\/concurso\/wp-content\/uploads\/2026\/04\/Mongolia-Lluvia-en-Gobi-Sonia-Bernad.jpg\" data-elementor-open-lightbox=\"yes\" data-elementor-lightbox-slideshow=\"c682b89\" data-elementor-lightbox-title=\"Lluvia en Gobi, Mongolia \u00a9 Sonia Bernad\" data-elementor-lightbox-description=\"Lluvia en Gobi, Mongolia \u00a9 Sonia Bernad\" data-e-action-hash=\"#elementor-action%3Aaction%3Dlightbox%26settings%3DeyJpZCI6ODY4NCwidXJsIjoiaHR0cHM6XC9cL3R1YXJlZ3ZpYXRnZXMuZXNcL2NvbmN1cnNvXC93cC1jb250ZW50XC91cGxvYWRzXC8yMDI2XC8wNFwvTW9uZ29saWEtTGx1dmlhLWVuLUdvYmktU29uaWEtQmVybmFkLmpwZyIsInNsaWRlc2hvdyI6ImM2ODJiODkifQ%3D%3D\">\n\t\t\t\t\t<div class=\"e-gallery-image elementor-gallery-item__image\" data-thumbnail=\"https:\/\/tuaregviatges.es\/concurso\/wp-content\/uploads\/2026\/04\/Mongolia-Lluvia-en-Gobi-Sonia-Bernad.jpg\" data-width=\"600\" data-height=\"800\" aria-label=\"Lluvia en Gobi, Mongolia \u00a9 Sonia Bernad\" role=\"img\" ><\/div>\n\t\t\t\t\t\t\t\t\t\t\t<div class=\"elementor-gallery-item__overlay\"><\/div>\n\t\t\t\t\t\t\t\t\t\t\t\t\t\t\t<div class=\"elementor-gallery-item__content\">\n\t\t\t\t\t\t\t\t\t\t\t\t\t\t<div class=\"elementor-gallery-item__title\">\n\t\t\t\t\t\t\t\t\t\t\t\t\t\t\t\t\t\tLluvia en Gobi, Mongolia \u00a9 Sonia Bernad\t\t\t\t\t\t\t\t<\/div>\n\t\t\t\t\t\t\t\t\t\t\t\t<\/div>\n\t\t\t\t\t\t\t\t\t<\/a>\n\t\t\t\t\t\t\t<a class=\"e-gallery-item elementor-gallery-item elementor-animated-content\" data-e-gallery-tags=\"21\" href=\"https:\/\/tuaregviatges.es\/concurso\/wp-content\/uploads\/2026\/04\/Mongolia-Tecnotradicion-Santiago_Colombatto.jpg\" data-elementor-open-lightbox=\"yes\" data-elementor-lightbox-slideshow=\"c682b89\" data-elementor-lightbox-title=\"Tecnotradici\u00f3n, Mongolia \u00a9 Santiago Colombatto\" data-elementor-lightbox-description=\"Tecnotradici\u00f3n, Mongolia \u00a9 Santiago Colombatto\" data-e-action-hash=\"#elementor-action%3Aaction%3Dlightbox%26settings%3DeyJpZCI6ODY5MCwidXJsIjoiaHR0cHM6XC9cL3R1YXJlZ3ZpYXRnZXMuZXNcL2NvbmN1cnNvXC93cC1jb250ZW50XC91cGxvYWRzXC8yMDI2XC8wNFwvTW9uZ29saWEtVGVjbm90cmFkaWNpb24tU2FudGlhZ29fQ29sb21iYXR0by5qcGciLCJzbGlkZXNob3ciOiJjNjgyYjg5In0%3D\">\n\t\t\t\t\t<div class=\"e-gallery-image elementor-gallery-item__image\" data-thumbnail=\"https:\/\/tuaregviatges.es\/concurso\/wp-content\/uploads\/2026\/04\/Mongolia-Tecnotradicion-Santiago_Colombatto-768x1024.jpg\" data-width=\"768\" data-height=\"1024\" aria-label=\"Tecnotradici\u00f3n, Mongolia \u00a9 Santiago Colombatto\" role=\"img\" ><\/div>\n\t\t\t\t\t\t\t\t\t\t\t<div class=\"elementor-gallery-item__overlay\"><\/div>\n\t\t\t\t\t\t\t\t\t\t\t\t\t\t\t<div class=\"elementor-gallery-item__content\">\n\t\t\t\t\t\t\t\t\t\t\t\t\t\t<div class=\"elementor-gallery-item__title\">\n\t\t\t\t\t\t\t\t\t\t\t\t\t\t\t\t\t\tTecnotradici\u00f3n, Mongolia \u00a9 Santiago Colombatto\t\t\t\t\t\t\t\t<\/div>\n\t\t\t\t\t\t\t\t\t\t\t\t<\/div>\n\t\t\t\t\t\t\t\t\t<\/a>\n\t\t\t\t\t\t\t<a class=\"e-gallery-item elementor-gallery-item elementor-animated-content\" data-e-gallery-tags=\"22\" href=\"https:\/\/tuaregviatges.es\/concurso\/wp-content\/uploads\/2026\/04\/Namibia-Jugando_en_Rundu-Gabriel_Sandoval-scaled.jpg\" data-elementor-open-lightbox=\"yes\" data-elementor-lightbox-slideshow=\"c682b89\" data-elementor-lightbox-title=\"Jugando en Rundu, Namibia \u00a9 Gabriel de Sandoval\" data-elementor-lightbox-description=\"Jugando en Rundu, Namibia \u00a9 Gabriel de Sandoval\" data-e-action-hash=\"#elementor-action%3Aaction%3Dlightbox%26settings%3DeyJpZCI6ODYwNiwidXJsIjoiaHR0cHM6XC9cL3R1YXJlZ3ZpYXRnZXMuZXNcL2NvbmN1cnNvXC93cC1jb250ZW50XC91cGxvYWRzXC8yMDI2XC8wNFwvTmFtaWJpYS1KdWdhbmRvX2VuX1J1bmR1LUdhYnJpZWxfU2FuZG92YWwtc2NhbGVkLmpwZyIsInNsaWRlc2hvdyI6ImM2ODJiODkifQ%3D%3D\">\n\t\t\t\t\t<div class=\"e-gallery-image elementor-gallery-item__image\" data-thumbnail=\"https:\/\/tuaregviatges.es\/concurso\/wp-content\/uploads\/2026\/04\/Namibia-Jugando_en_Rundu-Gabriel_Sandoval-1024x683.jpg\" data-width=\"800\" data-height=\"534\" aria-label=\"Jugando en Rundu, Namibia \u00a9 Gabriel de Sandoval\" role=\"img\" ><\/div>\n\t\t\t\t\t\t\t\t\t\t\t<div class=\"elementor-gallery-item__overlay\"><\/div>\n\t\t\t\t\t\t\t\t\t\t\t\t\t\t\t<div class=\"elementor-gallery-item__content\">\n\t\t\t\t\t\t\t\t\t\t\t\t\t\t<div class=\"elementor-gallery-item__title\">\n\t\t\t\t\t\t\t\t\t\t\t\t\t\t\t\t\t\tJugando en Rundu, Namibia \u00a9 Gabriel de Sandoval\t\t\t\t\t\t\t\t<\/div>\n\t\t\t\t\t\t\t\t\t\t\t\t<\/div>\n\t\t\t\t\t\t\t\t\t<\/a>\n\t\t\t\t\t\t\t<a class=\"e-gallery-item elementor-gallery-item elementor-animated-content\" data-e-gallery-tags=\"22\" href=\"https:\/\/tuaregviatges.es\/concurso\/wp-content\/uploads\/2026\/04\/Namibia-Onix_enEtosha-Gabriel-Sandoval-scaled.jpg\" data-elementor-open-lightbox=\"yes\" data-elementor-lightbox-slideshow=\"c682b89\" data-elementor-lightbox-title=\"Onix en Etosha, Namibia \u00a9 Gabriel de Sandoval\" data-elementor-lightbox-description=\"Onix en Etosha, Namibia \u00a9 Gabriel de Sandoval\" data-e-action-hash=\"#elementor-action%3Aaction%3Dlightbox%26settings%3DeyJpZCI6ODYwMiwidXJsIjoiaHR0cHM6XC9cL3R1YXJlZ3ZpYXRnZXMuZXNcL2NvbmN1cnNvXC93cC1jb250ZW50XC91cGxvYWRzXC8yMDI2XC8wNFwvTmFtaWJpYS1Pbml4X2VuRXRvc2hhLUdhYnJpZWwtU2FuZG92YWwtc2NhbGVkLmpwZyIsInNsaWRlc2hvdyI6ImM2ODJiODkifQ%3D%3D\">\n\t\t\t\t\t<div class=\"e-gallery-image elementor-gallery-item__image\" data-thumbnail=\"https:\/\/tuaregviatges.es\/concurso\/wp-content\/uploads\/2026\/04\/Namibia-Onix_enEtosha-Gabriel-Sandoval-1024x683.jpg\" data-width=\"800\" data-height=\"534\" aria-label=\"Onix en Etosha, Namibia \u00a9 Gabriel de Sandoval\" role=\"img\" ><\/div>\n\t\t\t\t\t\t\t\t\t\t\t<div class=\"elementor-gallery-item__overlay\"><\/div>\n\t\t\t\t\t\t\t\t\t\t\t\t\t\t\t<div class=\"elementor-gallery-item__content\">\n\t\t\t\t\t\t\t\t\t\t\t\t\t\t<div class=\"elementor-gallery-item__title\">\n\t\t\t\t\t\t\t\t\t\t\t\t\t\t\t\t\t\tOnix en Etosha, Namibia \u00a9 Gabriel de Sandoval\t\t\t\t\t\t\t\t<\/div>\n\t\t\t\t\t\t\t\t\t\t\t\t<\/div>\n\t\t\t\t\t\t\t\t\t<\/a>\n\t\t\t\t\t\t\t<a class=\"e-gallery-item elementor-gallery-item elementor-animated-content\" data-e-gallery-tags=\"23\" href=\"https:\/\/tuaregviatges.es\/concurso\/wp-content\/uploads\/2026\/02\/Nepal-Higiene_4800m_Ivan_Fernandez.jpg\" data-elementor-open-lightbox=\"yes\" data-elementor-lightbox-slideshow=\"c682b89\" data-elementor-lightbox-title=\"Higiene 4800m, Nepal \u00a9 Iv\u00e1n Fern\u00e1ndez\" data-elementor-lightbox-description=\"Higiene 4800m, Nepal \u00a9 Iv\u00e1n Fern\u00e1ndez\" data-e-action-hash=\"#elementor-action%3Aaction%3Dlightbox%26settings%3DeyJpZCI6ODE4OCwidXJsIjoiaHR0cHM6XC9cL3R1YXJlZ3ZpYXRnZXMuZXNcL2NvbmN1cnNvXC93cC1jb250ZW50XC91cGxvYWRzXC8yMDI2XC8wMlwvTmVwYWwtSGlnaWVuZV80ODAwbV9JdmFuX0Zlcm5hbmRlei5qcGciLCJzbGlkZXNob3ciOiJjNjgyYjg5In0%3D\">\n\t\t\t\t\t<div class=\"e-gallery-image elementor-gallery-item__image\" data-thumbnail=\"https:\/\/tuaregviatges.es\/concurso\/wp-content\/uploads\/2026\/02\/Nepal-Higiene_4800m_Ivan_Fernandez.jpg\" data-width=\"800\" data-height=\"450\" aria-label=\"Higiene 4800m, Nepal \u00a9 Iv\u00e1n Fern\u00e1ndez\" role=\"img\" ><\/div>\n\t\t\t\t\t\t\t\t\t\t\t<div class=\"elementor-gallery-item__overlay\"><\/div>\n\t\t\t\t\t\t\t\t\t\t\t\t\t\t\t<div class=\"elementor-gallery-item__content\">\n\t\t\t\t\t\t\t\t\t\t\t\t\t\t<div class=\"elementor-gallery-item__title\">\n\t\t\t\t\t\t\t\t\t\t\t\t\t\t\t\t\t\tHigiene 4800m, Nepal \u00a9 Iv\u00e1n Fern\u00e1ndez\t\t\t\t\t\t\t\t<\/div>\n\t\t\t\t\t\t\t\t\t\t\t\t<\/div>\n\t\t\t\t\t\t\t\t\t<\/a>\n\t\t\t\t\t\t\t<a class=\"e-gallery-item elementor-gallery-item elementor-animated-content\" data-e-gallery-tags=\"23\" href=\"https:\/\/tuaregviatges.es\/concurso\/wp-content\/uploads\/2026\/02\/Nepal-La_Mirada_del_Everest_Ivan_Fernandez.jpg\" data-elementor-open-lightbox=\"yes\" data-elementor-lightbox-slideshow=\"c682b89\" data-elementor-lightbox-title=\"La mirada del Everest, Nepal \u00a9 Iv\u00e1n Fern\u00e1ndez\" data-elementor-lightbox-description=\"La mirada del Everest, Nepal \u00a9 Iv\u00e1n Fern\u00e1ndez\" data-e-action-hash=\"#elementor-action%3Aaction%3Dlightbox%26settings%3DeyJpZCI6ODE4OSwidXJsIjoiaHR0cHM6XC9cL3R1YXJlZ3ZpYXRnZXMuZXNcL2NvbmN1cnNvXC93cC1jb250ZW50XC91cGxvYWRzXC8yMDI2XC8wMlwvTmVwYWwtTGFfTWlyYWRhX2RlbF9FdmVyZXN0X0l2YW5fRmVybmFuZGV6LmpwZyIsInNsaWRlc2hvdyI6ImM2ODJiODkifQ%3D%3D\">\n\t\t\t\t\t<div class=\"e-gallery-image elementor-gallery-item__image\" data-thumbnail=\"https:\/\/tuaregviatges.es\/concurso\/wp-content\/uploads\/2026\/02\/Nepal-La_Mirada_del_Everest_Ivan_Fernandez.jpg\" data-width=\"800\" data-height=\"450\" aria-label=\"La mirada del Everest, Nepal \u00a9 Iv\u00e1n Fern\u00e1ndez\" role=\"img\" ><\/div>\n\t\t\t\t\t\t\t\t\t\t\t<div class=\"elementor-gallery-item__overlay\"><\/div>\n\t\t\t\t\t\t\t\t\t\t\t\t\t\t\t<div class=\"elementor-gallery-item__content\">\n\t\t\t\t\t\t\t\t\t\t\t\t\t\t<div class=\"elementor-gallery-item__title\">\n\t\t\t\t\t\t\t\t\t\t\t\t\t\t\t\t\t\tLa mirada del Everest, Nepal \u00a9 Iv\u00e1n Fern\u00e1ndez\t\t\t\t\t\t\t\t<\/div>\n\t\t\t\t\t\t\t\t\t\t\t\t<\/div>\n\t\t\t\t\t\t\t\t\t<\/a>\n\t\t\t\t\t\t\t<a class=\"e-gallery-item elementor-gallery-item elementor-animated-content\" data-e-gallery-tags=\"23\" href=\"https:\/\/tuaregviatges.es\/concurso\/wp-content\/uploads\/2026\/02\/Nepal-Monkey_meditacion-Juan_Carlos_Gonzalez.jpg\" data-elementor-open-lightbox=\"yes\" data-elementor-lightbox-slideshow=\"c682b89\" data-elementor-lightbox-title=\"Monkey Meditaci\u00f3n, Nepal \u00a9 Juan Carlos Gonz\u00e1lez\" data-elementor-lightbox-description=\"Monkey Meditaci\u00f3n, Nepal \u00a9 Juan Carlos Gonz\u00e1lez\" data-e-action-hash=\"#elementor-action%3Aaction%3Dlightbox%26settings%3DeyJpZCI6ODI0MSwidXJsIjoiaHR0cHM6XC9cL3R1YXJlZ3ZpYXRnZXMuZXNcL2NvbmN1cnNvXC93cC1jb250ZW50XC91cGxvYWRzXC8yMDI2XC8wMlwvTmVwYWwtTW9ua2V5X21lZGl0YWNpb24tSnVhbl9DYXJsb3NfR29uemFsZXouanBnIiwic2xpZGVzaG93IjoiYzY4MmI4OSJ9\">\n\t\t\t\t\t<div class=\"e-gallery-image elementor-gallery-item__image\" data-thumbnail=\"https:\/\/tuaregviatges.es\/concurso\/wp-content\/uploads\/2026\/02\/Nepal-Monkey_meditacion-Juan_Carlos_Gonzalez-768x1024.jpg\" data-width=\"768\" data-height=\"1024\" aria-label=\"Monkey Meditaci\u00f3n, Nepal \u00a9 Juan Carlos Gonz\u00e1lez\" role=\"img\" ><\/div>\n\t\t\t\t\t\t\t\t\t\t\t<div class=\"elementor-gallery-item__overlay\"><\/div>\n\t\t\t\t\t\t\t\t\t\t\t\t\t\t\t<div class=\"elementor-gallery-item__content\">\n\t\t\t\t\t\t\t\t\t\t\t\t\t\t<div class=\"elementor-gallery-item__title\">\n\t\t\t\t\t\t\t\t\t\t\t\t\t\t\t\t\t\tMonkey Meditaci\u00f3n, Nepal \u00a9 Juan Carlos Gonz\u00e1lez\t\t\t\t\t\t\t\t<\/div>\n\t\t\t\t\t\t\t\t\t\t\t\t<\/div>\n\t\t\t\t\t\t\t\t\t<\/a>\n\t\t\t\t\t\t\t<a class=\"e-gallery-item elementor-gallery-item elementor-animated-content\" data-e-gallery-tags=\"23\" href=\"https:\/\/tuaregviatges.es\/concurso\/wp-content\/uploads\/2026\/04\/Nepal-Nuptse_Trek_CB_Everest-Esther-Marin.jpg\" data-elementor-open-lightbox=\"yes\" data-elementor-lightbox-slideshow=\"c682b89\" data-elementor-lightbox-title=\"Nuptse Trek, Nepal \u00a9 Esther Mar\u00edn\" data-elementor-lightbox-description=\"Nuptse Trek, Nepal \u00a9 Esther Mar\u00edn\" data-e-action-hash=\"#elementor-action%3Aaction%3Dlightbox%26settings%3DeyJpZCI6ODcwMSwidXJsIjoiaHR0cHM6XC9cL3R1YXJlZ3ZpYXRnZXMuZXNcL2NvbmN1cnNvXC93cC1jb250ZW50XC91cGxvYWRzXC8yMDI2XC8wNFwvTmVwYWwtTnVwdHNlX1RyZWtfQ0JfRXZlcmVzdC1Fc3RoZXItTWFyaW4uanBnIiwic2xpZGVzaG93IjoiYzY4MmI4OSJ9\">\n\t\t\t\t\t<div class=\"e-gallery-image elementor-gallery-item__image\" data-thumbnail=\"https:\/\/tuaregviatges.es\/concurso\/wp-content\/uploads\/2026\/04\/Nepal-Nuptse_Trek_CB_Everest-Esther-Marin-768x1024.jpg\" data-width=\"768\" data-height=\"1024\" aria-label=\"Nuptse Trek, Nepal \u00a9 Esther Mar\u00edn\" role=\"img\" ><\/div>\n\t\t\t\t\t\t\t\t\t\t\t<div class=\"elementor-gallery-item__overlay\"><\/div>\n\t\t\t\t\t\t\t\t\t\t\t\t\t\t\t<div class=\"elementor-gallery-item__content\">\n\t\t\t\t\t\t\t\t\t\t\t\t\t\t<div class=\"elementor-gallery-item__title\">\n\t\t\t\t\t\t\t\t\t\t\t\t\t\t\t\t\t\tNuptse Trek, Nepal \u00a9 Esther Mar\u00edn\t\t\t\t\t\t\t\t<\/div>\n\t\t\t\t\t\t\t\t\t\t\t\t<\/div>\n\t\t\t\t\t\t\t\t\t<\/a>\n\t\t\t\t\t\t\t<a class=\"e-gallery-item elementor-gallery-item elementor-animated-content\" data-e-gallery-tags=\"23\" href=\"https:\/\/tuaregviatges.es\/concurso\/wp-content\/uploads\/2026\/02\/NEPAL-REVOLUCION_Z_ALFONSO_FERNANDEZ.jpg\" data-elementor-open-lightbox=\"yes\" data-elementor-lightbox-slideshow=\"c682b89\" data-elementor-lightbox-title=\"Revoluci\u00f3n Z, Nepal \u00a9 Alfonso Fern\u00e1ndez\" data-elementor-lightbox-description=\"Revoluci\u00f3n Z, Nepal \u00a9 Alfonso Fern\u00e1ndez\" data-e-action-hash=\"#elementor-action%3Aaction%3Dlightbox%26settings%3DeyJpZCI6ODE5MiwidXJsIjoiaHR0cHM6XC9cL3R1YXJlZ3ZpYXRnZXMuZXNcL2NvbmN1cnNvXC93cC1jb250ZW50XC91cGxvYWRzXC8yMDI2XC8wMlwvTkVQQUwtUkVWT0xVQ0lPTl9aX0FMRk9OU09fRkVSTkFOREVaLmpwZyIsInNsaWRlc2hvdyI6ImM2ODJiODkifQ%3D%3D\">\n\t\t\t\t\t<div class=\"e-gallery-image elementor-gallery-item__image\" data-thumbnail=\"https:\/\/tuaregviatges.es\/concurso\/wp-content\/uploads\/2026\/02\/NEPAL-REVOLUCION_Z_ALFONSO_FERNANDEZ.jpg\" data-width=\"800\" data-height=\"450\" aria-label=\"Revoluci\u00f3n Z, Nepal \u00a9 Alfonso Fern\u00e1ndez\" role=\"img\" ><\/div>\n\t\t\t\t\t\t\t\t\t\t\t<div class=\"elementor-gallery-item__overlay\"><\/div>\n\t\t\t\t\t\t\t\t\t\t\t\t\t\t\t<div class=\"elementor-gallery-item__content\">\n\t\t\t\t\t\t\t\t\t\t\t\t\t\t<div class=\"elementor-gallery-item__title\">\n\t\t\t\t\t\t\t\t\t\t\t\t\t\t\t\t\t\tRevoluci\u00f3n Z, Nepal \u00a9 Alfonso Fern\u00e1ndez\t\t\t\t\t\t\t\t<\/div>\n\t\t\t\t\t\t\t\t\t\t\t\t<\/div>\n\t\t\t\t\t\t\t\t\t<\/a>\n\t\t\t\t\t\t\t<a class=\"e-gallery-item elementor-gallery-item elementor-animated-content\" data-e-gallery-tags=\"23\" href=\"https:\/\/tuaregviatges.es\/concurso\/wp-content\/uploads\/2026\/02\/Nepal-Sherpa_nutriendo_Ivan_Fernandez.jpg\" data-elementor-open-lightbox=\"yes\" data-elementor-lightbox-slideshow=\"c682b89\" data-elementor-lightbox-title=\"Sherpa Nutriendo, Nepal \u00a9 Iv\u00e1n Fern\u00e1ndez\" data-elementor-lightbox-description=\"Sherpa Nutriendo, Nepal \u00a9 Iv\u00e1n Fern\u00e1ndez\" data-e-action-hash=\"#elementor-action%3Aaction%3Dlightbox%26settings%3DeyJpZCI6ODE4NywidXJsIjoiaHR0cHM6XC9cL3R1YXJlZ3ZpYXRnZXMuZXNcL2NvbmN1cnNvXC93cC1jb250ZW50XC91cGxvYWRzXC8yMDI2XC8wMlwvTmVwYWwtU2hlcnBhX251dHJpZW5kb19JdmFuX0Zlcm5hbmRlei5qcGciLCJzbGlkZXNob3ciOiJjNjgyYjg5In0%3D\">\n\t\t\t\t\t<div class=\"e-gallery-image elementor-gallery-item__image\" data-thumbnail=\"https:\/\/tuaregviatges.es\/concurso\/wp-content\/uploads\/2026\/02\/Nepal-Sherpa_nutriendo_Ivan_Fernandez.jpg\" data-width=\"800\" data-height=\"450\" aria-label=\"Sherpa Nutriendo, Nepal \u00a9 Iv\u00e1n Fern\u00e1ndez\" role=\"img\" ><\/div>\n\t\t\t\t\t\t\t\t\t\t\t<div class=\"elementor-gallery-item__overlay\"><\/div>\n\t\t\t\t\t\t\t\t\t\t\t\t\t\t\t<div class=\"elementor-gallery-item__content\">\n\t\t\t\t\t\t\t\t\t\t\t\t\t\t<div class=\"elementor-gallery-item__title\">\n\t\t\t\t\t\t\t\t\t\t\t\t\t\t\t\t\t\tSherpa Nutriendo, Nepal \u00a9 Iv\u00e1n Fern\u00e1ndez\t\t\t\t\t\t\t\t<\/div>\n\t\t\t\t\t\t\t\t\t\t\t\t<\/div>\n\t\t\t\t\t\t\t\t\t<\/a>\n\t\t\t\t\t\t\t<a class=\"e-gallery-item elementor-gallery-item elementor-animated-content\" data-e-gallery-tags=\"23\" href=\"https:\/\/tuaregviatges.es\/concurso\/wp-content\/uploads\/2026\/02\/Nepal-Traje_regional-Juan_Carlos_Gonzalez.jpg\" data-elementor-open-lightbox=\"yes\" data-elementor-lightbox-slideshow=\"c682b89\" data-elementor-lightbox-title=\"Traje Regional, Nepal \u00a9 Juan Carlos Gonz\u00e1lez\" data-elementor-lightbox-description=\"Traje Regional, Nepal \u00a9 Juan Carlos Gonz\u00e1lez\" data-e-action-hash=\"#elementor-action%3Aaction%3Dlightbox%26settings%3DeyJpZCI6ODIzOCwidXJsIjoiaHR0cHM6XC9cL3R1YXJlZ3ZpYXRnZXMuZXNcL2NvbmN1cnNvXC93cC1jb250ZW50XC91cGxvYWRzXC8yMDI2XC8wMlwvTmVwYWwtVHJhamVfcmVnaW9uYWwtSnVhbl9DYXJsb3NfR29uemFsZXouanBnIiwic2xpZGVzaG93IjoiYzY4MmI4OSJ9\">\n\t\t\t\t\t<div class=\"e-gallery-image elementor-gallery-item__image\" data-thumbnail=\"https:\/\/tuaregviatges.es\/concurso\/wp-content\/uploads\/2026\/02\/Nepal-Traje_regional-Juan_Carlos_Gonzalez-575x1024.jpg\" data-width=\"575\" data-height=\"1024\" aria-label=\"Traje Regional, Nepal \u00a9 Juan Carlos Gonz\u00e1lez\" role=\"img\" ><\/div>\n\t\t\t\t\t\t\t\t\t\t\t<div class=\"elementor-gallery-item__overlay\"><\/div>\n\t\t\t\t\t\t\t\t\t\t\t\t\t\t\t<div class=\"elementor-gallery-item__content\">\n\t\t\t\t\t\t\t\t\t\t\t\t\t\t<div class=\"elementor-gallery-item__title\">\n\t\t\t\t\t\t\t\t\t\t\t\t\t\t\t\t\t\tTraje Regional, Nepal \u00a9 Juan Carlos Gonz\u00e1lez\t\t\t\t\t\t\t\t<\/div>\n\t\t\t\t\t\t\t\t\t\t\t\t<\/div>\n\t\t\t\t\t\t\t\t\t<\/a>\n\t\t\t\t\t\t\t<a class=\"e-gallery-item elementor-gallery-item elementor-animated-content\" data-e-gallery-tags=\"23\" href=\"https:\/\/tuaregviatges.es\/concurso\/wp-content\/uploads\/2026\/04\/Nepal-Tyangboche_Trek_CB_Everest-Esther_Marin.jpg\" data-elementor-open-lightbox=\"yes\" data-elementor-lightbox-slideshow=\"c682b89\" data-elementor-lightbox-title=\"Tyangboche Trek Everest, Nepal \u00a9 Esther Mar\u00edn\" data-elementor-lightbox-description=\"Tyangboche Trek Everest, Nepal \u00a9 Esther Mar\u00edn\" data-e-action-hash=\"#elementor-action%3Aaction%3Dlightbox%26settings%3DeyJpZCI6ODcwMywidXJsIjoiaHR0cHM6XC9cL3R1YXJlZ3ZpYXRnZXMuZXNcL2NvbmN1cnNvXC93cC1jb250ZW50XC91cGxvYWRzXC8yMDI2XC8wNFwvTmVwYWwtVHlhbmdib2NoZV9UcmVrX0NCX0V2ZXJlc3QtRXN0aGVyX01hcmluLmpwZyIsInNsaWRlc2hvdyI6ImM2ODJiODkifQ%3D%3D\">\n\t\t\t\t\t<div class=\"e-gallery-image elementor-gallery-item__image\" data-thumbnail=\"https:\/\/tuaregviatges.es\/concurso\/wp-content\/uploads\/2026\/04\/Nepal-Tyangboche_Trek_CB_Everest-Esther_Marin-768x1024.jpg\" data-width=\"768\" data-height=\"1024\" aria-label=\"Tyangboche Trek Everest, Nepal \u00a9 Esther Mar\u00edn\" role=\"img\" ><\/div>\n\t\t\t\t\t\t\t\t\t\t\t<div class=\"elementor-gallery-item__overlay\"><\/div>\n\t\t\t\t\t\t\t\t\t\t\t\t\t\t\t<div class=\"elementor-gallery-item__content\">\n\t\t\t\t\t\t\t\t\t\t\t\t\t\t<div class=\"elementor-gallery-item__title\">\n\t\t\t\t\t\t\t\t\t\t\t\t\t\t\t\t\t\tTyangboche Trek Everest, Nepal \u00a9 Esther Mar\u00edn\t\t\t\t\t\t\t\t<\/div>\n\t\t\t\t\t\t\t\t\t\t\t\t<\/div>\n\t\t\t\t\t\t\t\t\t<\/a>\n\t\t\t\t\t\t\t<a class=\"e-gallery-item elementor-gallery-item elementor-animated-content\" data-e-gallery-tags=\"24\" href=\"https:\/\/tuaregviatges.es\/concurso\/wp-content\/uploads\/2026\/03\/Noruega-Buscant_Ossos_Polars-Ignasi_Estruch.jpg\" data-elementor-open-lightbox=\"yes\" data-elementor-lightbox-slideshow=\"c682b89\" data-elementor-lightbox-title=\"Buscant Ossos Polars, Noruega \u00a9 Ignasi Estruch\" data-elementor-lightbox-description=\"Buscant Ossos Polars, Noruega \u00a9 Ignasi Estruch\" data-e-action-hash=\"#elementor-action%3Aaction%3Dlightbox%26settings%3DeyJpZCI6ODM4NSwidXJsIjoiaHR0cHM6XC9cL3R1YXJlZ3ZpYXRnZXMuZXNcL2NvbmN1cnNvXC93cC1jb250ZW50XC91cGxvYWRzXC8yMDI2XC8wM1wvTm9ydWVnYS1CdXNjYW50X09zc29zX1BvbGFycy1JZ25hc2lfRXN0cnVjaC5qcGciLCJzbGlkZXNob3ciOiJjNjgyYjg5In0%3D\">\n\t\t\t\t\t<div class=\"e-gallery-image elementor-gallery-item__image\" data-thumbnail=\"https:\/\/tuaregviatges.es\/concurso\/wp-content\/uploads\/2026\/03\/Noruega-Buscant_Ossos_Polars-Ignasi_Estruch-1024x461.jpg\" data-width=\"800\" data-height=\"360\" aria-label=\"Buscant Ossos Polars, Noruega \u00a9 Ignasi Estruch\" role=\"img\" ><\/div>\n\t\t\t\t\t\t\t\t\t\t\t<div class=\"elementor-gallery-item__overlay\"><\/div>\n\t\t\t\t\t\t\t\t\t\t\t\t\t\t\t<div class=\"elementor-gallery-item__content\">\n\t\t\t\t\t\t\t\t\t\t\t\t\t\t<div class=\"elementor-gallery-item__title\">\n\t\t\t\t\t\t\t\t\t\t\t\t\t\t\t\t\t\tBuscant Ossos Polars, Noruega \u00a9 Ignasi Estruch\t\t\t\t\t\t\t\t<\/div>\n\t\t\t\t\t\t\t\t\t\t\t\t<\/div>\n\t\t\t\t\t\t\t\t\t<\/a>\n\t\t\t\t\t\t\t<a class=\"e-gallery-item elementor-gallery-item elementor-animated-content\" data-e-gallery-tags=\"24\" href=\"https:\/\/tuaregviatges.es\/concurso\/wp-content\/uploads\/2026\/03\/Noruega-Skimo_Team-Ignasi_Estruch.jpg\" data-elementor-open-lightbox=\"yes\" data-elementor-lightbox-slideshow=\"c682b89\" data-elementor-lightbox-title=\"Skimo Team, Noruega \u00a9 Ignasi Estruch\" data-elementor-lightbox-description=\"Skimo Team, Noruega \u00a9 Ignasi Estruch\" data-e-action-hash=\"#elementor-action%3Aaction%3Dlightbox%26settings%3DeyJpZCI6ODM4MiwidXJsIjoiaHR0cHM6XC9cL3R1YXJlZ3ZpYXRnZXMuZXNcL2NvbmN1cnNvXC93cC1jb250ZW50XC91cGxvYWRzXC8yMDI2XC8wM1wvTm9ydWVnYS1Ta2ltb19UZWFtLUlnbmFzaV9Fc3RydWNoLmpwZyIsInNsaWRlc2hvdyI6ImM2ODJiODkifQ%3D%3D\">\n\t\t\t\t\t<div class=\"e-gallery-image elementor-gallery-item__image\" data-thumbnail=\"https:\/\/tuaregviatges.es\/concurso\/wp-content\/uploads\/2026\/03\/Noruega-Skimo_Team-Ignasi_Estruch-1024x461.jpg\" data-width=\"800\" data-height=\"360\" aria-label=\"Skimo Team, Noruega \u00a9 Ignasi Estruch\" role=\"img\" ><\/div>\n\t\t\t\t\t\t\t\t\t\t\t<div class=\"elementor-gallery-item__overlay\"><\/div>\n\t\t\t\t\t\t\t\t\t\t\t\t\t\t\t<div class=\"elementor-gallery-item__content\">\n\t\t\t\t\t\t\t\t\t\t\t\t\t\t<div class=\"elementor-gallery-item__title\">\n\t\t\t\t\t\t\t\t\t\t\t\t\t\t\t\t\t\tSkimo Team, Noruega \u00a9 Ignasi Estruch\t\t\t\t\t\t\t\t<\/div>\n\t\t\t\t\t\t\t\t\t\t\t\t<\/div>\n\t\t\t\t\t\t\t\t\t<\/a>\n\t\t\t\t\t\t\t<a class=\"e-gallery-item elementor-gallery-item elementor-animated-content\" data-e-gallery-tags=\"25\" href=\"https:\/\/tuaregviatges.es\/concurso\/wp-content\/uploads\/2026\/02\/ova-Zelanda-coincidencies-Enric-Roca-scaled.jpg\" data-elementor-open-lightbox=\"yes\" data-elementor-lightbox-slideshow=\"c682b89\" data-elementor-lightbox-title=\"Coincidencies, Nueva Zelanda \u00a9 Enric Roca\" data-elementor-lightbox-description=\"Coincidencies, Nueva Zelanda \u00a9 Enric Roca\" data-e-action-hash=\"#elementor-action%3Aaction%3Dlightbox%26settings%3DeyJpZCI6ODIxNiwidXJsIjoiaHR0cHM6XC9cL3R1YXJlZ3ZpYXRnZXMuZXNcL2NvbmN1cnNvXC93cC1jb250ZW50XC91cGxvYWRzXC8yMDI2XC8wMlwvb3ZhLVplbGFuZGEtY29pbmNpZGVuY2llcy1FbnJpYy1Sb2NhLXNjYWxlZC5qcGciLCJzbGlkZXNob3ciOiJjNjgyYjg5In0%3D\">\n\t\t\t\t\t<div class=\"e-gallery-image elementor-gallery-item__image\" data-thumbnail=\"https:\/\/tuaregviatges.es\/concurso\/wp-content\/uploads\/2026\/02\/ova-Zelanda-coincidencies-Enric-Roca-1024x768.jpg\" data-width=\"800\" data-height=\"600\" aria-label=\"Coincidencies, Nueva Zelanda \u00a9 Enric Roca\" role=\"img\" ><\/div>\n\t\t\t\t\t\t\t\t\t\t\t<div class=\"elementor-gallery-item__overlay\"><\/div>\n\t\t\t\t\t\t\t\t\t\t\t\t\t\t\t<div class=\"elementor-gallery-item__content\">\n\t\t\t\t\t\t\t\t\t\t\t\t\t\t<div class=\"elementor-gallery-item__title\">\n\t\t\t\t\t\t\t\t\t\t\t\t\t\t\t\t\t\tCoincidencies, Nueva Zelanda \u00a9 Enric Roca\t\t\t\t\t\t\t\t<\/div>\n\t\t\t\t\t\t\t\t\t\t\t\t<\/div>\n\t\t\t\t\t\t\t\t\t<\/a>\n\t\t\t\t\t\t\t<a class=\"e-gallery-item elementor-gallery-item elementor-animated-content\" data-e-gallery-tags=\"25\" href=\"https:\/\/tuaregviatges.es\/concurso\/wp-content\/uploads\/2026\/02\/ova-Zelanda-el-somni-de-la-pianista-Enric-Roca.jpg\" data-elementor-open-lightbox=\"yes\" data-elementor-lightbox-slideshow=\"c682b89\" data-elementor-lightbox-title=\"El somni del pianista, Nueva Zelanda \u00a9 Enric Roca\" data-elementor-lightbox-description=\"El somni del pianista, Nueva Zelanda \u00a9 Enric Roca\" data-e-action-hash=\"#elementor-action%3Aaction%3Dlightbox%26settings%3DeyJpZCI6ODIxNywidXJsIjoiaHR0cHM6XC9cL3R1YXJlZ3ZpYXRnZXMuZXNcL2NvbmN1cnNvXC93cC1jb250ZW50XC91cGxvYWRzXC8yMDI2XC8wMlwvb3ZhLVplbGFuZGEtZWwtc29tbmktZGUtbGEtcGlhbmlzdGEtRW5yaWMtUm9jYS5qcGciLCJzbGlkZXNob3ciOiJjNjgyYjg5In0%3D\">\n\t\t\t\t\t<div class=\"e-gallery-image elementor-gallery-item__image\" data-thumbnail=\"https:\/\/tuaregviatges.es\/concurso\/wp-content\/uploads\/2026\/02\/ova-Zelanda-el-somni-de-la-pianista-Enric-Roca-1024x576.jpg\" data-width=\"800\" data-height=\"450\" aria-label=\"El somni del pianista, Nueva Zelanda \u00a9 Enric Roca\" role=\"img\" ><\/div>\n\t\t\t\t\t\t\t\t\t\t\t<div class=\"elementor-gallery-item__overlay\"><\/div>\n\t\t\t\t\t\t\t\t\t\t\t\t\t\t\t<div class=\"elementor-gallery-item__content\">\n\t\t\t\t\t\t\t\t\t\t\t\t\t\t<div class=\"elementor-gallery-item__title\">\n\t\t\t\t\t\t\t\t\t\t\t\t\t\t\t\t\t\tEl somni del pianista, Nueva Zelanda \u00a9 Enric Roca\t\t\t\t\t\t\t\t<\/div>\n\t\t\t\t\t\t\t\t\t\t\t\t<\/div>\n\t\t\t\t\t\t\t\t\t<\/a>\n\t\t\t\t\t\t\t<a class=\"e-gallery-item elementor-gallery-item elementor-animated-content\" data-e-gallery-tags=\"25\" href=\"https:\/\/tuaregviatges.es\/concurso\/wp-content\/uploads\/2026\/02\/ova-Zelanda-manteniment-Enric-Roca.jpg\" data-elementor-open-lightbox=\"yes\" data-elementor-lightbox-slideshow=\"c682b89\" data-elementor-lightbox-title=\"Manteniment, Nueva Zelanda \u00a9 Enric Roca\" data-elementor-lightbox-description=\"Manteniment, Nueva Zelanda \u00a9 Enric Roca\" data-e-action-hash=\"#elementor-action%3Aaction%3Dlightbox%26settings%3DeyJpZCI6ODIxOCwidXJsIjoiaHR0cHM6XC9cL3R1YXJlZ3ZpYXRnZXMuZXNcL2NvbmN1cnNvXC93cC1jb250ZW50XC91cGxvYWRzXC8yMDI2XC8wMlwvb3ZhLVplbGFuZGEtbWFudGVuaW1lbnQtRW5yaWMtUm9jYS5qcGciLCJzbGlkZXNob3ciOiJjNjgyYjg5In0%3D\">\n\t\t\t\t\t<div class=\"e-gallery-image elementor-gallery-item__image\" data-thumbnail=\"https:\/\/tuaregviatges.es\/concurso\/wp-content\/uploads\/2026\/02\/ova-Zelanda-manteniment-Enric-Roca.jpg\" data-width=\"503\" data-height=\"752\" aria-label=\"Manteniment, Nueva Zelanda \u00a9 Enric Roca\" role=\"img\" ><\/div>\n\t\t\t\t\t\t\t\t\t\t\t<div class=\"elementor-gallery-item__overlay\"><\/div>\n\t\t\t\t\t\t\t\t\t\t\t\t\t\t\t<div class=\"elementor-gallery-item__content\">\n\t\t\t\t\t\t\t\t\t\t\t\t\t\t<div class=\"elementor-gallery-item__title\">\n\t\t\t\t\t\t\t\t\t\t\t\t\t\t\t\t\t\tManteniment, Nueva Zelanda \u00a9 Enric Roca\t\t\t\t\t\t\t\t<\/div>\n\t\t\t\t\t\t\t\t\t\t\t\t<\/div>\n\t\t\t\t\t\t\t\t\t<\/a>\n\t\t\t\t\t\t\t<a class=\"e-gallery-item elementor-gallery-item elementor-animated-content\" data-e-gallery-tags=\"25\" href=\"https:\/\/tuaregviatges.es\/concurso\/wp-content\/uploads\/2026\/04\/Nueva-Zelanda-Pintora-zona-Queenstown-Carme-Argemi.jpg\" data-elementor-open-lightbox=\"yes\" data-elementor-lightbox-slideshow=\"c682b89\" data-elementor-lightbox-title=\"Pintora zona Queenstown, Nueva Zelanda \u00a9 Carme Argemi\" data-elementor-lightbox-description=\"Pintora zona Queenstown, Nueva Zelanda \u00a9 Carme Argemi\" data-e-action-hash=\"#elementor-action%3Aaction%3Dlightbox%26settings%3DeyJpZCI6ODY1MywidXJsIjoiaHR0cHM6XC9cL3R1YXJlZ3ZpYXRnZXMuZXNcL2NvbmN1cnNvXC93cC1jb250ZW50XC91cGxvYWRzXC8yMDI2XC8wNFwvTnVldmEtWmVsYW5kYS1QaW50b3JhLXpvbmEtUXVlZW5zdG93bi1DYXJtZS1BcmdlbWkuanBnIiwic2xpZGVzaG93IjoiYzY4MmI4OSJ9\">\n\t\t\t\t\t<div class=\"e-gallery-image elementor-gallery-item__image\" data-thumbnail=\"https:\/\/tuaregviatges.es\/concurso\/wp-content\/uploads\/2026\/04\/Nueva-Zelanda-Pintora-zona-Queenstown-Carme-Argemi-768x1024.jpg\" data-width=\"768\" data-height=\"1024\" aria-label=\"Pintora zona Queenstown, Nueva Zelanda \u00a9 Carme Argemi\" role=\"img\" ><\/div>\n\t\t\t\t\t\t\t\t\t\t\t<div class=\"elementor-gallery-item__overlay\"><\/div>\n\t\t\t\t\t\t\t\t\t\t\t\t\t\t\t<div class=\"elementor-gallery-item__content\">\n\t\t\t\t\t\t\t\t\t\t\t\t\t\t<div class=\"elementor-gallery-item__title\">\n\t\t\t\t\t\t\t\t\t\t\t\t\t\t\t\t\t\tPintora zona Queenstown, Nueva Zelanda \u00a9 Carme Argemi\t\t\t\t\t\t\t\t<\/div>\n\t\t\t\t\t\t\t\t\t\t\t\t<\/div>\n\t\t\t\t\t\t\t\t\t<\/a>\n\t\t\t\t\t\t\t<a class=\"e-gallery-item elementor-gallery-item elementor-animated-content\" data-e-gallery-tags=\"25\" href=\"https:\/\/tuaregviatges.es\/concurso\/wp-content\/uploads\/2026\/04\/Nueva-Zelanda-Moment-Relax-Motueka-Marahau-Carme-Argemi.jpg\" data-elementor-open-lightbox=\"yes\" data-elementor-lightbox-slideshow=\"c682b89\" data-elementor-lightbox-title=\"Moment Relax Motueka Marahau, Nueva Zelanda \u00a9 Carme Argemi\" data-elementor-lightbox-description=\"Moment Relax Motueka Marahau, Nueva Zelanda \u00a9 Carme Argemi\" data-e-action-hash=\"#elementor-action%3Aaction%3Dlightbox%26settings%3DeyJpZCI6ODY1MiwidXJsIjoiaHR0cHM6XC9cL3R1YXJlZ3ZpYXRnZXMuZXNcL2NvbmN1cnNvXC93cC1jb250ZW50XC91cGxvYWRzXC8yMDI2XC8wNFwvTnVldmEtWmVsYW5kYS1Nb21lbnQtUmVsYXgtTW90dWVrYS1NYXJhaGF1LUNhcm1lLUFyZ2VtaS5qcGciLCJzbGlkZXNob3ciOiJjNjgyYjg5In0%3D\">\n\t\t\t\t\t<div class=\"e-gallery-image elementor-gallery-item__image\" data-thumbnail=\"https:\/\/tuaregviatges.es\/concurso\/wp-content\/uploads\/2026\/04\/Nueva-Zelanda-Moment-Relax-Motueka-Marahau-Carme-Argemi-768x1024.jpg\" data-width=\"768\" data-height=\"1024\" aria-label=\"Moment Relax Motueka Marahau, Nueva Zelanda \u00a9 Carme Argemi\" role=\"img\" ><\/div>\n\t\t\t\t\t\t\t\t\t\t\t<div class=\"elementor-gallery-item__overlay\"><\/div>\n\t\t\t\t\t\t\t\t\t\t\t\t\t\t\t<div class=\"elementor-gallery-item__content\">\n\t\t\t\t\t\t\t\t\t\t\t\t\t\t<div class=\"elementor-gallery-item__title\">\n\t\t\t\t\t\t\t\t\t\t\t\t\t\t\t\t\t\tMoment Relax Motueka Marahau, Nueva Zelanda \u00a9 Carme Argemi\t\t\t\t\t\t\t\t<\/div>\n\t\t\t\t\t\t\t\t\t\t\t\t<\/div>\n\t\t\t\t\t\t\t\t\t<\/a>\n\t\t\t\t\t\t\t<a class=\"e-gallery-item elementor-gallery-item elementor-animated-content\" data-e-gallery-tags=\"26\" href=\"https:\/\/tuaregviatges.es\/concurso\/wp-content\/uploads\/2026\/03\/Peru\u0301-Arequipa-Cultura-de-colors-Tino-Valduvieco-.jpg\" data-elementor-open-lightbox=\"yes\" data-elementor-lightbox-slideshow=\"c682b89\" data-elementor-lightbox-title=\"Cultura de colors, Arequipa, Per\u00fa \u00a9 Tino Valduvieco\" data-elementor-lightbox-description=\"Cultura de colors, Arequipa, Per\u00fa \u00a9 Tino Valduvieco\" data-e-action-hash=\"#elementor-action%3Aaction%3Dlightbox%26settings%3DeyJpZCI6ODMzMCwidXJsIjoiaHR0cHM6XC9cL3R1YXJlZ3ZpYXRnZXMuZXNcL2NvbmN1cnNvXC93cC1jb250ZW50XC91cGxvYWRzXC8yMDI2XC8wM1wvUGVydVx1MDMwMS1BcmVxdWlwYS1DdWx0dXJhLWRlLWNvbG9ycy1UaW5vLVZhbGR1dmllY28tLmpwZyIsInNsaWRlc2hvdyI6ImM2ODJiODkifQ%3D%3D\">\n\t\t\t\t\t<div class=\"e-gallery-image elementor-gallery-item__image\" data-thumbnail=\"https:\/\/tuaregviatges.es\/concurso\/wp-content\/uploads\/2026\/03\/Peru\u0301-Arequipa-Cultura-de-colors-Tino-Valduvieco--1024x683.jpg\" data-width=\"800\" data-height=\"534\" aria-label=\"Cultura de colors, Arequipa, Per\u00fa \u00a9 Tino Valduvieco\" role=\"img\" ><\/div>\n\t\t\t\t\t\t\t\t\t\t\t<div class=\"elementor-gallery-item__overlay\"><\/div>\n\t\t\t\t\t\t\t\t\t\t\t\t\t\t\t<div class=\"elementor-gallery-item__content\">\n\t\t\t\t\t\t\t\t\t\t\t\t\t\t<div class=\"elementor-gallery-item__title\">\n\t\t\t\t\t\t\t\t\t\t\t\t\t\t\t\t\t\tCultura de colors, Arequipa, Per\u00fa \u00a9 Tino Valduvieco\t\t\t\t\t\t\t\t<\/div>\n\t\t\t\t\t\t\t\t\t\t\t\t<\/div>\n\t\t\t\t\t\t\t\t\t<\/a>\n\t\t\t\t\t\t\t<a class=\"e-gallery-item elementor-gallery-item elementor-animated-content\" data-e-gallery-tags=\"26\" href=\"https:\/\/tuaregviatges.es\/concurso\/wp-content\/uploads\/2026\/03\/PERU\u0301-Arequipa-On-e\u0301s-el-nuvi-_-Tino-Valduvieco-.jpg\" data-elementor-open-lightbox=\"yes\" data-elementor-lightbox-slideshow=\"c682b89\" data-elementor-lightbox-title=\"On \u00e9s el nuvi, Arequipa, Per\u00fa \u00a9 Tino Valduvieco\" data-elementor-lightbox-description=\"On \u00e9s el nuvi, Arequipa, Per\u00fa \u00a9 Tino Valduvieco\" data-e-action-hash=\"#elementor-action%3Aaction%3Dlightbox%26settings%3DeyJpZCI6ODMyNywidXJsIjoiaHR0cHM6XC9cL3R1YXJlZ3ZpYXRnZXMuZXNcL2NvbmN1cnNvXC93cC1jb250ZW50XC91cGxvYWRzXC8yMDI2XC8wM1wvUEVSVVx1MDMwMS1BcmVxdWlwYS1Pbi1lXHUwMzAxcy1lbC1udXZpLV8tVGluby1WYWxkdXZpZWNvLS5qcGciLCJzbGlkZXNob3ciOiJjNjgyYjg5In0%3D\">\n\t\t\t\t\t<div class=\"e-gallery-image elementor-gallery-item__image\" data-thumbnail=\"https:\/\/tuaregviatges.es\/concurso\/wp-content\/uploads\/2026\/03\/PERU\u0301-Arequipa-On-e\u0301s-el-nuvi-_-Tino-Valduvieco--1024x683.jpg\" data-width=\"800\" data-height=\"534\" aria-label=\"On \u00e9s el nuvi, Arequipa, Per\u00fa \u00a9 Tino Valduvieco\" role=\"img\" ><\/div>\n\t\t\t\t\t\t\t\t\t\t\t<div class=\"elementor-gallery-item__overlay\"><\/div>\n\t\t\t\t\t\t\t\t\t\t\t\t\t\t\t<div class=\"elementor-gallery-item__content\">\n\t\t\t\t\t\t\t\t\t\t\t\t\t\t<div class=\"elementor-gallery-item__title\">\n\t\t\t\t\t\t\t\t\t\t\t\t\t\t\t\t\t\tOn \u00e9s el nuvi, Arequipa, Per\u00fa \u00a9 Tino Valduvieco\t\t\t\t\t\t\t\t<\/div>\n\t\t\t\t\t\t\t\t\t\t\t\t<\/div>\n\t\t\t\t\t\t\t\t\t<\/a>\n\t\t\t\t\t\t\t<a class=\"e-gallery-item elementor-gallery-item elementor-animated-content\" data-e-gallery-tags=\"27\" href=\"https:\/\/tuaregviatges.es\/concurso\/wp-content\/uploads\/2026\/04\/Senegal-Colours-Maria-Moragues.jpg\" data-elementor-open-lightbox=\"yes\" data-elementor-lightbox-slideshow=\"c682b89\" data-elementor-lightbox-title=\"Colours, Senegal \u00a9 Mar\u00eda Moragues\" data-elementor-lightbox-description=\"Colours, Senegal \u00a9 Mar\u00eda Moragues\" data-e-action-hash=\"#elementor-action%3Aaction%3Dlightbox%26settings%3DeyJpZCI6ODYxMywidXJsIjoiaHR0cHM6XC9cL3R1YXJlZ3ZpYXRnZXMuZXNcL2NvbmN1cnNvXC93cC1jb250ZW50XC91cGxvYWRzXC8yMDI2XC8wNFwvU2VuZWdhbC1Db2xvdXJzLU1hcmlhLU1vcmFndWVzLmpwZyIsInNsaWRlc2hvdyI6ImM2ODJiODkifQ%3D%3D\">\n\t\t\t\t\t<div class=\"e-gallery-image elementor-gallery-item__image\" data-thumbnail=\"https:\/\/tuaregviatges.es\/concurso\/wp-content\/uploads\/2026\/04\/Senegal-Colours-Maria-Moragues-1024x676.jpg\" data-width=\"800\" data-height=\"528\" aria-label=\"Colours, Senegal \u00a9 Mar\u00eda Moragues\" role=\"img\" ><\/div>\n\t\t\t\t\t\t\t\t\t\t\t<div class=\"elementor-gallery-item__overlay\"><\/div>\n\t\t\t\t\t\t\t\t\t\t\t\t\t\t\t<div class=\"elementor-gallery-item__content\">\n\t\t\t\t\t\t\t\t\t\t\t\t\t\t<div class=\"elementor-gallery-item__title\">\n\t\t\t\t\t\t\t\t\t\t\t\t\t\t\t\t\t\tColours, Senegal \u00a9 Mar\u00eda Moragues\t\t\t\t\t\t\t\t<\/div>\n\t\t\t\t\t\t\t\t\t\t\t\t<\/div>\n\t\t\t\t\t\t\t\t\t<\/a>\n\t\t\t\t\t\t\t<a class=\"e-gallery-item elementor-gallery-item elementor-animated-content\" data-e-gallery-tags=\"27\" href=\"https:\/\/tuaregviatges.es\/concurso\/wp-content\/uploads\/2026\/04\/Senegal-Fishermen-Maria-Moragues.jpg\" data-elementor-open-lightbox=\"yes\" data-elementor-lightbox-slideshow=\"c682b89\" data-elementor-lightbox-title=\"Fishermen, Senegal \u00a9 Mar\u00eda Moragues\" data-elementor-lightbox-description=\"Fishermen, Senegal \u00a9 Mar\u00eda Moragues\" data-e-action-hash=\"#elementor-action%3Aaction%3Dlightbox%26settings%3DeyJpZCI6ODYxNCwidXJsIjoiaHR0cHM6XC9cL3R1YXJlZ3ZpYXRnZXMuZXNcL2NvbmN1cnNvXC93cC1jb250ZW50XC91cGxvYWRzXC8yMDI2XC8wNFwvU2VuZWdhbC1GaXNoZXJtZW4tTWFyaWEtTW9yYWd1ZXMuanBnIiwic2xpZGVzaG93IjoiYzY4MmI4OSJ9\">\n\t\t\t\t\t<div class=\"e-gallery-image elementor-gallery-item__image\" data-thumbnail=\"https:\/\/tuaregviatges.es\/concurso\/wp-content\/uploads\/2026\/04\/Senegal-Fishermen-Maria-Moragues-1024x658.jpg\" data-width=\"800\" data-height=\"514\" aria-label=\"Fishermen, Senegal \u00a9 Mar\u00eda Moragues\" role=\"img\" ><\/div>\n\t\t\t\t\t\t\t\t\t\t\t<div class=\"elementor-gallery-item__overlay\"><\/div>\n\t\t\t\t\t\t\t\t\t\t\t\t\t\t\t<div class=\"elementor-gallery-item__content\">\n\t\t\t\t\t\t\t\t\t\t\t\t\t\t<div class=\"elementor-gallery-item__title\">\n\t\t\t\t\t\t\t\t\t\t\t\t\t\t\t\t\t\tFishermen, Senegal \u00a9 Mar\u00eda Moragues\t\t\t\t\t\t\t\t<\/div>\n\t\t\t\t\t\t\t\t\t\t\t\t<\/div>\n\t\t\t\t\t\t\t\t\t<\/a>\n\t\t\t\t\t\t\t<a class=\"e-gallery-item elementor-gallery-item elementor-animated-content\" data-e-gallery-tags=\"27\" href=\"https:\/\/tuaregviatges.es\/concurso\/wp-content\/uploads\/2026\/02\/Aldea-Serere-Joal-Fadiouth-Senegal-Jessie-Chalecki.jpg\" data-elementor-open-lightbox=\"yes\" data-elementor-lightbox-slideshow=\"c682b89\" data-elementor-lightbox-title=\"Aldea Serere Joal Fadiouth, Senegal \u00a9 Jessie Chalecki\" data-elementor-lightbox-description=\"Aldea Serere Joal Fadiouth, Senegal \u00a9 Jessie Chalecki\" data-e-action-hash=\"#elementor-action%3Aaction%3Dlightbox%26settings%3DeyJpZCI6ODA4MCwidXJsIjoiaHR0cHM6XC9cL3R1YXJlZ3ZpYXRnZXMuZXNcL2NvbmN1cnNvXC93cC1jb250ZW50XC91cGxvYWRzXC8yMDI2XC8wMlwvQWxkZWEtU2VyZXJlLUpvYWwtRmFkaW91dGgtU2VuZWdhbC1KZXNzaWUtQ2hhbGVja2kuanBnIiwic2xpZGVzaG93IjoiYzY4MmI4OSJ9\">\n\t\t\t\t\t<div class=\"e-gallery-image elementor-gallery-item__image\" data-thumbnail=\"https:\/\/tuaregviatges.es\/concurso\/wp-content\/uploads\/2026\/02\/Aldea-Serere-Joal-Fadiouth-Senegal-Jessie-Chalecki-771x1024.jpg\" data-width=\"771\" data-height=\"1024\" aria-label=\"Aldea Serere Joal Fadiouth, Senegal \u00a9 Jessie Chalecki\" role=\"img\" ><\/div>\n\t\t\t\t\t\t\t\t\t\t\t<div class=\"elementor-gallery-item__overlay\"><\/div>\n\t\t\t\t\t\t\t\t\t\t\t\t\t\t\t<div class=\"elementor-gallery-item__content\">\n\t\t\t\t\t\t\t\t\t\t\t\t\t\t<div class=\"elementor-gallery-item__title\">\n\t\t\t\t\t\t\t\t\t\t\t\t\t\t\t\t\t\tAldea Serere Joal Fadiouth, Senegal \u00a9 Jessie Chalecki\t\t\t\t\t\t\t\t<\/div>\n\t\t\t\t\t\t\t\t\t\t\t\t<\/div>\n\t\t\t\t\t\t\t\t\t<\/a>\n\t\t\t\t\t\t\t<a class=\"e-gallery-item elementor-gallery-item elementor-animated-content\" data-e-gallery-tags=\"27\" href=\"https:\/\/tuaregviatges.es\/concurso\/wp-content\/uploads\/2026\/02\/Senegal-Anada-amb-carro-cap-a-Mar-Fafako-Rafel-Bonnin.jpg\" data-elementor-open-lightbox=\"yes\" data-elementor-lightbox-slideshow=\"c682b89\" data-elementor-lightbox-title=\"Anada amb carro cap a Mar Fafako, Senegal \u00a9 Rafel Bonnin\" data-elementor-lightbox-description=\"Anada amb carro cap a Mar Fafako, Senegal \u00a9 Rafel Bonnin\" data-e-action-hash=\"#elementor-action%3Aaction%3Dlightbox%26settings%3DeyJpZCI6ODE2MiwidXJsIjoiaHR0cHM6XC9cL3R1YXJlZ3ZpYXRnZXMuZXNcL2NvbmN1cnNvXC93cC1jb250ZW50XC91cGxvYWRzXC8yMDI2XC8wMlwvU2VuZWdhbC1BbmFkYS1hbWItY2Fycm8tY2FwLWEtTWFyLUZhZmFrby1SYWZlbC1Cb25uaW4uanBnIiwic2xpZGVzaG93IjoiYzY4MmI4OSJ9\">\n\t\t\t\t\t<div class=\"e-gallery-image elementor-gallery-item__image\" data-thumbnail=\"https:\/\/tuaregviatges.es\/concurso\/wp-content\/uploads\/2026\/02\/Senegal-Anada-amb-carro-cap-a-Mar-Fafako-Rafel-Bonnin-1024x508.jpg\" data-width=\"800\" data-height=\"397\" aria-label=\"Anada amb carro cap a Mar Fafako, Senegal \u00a9 Rafel Bonnin\" role=\"img\" ><\/div>\n\t\t\t\t\t\t\t\t\t\t\t<div class=\"elementor-gallery-item__overlay\"><\/div>\n\t\t\t\t\t\t\t\t\t\t\t\t\t\t\t<div class=\"elementor-gallery-item__content\">\n\t\t\t\t\t\t\t\t\t\t\t\t\t\t<div class=\"elementor-gallery-item__title\">\n\t\t\t\t\t\t\t\t\t\t\t\t\t\t\t\t\t\tAnada amb carro cap a Mar Fafako, Senegal \u00a9 Rafel Bonnin\t\t\t\t\t\t\t\t<\/div>\n\t\t\t\t\t\t\t\t\t\t\t\t<\/div>\n\t\t\t\t\t\t\t\t\t<\/a>\n\t\t\t\t\t\t\t<a class=\"e-gallery-item elementor-gallery-item elementor-animated-content\" data-e-gallery-tags=\"27\" href=\"https:\/\/tuaregviatges.es\/concurso\/wp-content\/uploads\/2026\/02\/Artista-en-Ile-de-Goree-Senegal-Jessie-Chalecki.jpg\" data-elementor-open-lightbox=\"yes\" data-elementor-lightbox-slideshow=\"c682b89\" data-elementor-lightbox-title=\"Artista en Ile de Gor\u00e9e, Senegal \u00a9 Jessie Chalecki\" data-elementor-lightbox-description=\"Artista en Ile de Gor\u00e9e, Senegal \u00a9 Jessie Chalecki\" data-e-action-hash=\"#elementor-action%3Aaction%3Dlightbox%26settings%3DeyJpZCI6ODA4MSwidXJsIjoiaHR0cHM6XC9cL3R1YXJlZ3ZpYXRnZXMuZXNcL2NvbmN1cnNvXC93cC1jb250ZW50XC91cGxvYWRzXC8yMDI2XC8wMlwvQXJ0aXN0YS1lbi1JbGUtZGUtR29yZWUtU2VuZWdhbC1KZXNzaWUtQ2hhbGVja2kuanBnIiwic2xpZGVzaG93IjoiYzY4MmI4OSJ9\">\n\t\t\t\t\t<div class=\"e-gallery-image elementor-gallery-item__image\" data-thumbnail=\"https:\/\/tuaregviatges.es\/concurso\/wp-content\/uploads\/2026\/02\/Artista-en-Ile-de-Goree-Senegal-Jessie-Chalecki-768x1024.jpg\" data-width=\"768\" data-height=\"1024\" aria-label=\"Artista en Ile de Gor\u00e9e, Senegal \u00a9 Jessie Chalecki\" role=\"img\" ><\/div>\n\t\t\t\t\t\t\t\t\t\t\t<div class=\"elementor-gallery-item__overlay\"><\/div>\n\t\t\t\t\t\t\t\t\t\t\t\t\t\t\t<div class=\"elementor-gallery-item__content\">\n\t\t\t\t\t\t\t\t\t\t\t\t\t\t<div class=\"elementor-gallery-item__title\">\n\t\t\t\t\t\t\t\t\t\t\t\t\t\t\t\t\t\tArtista en Ile de Gor\u00e9e, Senegal \u00a9 Jessie Chalecki\t\t\t\t\t\t\t\t<\/div>\n\t\t\t\t\t\t\t\t\t\t\t\t<\/div>\n\t\t\t\t\t\t\t\t\t<\/a>\n\t\t\t\t\t\t\t<a class=\"e-gallery-item elementor-gallery-item elementor-animated-content\" data-e-gallery-tags=\"27\" href=\"https:\/\/tuaregviatges.es\/concurso\/wp-content\/uploads\/2026\/02\/Senegal-Senyor-senegales-relaxat-a-Sant-Louis-Rafel-Bonnin.jpg\" data-elementor-open-lightbox=\"yes\" data-elementor-lightbox-slideshow=\"c682b89\" data-elementor-lightbox-title=\"Senyor senegal\u00e9s relaxat a Sant Louis, Senegal \u00a9 Rafel Bonnin\" data-elementor-lightbox-description=\"Senyor senegal\u00e9s relaxat a Sant Louis, Senegal \u00a9 Rafel Bonnin\" data-e-action-hash=\"#elementor-action%3Aaction%3Dlightbox%26settings%3DeyJpZCI6ODE2MCwidXJsIjoiaHR0cHM6XC9cL3R1YXJlZ3ZpYXRnZXMuZXNcL2NvbmN1cnNvXC93cC1jb250ZW50XC91cGxvYWRzXC8yMDI2XC8wMlwvU2VuZWdhbC1TZW55b3Itc2VuZWdhbGVzLXJlbGF4YXQtYS1TYW50LUxvdWlzLVJhZmVsLUJvbm5pbi5qcGciLCJzbGlkZXNob3ciOiJjNjgyYjg5In0%3D\">\n\t\t\t\t\t<div class=\"e-gallery-image elementor-gallery-item__image\" data-thumbnail=\"https:\/\/tuaregviatges.es\/concurso\/wp-content\/uploads\/2026\/02\/Senegal-Senyor-senegales-relaxat-a-Sant-Louis-Rafel-Bonnin-1024x658.jpg\" data-width=\"800\" data-height=\"514\" aria-label=\"Senyor senegal\u00e9s relaxat a Sant Louis, Senegal \u00a9 Rafel Bonnin\" role=\"img\" ><\/div>\n\t\t\t\t\t\t\t\t\t\t\t<div class=\"elementor-gallery-item__overlay\"><\/div>\n\t\t\t\t\t\t\t\t\t\t\t\t\t\t\t<div class=\"elementor-gallery-item__content\">\n\t\t\t\t\t\t\t\t\t\t\t\t\t\t<div class=\"elementor-gallery-item__title\">\n\t\t\t\t\t\t\t\t\t\t\t\t\t\t\t\t\t\tSenyor senegal\u00e9s relaxat a Sant Louis, Senegal \u00a9 Rafel Bonnin\t\t\t\t\t\t\t\t<\/div>\n\t\t\t\t\t\t\t\t\t\t\t\t<\/div>\n\t\t\t\t\t\t\t\t\t<\/a>\n\t\t\t\t\t\t\t<a class=\"e-gallery-item elementor-gallery-item elementor-animated-content\" data-e-gallery-tags=\"27\" href=\"https:\/\/tuaregviatges.es\/concurso\/wp-content\/uploads\/2026\/01\/Senegal-Javier-Romero-2.jpg\" data-elementor-open-lightbox=\"yes\" data-elementor-lightbox-slideshow=\"c682b89\" data-elementor-lightbox-title=\"Senegal \u00a9 Javier Romero\" data-elementor-lightbox-description=\"Senegal \u00a9 Javier Romero\" data-e-action-hash=\"#elementor-action%3Aaction%3Dlightbox%26settings%3DeyJpZCI6ODAxNywidXJsIjoiaHR0cHM6XC9cL3R1YXJlZ3ZpYXRnZXMuZXNcL2NvbmN1cnNvXC93cC1jb250ZW50XC91cGxvYWRzXC8yMDI2XC8wMVwvU2VuZWdhbC1KYXZpZXItUm9tZXJvLTIuanBnIiwic2xpZGVzaG93IjoiYzY4MmI4OSJ9\">\n\t\t\t\t\t<div class=\"e-gallery-image elementor-gallery-item__image\" data-thumbnail=\"https:\/\/tuaregviatges.es\/concurso\/wp-content\/uploads\/2026\/01\/Senegal-Javier-Romero-2-1024x768.jpg\" data-width=\"800\" data-height=\"600\" aria-label=\"Senegal \u00a9 Javier Romero\" role=\"img\" ><\/div>\n\t\t\t\t\t\t\t\t\t\t\t<div class=\"elementor-gallery-item__overlay\"><\/div>\n\t\t\t\t\t\t\t\t\t\t\t\t\t\t\t<div class=\"elementor-gallery-item__content\">\n\t\t\t\t\t\t\t\t\t\t\t\t\t\t<div class=\"elementor-gallery-item__title\">\n\t\t\t\t\t\t\t\t\t\t\t\t\t\t\t\t\t\tSenegal \u00a9 Javier Romero\t\t\t\t\t\t\t\t<\/div>\n\t\t\t\t\t\t\t\t\t\t\t\t<\/div>\n\t\t\t\t\t\t\t\t\t<\/a>\n\t\t\t\t\t\t\t<a class=\"e-gallery-item elementor-gallery-item elementor-animated-content\" data-e-gallery-tags=\"27\" href=\"https:\/\/tuaregviatges.es\/concurso\/wp-content\/uploads\/2026\/01\/Senegal_casa-senegalesa-St_Louis_Judith.jpg\" data-elementor-open-lightbox=\"yes\" data-elementor-lightbox-slideshow=\"c682b89\" data-elementor-lightbox-title=\"Casa senegalesa, St Louis, Senegal \u00a9 Sonia Toral\" data-elementor-lightbox-description=\"Casa senegalesa, St Louis, Senegal \u00a9 Sonia Toral\" data-e-action-hash=\"#elementor-action%3Aaction%3Dlightbox%26settings%3DeyJpZCI6ODAyNSwidXJsIjoiaHR0cHM6XC9cL3R1YXJlZ3ZpYXRnZXMuZXNcL2NvbmN1cnNvXC93cC1jb250ZW50XC91cGxvYWRzXC8yMDI2XC8wMVwvU2VuZWdhbF9jYXNhLXNlbmVnYWxlc2EtU3RfTG91aXNfSnVkaXRoLmpwZyIsInNsaWRlc2hvdyI6ImM2ODJiODkifQ%3D%3D\">\n\t\t\t\t\t<div class=\"e-gallery-image elementor-gallery-item__image\" data-thumbnail=\"https:\/\/tuaregviatges.es\/concurso\/wp-content\/uploads\/2026\/01\/Senegal_casa-senegalesa-St_Louis_Judith.jpg\" data-width=\"720\" data-height=\"666\" aria-label=\"Casa senegalesa, St Louis, Senegal \u00a9 Sonia Toral\" role=\"img\" ><\/div>\n\t\t\t\t\t\t\t\t\t\t\t<div class=\"elementor-gallery-item__overlay\"><\/div>\n\t\t\t\t\t\t\t\t\t\t\t\t\t\t\t<div class=\"elementor-gallery-item__content\">\n\t\t\t\t\t\t\t\t\t\t\t\t\t\t<div class=\"elementor-gallery-item__title\">\n\t\t\t\t\t\t\t\t\t\t\t\t\t\t\t\t\t\tCasa senegalesa, St Louis, Senegal \u00a9 Sonia Toral\t\t\t\t\t\t\t\t<\/div>\n\t\t\t\t\t\t\t\t\t\t\t\t<\/div>\n\t\t\t\t\t\t\t\t\t<\/a>\n\t\t\t\t\t\t\t<a class=\"e-gallery-item elementor-gallery-item elementor-animated-content\" data-e-gallery-tags=\"27\" href=\"https:\/\/tuaregviatges.es\/concurso\/wp-content\/uploads\/2026\/02\/SENEGAL-Delta_-del-_Saloum-Eulalia_Mateu.jpg\" data-elementor-open-lightbox=\"yes\" data-elementor-lightbox-slideshow=\"c682b89\" data-elementor-lightbox-title=\"Delta del Saloum, Senegal \u00a9 Eulalia Mateu\" data-elementor-lightbox-description=\"Delta del Saloum, Senegal \u00a9 Eulalia Mateu\" data-e-action-hash=\"#elementor-action%3Aaction%3Dlightbox%26settings%3DeyJpZCI6ODA4NSwidXJsIjoiaHR0cHM6XC9cL3R1YXJlZ3ZpYXRnZXMuZXNcL2NvbmN1cnNvXC93cC1jb250ZW50XC91cGxvYWRzXC8yMDI2XC8wMlwvU0VORUdBTC1EZWx0YV8tZGVsLV9TYWxvdW0tRXVsYWxpYV9NYXRldS5qcGciLCJzbGlkZXNob3ciOiJjNjgyYjg5In0%3D\">\n\t\t\t\t\t<div class=\"e-gallery-image elementor-gallery-item__image\" data-thumbnail=\"https:\/\/tuaregviatges.es\/concurso\/wp-content\/uploads\/2026\/02\/SENEGAL-Delta_-del-_Saloum-Eulalia_Mateu.jpg\" data-width=\"540\" data-height=\"720\" aria-label=\"Delta del Saloum, Senegal \u00a9 Eulalia Mateu\" role=\"img\" ><\/div>\n\t\t\t\t\t\t\t\t\t\t\t<div class=\"elementor-gallery-item__overlay\"><\/div>\n\t\t\t\t\t\t\t\t\t\t\t\t\t\t\t<div class=\"elementor-gallery-item__content\">\n\t\t\t\t\t\t\t\t\t\t\t\t\t\t<div class=\"elementor-gallery-item__title\">\n\t\t\t\t\t\t\t\t\t\t\t\t\t\t\t\t\t\tDelta del Saloum, Senegal \u00a9 Eulalia Mateu\t\t\t\t\t\t\t\t<\/div>\n\t\t\t\t\t\t\t\t\t\t\t\t<\/div>\n\t\t\t\t\t\t\t\t\t<\/a>\n\t\t\t\t\t\t\t<a class=\"e-gallery-item elementor-gallery-item elementor-animated-content\" data-e-gallery-tags=\"27\" href=\"https:\/\/tuaregviatges.es\/concurso\/wp-content\/uploads\/2026\/02\/SENEGAL-Illa_de_Fadiouth-Eulalia_Mateu.jpg\" data-elementor-open-lightbox=\"yes\" data-elementor-lightbox-slideshow=\"c682b89\" data-elementor-lightbox-title=\"Illa de Fadiouth, Senegal \u00a9 Eulalia Mateu\" data-elementor-lightbox-description=\"Illa de Fadiouth, Senegal \u00a9 Eulalia Mateu\" data-e-action-hash=\"#elementor-action%3Aaction%3Dlightbox%26settings%3DeyJpZCI6ODA4NiwidXJsIjoiaHR0cHM6XC9cL3R1YXJlZ3ZpYXRnZXMuZXNcL2NvbmN1cnNvXC93cC1jb250ZW50XC91cGxvYWRzXC8yMDI2XC8wMlwvU0VORUdBTC1JbGxhX2RlX0ZhZGlvdXRoLUV1bGFsaWFfTWF0ZXUuanBnIiwic2xpZGVzaG93IjoiYzY4MmI4OSJ9\">\n\t\t\t\t\t<div class=\"e-gallery-image elementor-gallery-item__image\" data-thumbnail=\"https:\/\/tuaregviatges.es\/concurso\/wp-content\/uploads\/2026\/02\/SENEGAL-Illa_de_Fadiouth-Eulalia_Mateu.jpg\" data-width=\"765\" data-height=\"1020\" aria-label=\"Illa de Fadiouth, Senegal \u00a9 Eulalia Mateu\" role=\"img\" ><\/div>\n\t\t\t\t\t\t\t\t\t\t\t<div class=\"elementor-gallery-item__overlay\"><\/div>\n\t\t\t\t\t\t\t\t\t\t\t\t\t\t\t<div class=\"elementor-gallery-item__content\">\n\t\t\t\t\t\t\t\t\t\t\t\t\t\t<div class=\"elementor-gallery-item__title\">\n\t\t\t\t\t\t\t\t\t\t\t\t\t\t\t\t\t\tIlla de Fadiouth, Senegal \u00a9 Eulalia Mateu\t\t\t\t\t\t\t\t<\/div>\n\t\t\t\t\t\t\t\t\t\t\t\t<\/div>\n\t\t\t\t\t\t\t\t\t<\/a>\n\t\t\t\t\t\t\t<a class=\"e-gallery-item elementor-gallery-item elementor-animated-content\" data-e-gallery-tags=\"27\" href=\"https:\/\/tuaregviatges.es\/concurso\/wp-content\/uploads\/2026\/01\/Senegal-Mbour_Esperando_Regreso_Pescadores-Sonia_Toral.jpg\" data-elementor-open-lightbox=\"yes\" data-elementor-lightbox-slideshow=\"c682b89\" data-elementor-lightbox-title=\"Esperando regreso pescadores, Senegal \u00a9 Sonia Toral\" data-elementor-lightbox-description=\"Esperando regreso pescadores, Senegal \u00a9 Sonia Toral\" data-e-action-hash=\"#elementor-action%3Aaction%3Dlightbox%26settings%3DeyJpZCI6ODAzMSwidXJsIjoiaHR0cHM6XC9cL3R1YXJlZ3ZpYXRnZXMuZXNcL2NvbmN1cnNvXC93cC1jb250ZW50XC91cGxvYWRzXC8yMDI2XC8wMVwvU2VuZWdhbC1NYm91cl9Fc3BlcmFuZG9fUmVncmVzb19QZXNjYWRvcmVzLVNvbmlhX1RvcmFsLmpwZyIsInNsaWRlc2hvdyI6ImM2ODJiODkifQ%3D%3D\">\n\t\t\t\t\t<div class=\"e-gallery-image elementor-gallery-item__image\" data-thumbnail=\"https:\/\/tuaregviatges.es\/concurso\/wp-content\/uploads\/2026\/01\/Senegal-Mbour_Esperando_Regreso_Pescadores-Sonia_Toral-1024x576.jpg\" data-width=\"800\" data-height=\"450\" aria-label=\"Esperando regreso pescadores, Senegal \u00a9 Sonia Toral\" role=\"img\" ><\/div>\n\t\t\t\t\t\t\t\t\t\t\t<div class=\"elementor-gallery-item__overlay\"><\/div>\n\t\t\t\t\t\t\t\t\t\t\t\t\t\t\t<div class=\"elementor-gallery-item__content\">\n\t\t\t\t\t\t\t\t\t\t\t\t\t\t<div class=\"elementor-gallery-item__title\">\n\t\t\t\t\t\t\t\t\t\t\t\t\t\t\t\t\t\tEsperando regreso pescadores, Senegal \u00a9 Sonia Toral\t\t\t\t\t\t\t\t<\/div>\n\t\t\t\t\t\t\t\t\t\t\t\t<\/div>\n\t\t\t\t\t\t\t\t\t<\/a>\n\t\t\t\t\t\t\t<a class=\"e-gallery-item elementor-gallery-item elementor-animated-content\" data-e-gallery-tags=\"27\" href=\"https:\/\/tuaregviatges.es\/concurso\/wp-content\/uploads\/2026\/02\/SENEGAL-Saint_Louis_preparant_Thieb_bu_dieun-Eulalia_Mateu.jpg\" data-elementor-open-lightbox=\"yes\" data-elementor-lightbox-slideshow=\"c682b89\" data-elementor-lightbox-title=\"Saint Louis preparant Thieb bu dieun, Senegal \u00a9 Eulalia Mateu\" data-elementor-lightbox-description=\"Saint Louis preparant Thieb bu dieun, Senegal \u00a9 Eulalia Mateu\" data-e-action-hash=\"#elementor-action%3Aaction%3Dlightbox%26settings%3DeyJpZCI6ODA4MiwidXJsIjoiaHR0cHM6XC9cL3R1YXJlZ3ZpYXRnZXMuZXNcL2NvbmN1cnNvXC93cC1jb250ZW50XC91cGxvYWRzXC8yMDI2XC8wMlwvU0VORUdBTC1TYWludF9Mb3Vpc19wcmVwYXJhbnRfVGhpZWJfYnVfZGlldW4tRXVsYWxpYV9NYXRldS5qcGciLCJzbGlkZXNob3ciOiJjNjgyYjg5In0%3D\">\n\t\t\t\t\t<div class=\"e-gallery-image elementor-gallery-item__image\" data-thumbnail=\"https:\/\/tuaregviatges.es\/concurso\/wp-content\/uploads\/2026\/02\/SENEGAL-Saint_Louis_preparant_Thieb_bu_dieun-Eulalia_Mateu.jpg\" data-width=\"800\" data-height=\"600\" aria-label=\"Saint Louis preparant Thieb bu dieun, Senegal \u00a9 Eulalia Mateu\" role=\"img\" ><\/div>\n\t\t\t\t\t\t\t\t\t\t\t<div class=\"elementor-gallery-item__overlay\"><\/div>\n\t\t\t\t\t\t\t\t\t\t\t\t\t\t\t<div class=\"elementor-gallery-item__content\">\n\t\t\t\t\t\t\t\t\t\t\t\t\t\t<div class=\"elementor-gallery-item__title\">\n\t\t\t\t\t\t\t\t\t\t\t\t\t\t\t\t\t\tSaint Louis preparant Thieb bu dieun, Senegal \u00a9 Eulalia Mateu\t\t\t\t\t\t\t\t<\/div>\n\t\t\t\t\t\t\t\t\t\t\t\t<\/div>\n\t\t\t\t\t\t\t\t\t<\/a>\n\t\t\t\t\t\t\t<a class=\"e-gallery-item elementor-gallery-item elementor-animated-content\" data-e-gallery-tags=\"27\" href=\"https:\/\/tuaregviatges.es\/concurso\/wp-content\/uploads\/2026\/04\/Senegal-No-Stress-Maria-Moragues.jpg\" data-elementor-open-lightbox=\"yes\" data-elementor-lightbox-slideshow=\"c682b89\" data-elementor-lightbox-title=\"No Stress, Senegal \u00a9 Maria Moragues\" data-elementor-lightbox-description=\"No Stress, Senegal \u00a9 Maria Moragues\" data-e-action-hash=\"#elementor-action%3Aaction%3Dlightbox%26settings%3DeyJpZCI6ODYxMSwidXJsIjoiaHR0cHM6XC9cL3R1YXJlZ3ZpYXRnZXMuZXNcL2NvbmN1cnNvXC93cC1jb250ZW50XC91cGxvYWRzXC8yMDI2XC8wNFwvU2VuZWdhbC1Oby1TdHJlc3MtTWFyaWEtTW9yYWd1ZXMuanBnIiwic2xpZGVzaG93IjoiYzY4MmI4OSJ9\">\n\t\t\t\t\t<div class=\"e-gallery-image elementor-gallery-item__image\" data-thumbnail=\"https:\/\/tuaregviatges.es\/concurso\/wp-content\/uploads\/2026\/04\/Senegal-No-Stress-Maria-Moragues-1024x768.jpg\" data-width=\"800\" data-height=\"600\" aria-label=\"No Stress, Senegal \u00a9 Maria Moragues\" role=\"img\" ><\/div>\n\t\t\t\t\t\t\t\t\t\t\t<div class=\"elementor-gallery-item__overlay\"><\/div>\n\t\t\t\t\t\t\t\t\t\t\t\t\t\t\t<div class=\"elementor-gallery-item__content\">\n\t\t\t\t\t\t\t\t\t\t\t\t\t\t<div class=\"elementor-gallery-item__title\">\n\t\t\t\t\t\t\t\t\t\t\t\t\t\t\t\t\t\tNo Stress, Senegal \u00a9 Maria Moragues\t\t\t\t\t\t\t\t<\/div>\n\t\t\t\t\t\t\t\t\t\t\t\t<\/div>\n\t\t\t\t\t\t\t\t\t<\/a>\n\t\t\t\t\t\t\t<a class=\"e-gallery-item elementor-gallery-item elementor-animated-content\" data-e-gallery-tags=\"27\" href=\"https:\/\/tuaregviatges.es\/concurso\/wp-content\/uploads\/2026\/02\/SENEGAL-Saly-Eulalia_Mateu.jpg\" data-elementor-open-lightbox=\"yes\" data-elementor-lightbox-slideshow=\"c682b89\" data-elementor-lightbox-title=\"Saly, Senegal \u00a9 Eulalia Mateu\" data-elementor-lightbox-description=\"Saly, Senegal \u00a9 Eulalia Mateu\" data-e-action-hash=\"#elementor-action%3Aaction%3Dlightbox%26settings%3DeyJpZCI6ODA4NCwidXJsIjoiaHR0cHM6XC9cL3R1YXJlZ3ZpYXRnZXMuZXNcL2NvbmN1cnNvXC93cC1jb250ZW50XC91cGxvYWRzXC8yMDI2XC8wMlwvU0VORUdBTC1TYWx5LUV1bGFsaWFfTWF0ZXUuanBnIiwic2xpZGVzaG93IjoiYzY4MmI4OSJ9\">\n\t\t\t\t\t<div class=\"e-gallery-image elementor-gallery-item__image\" data-thumbnail=\"https:\/\/tuaregviatges.es\/concurso\/wp-content\/uploads\/2026\/02\/SENEGAL-Saly-Eulalia_Mateu.jpg\" data-width=\"800\" data-height=\"450\" aria-label=\"Saly, Senegal \u00a9 Eulalia Mateu\" role=\"img\" ><\/div>\n\t\t\t\t\t\t\t\t\t\t\t<div class=\"elementor-gallery-item__overlay\"><\/div>\n\t\t\t\t\t\t\t\t\t\t\t\t\t\t\t<div class=\"elementor-gallery-item__content\">\n\t\t\t\t\t\t\t\t\t\t\t\t\t\t<div class=\"elementor-gallery-item__title\">\n\t\t\t\t\t\t\t\t\t\t\t\t\t\t\t\t\t\tSaly, Senegal \u00a9 Eulalia Mateu\t\t\t\t\t\t\t\t<\/div>\n\t\t\t\t\t\t\t\t\t\t\t\t<\/div>\n\t\t\t\t\t\t\t\t\t<\/a>\n\t\t\t\t\t\t\t<a class=\"e-gallery-item elementor-gallery-item elementor-animated-content\" data-e-gallery-tags=\"28\" href=\"https:\/\/tuaregviatges.es\/concurso\/wp-content\/uploads\/2026\/01\/Sri_Lanka-Colours_Gal_Vihara-Cecilia_Marocchio.jpg\" data-elementor-open-lightbox=\"yes\" data-elementor-lightbox-slideshow=\"c682b89\" data-elementor-lightbox-title=\"Colours, Gal Vihara, Sri Lanka \u00a9 Cecilia Marocchio\" data-elementor-lightbox-description=\"Colours, Gal Vihara, Sri Lanka \u00a9 Cecilia Marocchio\" data-e-action-hash=\"#elementor-action%3Aaction%3Dlightbox%26settings%3DeyJpZCI6ODA0MiwidXJsIjoiaHR0cHM6XC9cL3R1YXJlZ3ZpYXRnZXMuZXNcL2NvbmN1cnNvXC93cC1jb250ZW50XC91cGxvYWRzXC8yMDI2XC8wMVwvU3JpX0xhbmthLUNvbG91cnNfR2FsX1ZpaGFyYS1DZWNpbGlhX01hcm9jY2hpby5qcGciLCJzbGlkZXNob3ciOiJjNjgyYjg5In0%3D\">\n\t\t\t\t\t<div class=\"e-gallery-image elementor-gallery-item__image\" data-thumbnail=\"https:\/\/tuaregviatges.es\/concurso\/wp-content\/uploads\/2026\/01\/Sri_Lanka-Colours_Gal_Vihara-Cecilia_Marocchio-1024x768.jpg\" data-width=\"800\" data-height=\"600\" aria-label=\"Colours, Gal Vihara, Sri Lanka \u00a9 Cecilia Marocchio\" role=\"img\" ><\/div>\n\t\t\t\t\t\t\t\t\t\t\t<div class=\"elementor-gallery-item__overlay\"><\/div>\n\t\t\t\t\t\t\t\t\t\t\t\t\t\t\t<div class=\"elementor-gallery-item__content\">\n\t\t\t\t\t\t\t\t\t\t\t\t\t\t<div class=\"elementor-gallery-item__title\">\n\t\t\t\t\t\t\t\t\t\t\t\t\t\t\t\t\t\tColours, Gal Vihara, Sri Lanka \u00a9 Cecilia Marocchio\t\t\t\t\t\t\t\t<\/div>\n\t\t\t\t\t\t\t\t\t\t\t\t<\/div>\n\t\t\t\t\t\t\t\t\t<\/a>\n\t\t\t\t\t\t\t<a class=\"e-gallery-item elementor-gallery-item elementor-animated-content\" data-e-gallery-tags=\"28\" href=\"https:\/\/tuaregviatges.es\/concurso\/wp-content\/uploads\/2026\/01\/Sri_Lanka-Smiling_Through_the_Journey-Cecilia_Marocchio.jpg\" data-elementor-open-lightbox=\"yes\" data-elementor-lightbox-slideshow=\"c682b89\" data-elementor-lightbox-title=\"Smiling through the journey, Sri Lanka \u00a9 Cecilia Marocchio\" data-elementor-lightbox-description=\"Smiling through the journey, Sri Lanka \u00a9 Cecilia Marocchio\" data-e-action-hash=\"#elementor-action%3Aaction%3Dlightbox%26settings%3DeyJpZCI6ODAzOSwidXJsIjoiaHR0cHM6XC9cL3R1YXJlZ3ZpYXRnZXMuZXNcL2NvbmN1cnNvXC93cC1jb250ZW50XC91cGxvYWRzXC8yMDI2XC8wMVwvU3JpX0xhbmthLVNtaWxpbmdfVGhyb3VnaF90aGVfSm91cm5leS1DZWNpbGlhX01hcm9jY2hpby5qcGciLCJzbGlkZXNob3ciOiJjNjgyYjg5In0%3D\">\n\t\t\t\t\t<div class=\"e-gallery-image elementor-gallery-item__image\" data-thumbnail=\"https:\/\/tuaregviatges.es\/concurso\/wp-content\/uploads\/2026\/01\/Sri_Lanka-Smiling_Through_the_Journey-Cecilia_Marocchio-1024x768.jpg\" data-width=\"800\" data-height=\"600\" aria-label=\"Smiling through the journey, Sri Lanka \u00a9 Cecilia Marocchio\" role=\"img\" ><\/div>\n\t\t\t\t\t\t\t\t\t\t\t<div class=\"elementor-gallery-item__overlay\"><\/div>\n\t\t\t\t\t\t\t\t\t\t\t\t\t\t\t<div class=\"elementor-gallery-item__content\">\n\t\t\t\t\t\t\t\t\t\t\t\t\t\t<div class=\"elementor-gallery-item__title\">\n\t\t\t\t\t\t\t\t\t\t\t\t\t\t\t\t\t\tSmiling through the journey, Sri Lanka \u00a9 Cecilia Marocchio\t\t\t\t\t\t\t\t<\/div>\n\t\t\t\t\t\t\t\t\t\t\t\t<\/div>\n\t\t\t\t\t\t\t\t\t<\/a>\n\t\t\t\t\t\t\t<a class=\"e-gallery-item elementor-gallery-item elementor-animated-content\" data-e-gallery-tags=\"29\" href=\"https:\/\/tuaregviatges.es\/concurso\/wp-content\/uploads\/2026\/02\/Turquia-Capadocia-JM_Sanchez.jpg\" data-elementor-open-lightbox=\"yes\" data-elementor-lightbox-slideshow=\"c682b89\" data-elementor-lightbox-title=\"Capadocia, Turquia \u00a9 Jose Manuel S\u00e1nchez\" data-elementor-lightbox-description=\"Capadocia, Turquia \u00a9 Jose Manuel S\u00e1nchez\" data-e-action-hash=\"#elementor-action%3Aaction%3Dlightbox%26settings%3DeyJpZCI6ODIyMywidXJsIjoiaHR0cHM6XC9cL3R1YXJlZ3ZpYXRnZXMuZXNcL2NvbmN1cnNvXC93cC1jb250ZW50XC91cGxvYWRzXC8yMDI2XC8wMlwvVHVycXVpYS1DYXBhZG9jaWEtSk1fU2FuY2hlei5qcGciLCJzbGlkZXNob3ciOiJjNjgyYjg5In0%3D\">\n\t\t\t\t\t<div class=\"e-gallery-image elementor-gallery-item__image\" data-thumbnail=\"https:\/\/tuaregviatges.es\/concurso\/wp-content\/uploads\/2026\/02\/Turquia-Capadocia-JM_Sanchez-1024x648.jpg\" data-width=\"800\" data-height=\"506\" aria-label=\"Capadocia, Turquia \u00a9 Jose Manuel S\u00e1nchez\" role=\"img\" ><\/div>\n\t\t\t\t\t\t\t\t\t\t\t<div class=\"elementor-gallery-item__overlay\"><\/div>\n\t\t\t\t\t\t\t\t\t\t\t\t\t\t\t<div class=\"elementor-gallery-item__content\">\n\t\t\t\t\t\t\t\t\t\t\t\t\t\t<div class=\"elementor-gallery-item__title\">\n\t\t\t\t\t\t\t\t\t\t\t\t\t\t\t\t\t\tCapadocia, Turquia \u00a9 Jose Manuel S\u00e1nchez\t\t\t\t\t\t\t\t<\/div>\n\t\t\t\t\t\t\t\t\t\t\t\t<\/div>\n\t\t\t\t\t\t\t\t\t<\/a>\n\t\t\t\t\t\t\t<a class=\"e-gallery-item elementor-gallery-item elementor-animated-content\" data-e-gallery-tags=\"30\" href=\"https:\/\/tuaregviatges.es\/concurso\/wp-content\/uploads\/2026\/04\/UGANDA-Selva-Bwindi-Carmen-Cifo.jpg\" data-elementor-open-lightbox=\"yes\" data-elementor-lightbox-slideshow=\"c682b89\" data-elementor-lightbox-title=\"Selva Bwindi, Uganda \u00a9 Carmen Cifo\" data-elementor-lightbox-description=\"Selva Bwindi, Uganda \u00a9 Carmen Cifo\" data-e-action-hash=\"#elementor-action%3Aaction%3Dlightbox%26settings%3DeyJpZCI6ODY2MiwidXJsIjoiaHR0cHM6XC9cL3R1YXJlZ3ZpYXRnZXMuZXNcL2NvbmN1cnNvXC93cC1jb250ZW50XC91cGxvYWRzXC8yMDI2XC8wNFwvVUdBTkRBLVNlbHZhLUJ3aW5kaS1DYXJtZW4tQ2lmby5qcGciLCJzbGlkZXNob3ciOiJjNjgyYjg5In0%3D\">\n\t\t\t\t\t<div class=\"e-gallery-image elementor-gallery-item__image\" data-thumbnail=\"https:\/\/tuaregviatges.es\/concurso\/wp-content\/uploads\/2026\/04\/UGANDA-Selva-Bwindi-Carmen-Cifo-768x1024.jpg\" data-width=\"768\" data-height=\"1024\" aria-label=\"Selva Bwindi, Uganda \u00a9 Carmen Cifo\" role=\"img\" ><\/div>\n\t\t\t\t\t\t\t\t\t\t\t<div class=\"elementor-gallery-item__overlay\"><\/div>\n\t\t\t\t\t\t\t\t\t\t\t\t\t\t\t<div class=\"elementor-gallery-item__content\">\n\t\t\t\t\t\t\t\t\t\t\t\t\t\t<div class=\"elementor-gallery-item__title\">\n\t\t\t\t\t\t\t\t\t\t\t\t\t\t\t\t\t\tSelva Bwindi, Uganda \u00a9 Carmen Cifo\t\t\t\t\t\t\t\t<\/div>\n\t\t\t\t\t\t\t\t\t\t\t\t<\/div>\n\t\t\t\t\t\t\t\t\t<\/a>\n\t\t\t\t\t\t\t<a class=\"e-gallery-item elementor-gallery-item elementor-animated-content\" data-e-gallery-tags=\"31\" href=\"https:\/\/tuaregviatges.es\/concurso\/wp-content\/uploads\/2026\/04\/Uzbekistan-Me_descojono_en_un_rastro_de_Samarkanda-Iraida_Tortosa-scaled.jpg\" data-elementor-open-lightbox=\"yes\" data-elementor-lightbox-slideshow=\"c682b89\" data-elementor-lightbox-title=\"Me descojono en un rastro de Samarkanda, Uzbekist\u00e1n \u00a9 Iraida Tortosa\" data-elementor-lightbox-description=\"Me descojono en un rastro de Samarkanda, Uzbekist\u00e1n \u00a9 Iraida Tortosa\" data-e-action-hash=\"#elementor-action%3Aaction%3Dlightbox%26settings%3DeyJpZCI6ODUzOSwidXJsIjoiaHR0cHM6XC9cL3R1YXJlZ3ZpYXRnZXMuZXNcL2NvbmN1cnNvXC93cC1jb250ZW50XC91cGxvYWRzXC8yMDI2XC8wNFwvVXpiZWtpc3Rhbi1NZV9kZXNjb2pvbm9fZW5fdW5fcmFzdHJvX2RlX1NhbWFya2FuZGEtSXJhaWRhX1RvcnRvc2Etc2NhbGVkLmpwZyIsInNsaWRlc2hvdyI6ImM2ODJiODkifQ%3D%3D\">\n\t\t\t\t\t<div class=\"e-gallery-image elementor-gallery-item__image\" data-thumbnail=\"https:\/\/tuaregviatges.es\/concurso\/wp-content\/uploads\/2026\/04\/Uzbekistan-Me_descojono_en_un_rastro_de_Samarkanda-Iraida_Tortosa-1024x768.jpg\" data-width=\"800\" data-height=\"600\" aria-label=\"Me descojono en un rastro de Samarkanda, Uzbekist\u00e1n \u00a9 Iraida Tortosa\" role=\"img\" ><\/div>\n\t\t\t\t\t\t\t\t\t\t\t<div class=\"elementor-gallery-item__overlay\"><\/div>\n\t\t\t\t\t\t\t\t\t\t\t\t\t\t\t<div class=\"elementor-gallery-item__content\">\n\t\t\t\t\t\t\t\t\t\t\t\t\t\t<div class=\"elementor-gallery-item__title\">\n\t\t\t\t\t\t\t\t\t\t\t\t\t\t\t\t\t\tMe descojono en un rastro de Samarkanda, Uzbekist\u00e1n \u00a9 Iraida Tortosa\t\t\t\t\t\t\t\t<\/div>\n\t\t\t\t\t\t\t\t\t\t\t\t<\/div>\n\t\t\t\t\t\t\t\t\t<\/a>\n\t\t\t\t\t\t\t<a class=\"e-gallery-item elementor-gallery-item elementor-animated-content\" data-e-gallery-tags=\"31\" href=\"https:\/\/tuaregviatges.es\/concurso\/wp-content\/uploads\/2026\/04\/Uzbekistan-Caminar_ligero_bajo_el_sol-de_Bukhara-Iraida_Tortosa.jpg\" data-elementor-open-lightbox=\"yes\" data-elementor-lightbox-slideshow=\"c682b89\" data-elementor-lightbox-title=\"Caminar ligero bajo el sol de Bukhara, Uzbekist\u00e1n \u00a9 Iraida Tortosa\" data-elementor-lightbox-description=\"Caminar ligero bajo el sol de Bukhara, Uzbekist\u00e1n \u00a9 Iraida Tortosa\" data-e-action-hash=\"#elementor-action%3Aaction%3Dlightbox%26settings%3DeyJpZCI6ODU0MCwidXJsIjoiaHR0cHM6XC9cL3R1YXJlZ3ZpYXRnZXMuZXNcL2NvbmN1cnNvXC93cC1jb250ZW50XC91cGxvYWRzXC8yMDI2XC8wNFwvVXpiZWtpc3Rhbi1DYW1pbmFyX2xpZ2Vyb19iYWpvX2VsX3NvbC1kZV9CdWtoYXJhLUlyYWlkYV9Ub3J0b3NhLmpwZyIsInNsaWRlc2hvdyI6ImM2ODJiODkifQ%3D%3D\">\n\t\t\t\t\t<div class=\"e-gallery-image elementor-gallery-item__image\" data-thumbnail=\"https:\/\/tuaregviatges.es\/concurso\/wp-content\/uploads\/2026\/04\/Uzbekistan-Caminar_ligero_bajo_el_sol-de_Bukhara-Iraida_Tortosa-1024x685.jpg\" data-width=\"800\" data-height=\"535\" aria-label=\"Caminar ligero bajo el sol de Bukhara, Uzbekist\u00e1n \u00a9 Iraida Tortosa\" role=\"img\" ><\/div>\n\t\t\t\t\t\t\t\t\t\t\t<div class=\"elementor-gallery-item__overlay\"><\/div>\n\t\t\t\t\t\t\t\t\t\t\t\t\t\t\t<div class=\"elementor-gallery-item__content\">\n\t\t\t\t\t\t\t\t\t\t\t\t\t\t<div class=\"elementor-gallery-item__title\">\n\t\t\t\t\t\t\t\t\t\t\t\t\t\t\t\t\t\tCaminar ligero bajo el sol de Bukhara, Uzbekist\u00e1n \u00a9 Iraida Tortosa\t\t\t\t\t\t\t\t<\/div>\n\t\t\t\t\t\t\t\t\t\t\t\t<\/div>\n\t\t\t\t\t\t\t\t\t<\/a>\n\t\t\t\t\t\t\t<a class=\"e-gallery-item elementor-gallery-item elementor-animated-content\" data-e-gallery-tags=\"32\" href=\"https:\/\/tuaregviatges.es\/concurso\/wp-content\/uploads\/2026\/03\/Vietnam-Bahia-Ha-Long-Gotzon-Gonzalez.jpg\" data-elementor-open-lightbox=\"yes\" data-elementor-lightbox-slideshow=\"c682b89\" data-elementor-lightbox-title=\"Bah\u00eda Ha Long, Vietnam \u00a9 Gotzon Gonz\u00e1lez\" data-elementor-lightbox-description=\"Bah\u00eda Ha Long, Vietnam \u00a9 Gotzon Gonz\u00e1lez\" data-e-action-hash=\"#elementor-action%3Aaction%3Dlightbox%26settings%3DeyJpZCI6ODQ1NCwidXJsIjoiaHR0cHM6XC9cL3R1YXJlZ3ZpYXRnZXMuZXNcL2NvbmN1cnNvXC93cC1jb250ZW50XC91cGxvYWRzXC8yMDI2XC8wM1wvVmlldG5hbS1CYWhpYS1IYS1Mb25nLUdvdHpvbi1Hb256YWxlei5qcGciLCJzbGlkZXNob3ciOiJjNjgyYjg5In0%3D\">\n\t\t\t\t\t<div class=\"e-gallery-image elementor-gallery-item__image\" data-thumbnail=\"https:\/\/tuaregviatges.es\/concurso\/wp-content\/uploads\/2026\/03\/Vietnam-Bahia-Ha-Long-Gotzon-Gonzalez-1024x768.jpg\" data-width=\"800\" data-height=\"600\" aria-label=\"Bah\u00eda Ha Long, Vietnam \u00a9 Gotzon Gonz\u00e1lez\" role=\"img\" ><\/div>\n\t\t\t\t\t\t\t\t\t\t\t<div class=\"elementor-gallery-item__overlay\"><\/div>\n\t\t\t\t\t\t\t\t\t\t\t\t\t\t\t<div class=\"elementor-gallery-item__content\">\n\t\t\t\t\t\t\t\t\t\t\t\t\t\t<div class=\"elementor-gallery-item__title\">\n\t\t\t\t\t\t\t\t\t\t\t\t\t\t\t\t\t\tBah\u00eda Ha Long, Vietnam \u00a9 Gotzon Gonz\u00e1lez\t\t\t\t\t\t\t\t<\/div>\n\t\t\t\t\t\t\t\t\t\t\t\t<\/div>\n\t\t\t\t\t\t\t\t\t<\/a>\n\t\t\t\t\t\t\t<a class=\"e-gallery-item elementor-gallery-item elementor-animated-content\" data-e-gallery-tags=\"32\" href=\"https:\/\/tuaregviatges.es\/concurso\/wp-content\/uploads\/2026\/02\/Congregacio-xina-de-phuc-kien-Vietnam-Berta-Serrano-scaled.jpg\" data-elementor-open-lightbox=\"yes\" data-elementor-lightbox-slideshow=\"c682b89\" data-elementor-lightbox-title=\"Congrecaci\u00f3 Xina de Phuc Kien, Vietnam \u00a9 Berta Serrano\" data-elementor-lightbox-description=\"Congrecaci\u00f3 Xina de Phuc Kien, Vietnam \u00a9 Berta Serrano\" data-e-action-hash=\"#elementor-action%3Aaction%3Dlightbox%26settings%3DeyJpZCI6ODIzNSwidXJsIjoiaHR0cHM6XC9cL3R1YXJlZ3ZpYXRnZXMuZXNcL2NvbmN1cnNvXC93cC1jb250ZW50XC91cGxvYWRzXC8yMDI2XC8wMlwvQ29uZ3JlZ2FjaW8teGluYS1kZS1waHVjLWtpZW4tVmlldG5hbS1CZXJ0YS1TZXJyYW5vLXNjYWxlZC5qcGciLCJzbGlkZXNob3ciOiJjNjgyYjg5In0%3D\">\n\t\t\t\t\t<div class=\"e-gallery-image elementor-gallery-item__image\" data-thumbnail=\"https:\/\/tuaregviatges.es\/concurso\/wp-content\/uploads\/2026\/02\/Congregacio-xina-de-phuc-kien-Vietnam-Berta-Serrano-578x1024.jpg\" data-width=\"578\" data-height=\"1024\" aria-label=\"Congrecaci\u00f3 Xina de Phuc Kien, Vietnam \u00a9 Berta Serrano\" role=\"img\" ><\/div>\n\t\t\t\t\t\t\t\t\t\t\t<div class=\"elementor-gallery-item__overlay\"><\/div>\n\t\t\t\t\t\t\t\t\t\t\t\t\t\t\t<div class=\"elementor-gallery-item__content\">\n\t\t\t\t\t\t\t\t\t\t\t\t\t\t<div class=\"elementor-gallery-item__title\">\n\t\t\t\t\t\t\t\t\t\t\t\t\t\t\t\t\t\tCongrecaci\u00f3 Xina de Phuc Kien, Vietnam \u00a9 Berta Serrano\t\t\t\t\t\t\t\t<\/div>\n\t\t\t\t\t\t\t\t\t\t\t\t<\/div>\n\t\t\t\t\t\t\t\t\t<\/a>\n\t\t\t\t\t\t\t<a class=\"e-gallery-item elementor-gallery-item elementor-animated-content\" data-e-gallery-tags=\"32\" href=\"https:\/\/tuaregviatges.es\/concurso\/wp-content\/uploads\/2026\/03\/Vietnam-HANOI-TREN-HO-CHI-MING-HANOI-Gotzon-Gonzalez.jpg\" data-elementor-open-lightbox=\"yes\" data-elementor-lightbox-slideshow=\"c682b89\" data-elementor-lightbox-title=\"Hanoi Tren Ho Chi Ming, Vietnam \u00a9 Gotzon Gonz\u00e1lez\" data-elementor-lightbox-description=\"Hanoi Tren Ho Chi Ming, Vietnam \u00a9 Gotzon Gonz\u00e1lez\" data-e-action-hash=\"#elementor-action%3Aaction%3Dlightbox%26settings%3DeyJpZCI6ODQ1NiwidXJsIjoiaHR0cHM6XC9cL3R1YXJlZ3ZpYXRnZXMuZXNcL2NvbmN1cnNvXC93cC1jb250ZW50XC91cGxvYWRzXC8yMDI2XC8wM1wvVmlldG5hbS1IQU5PSS1UUkVOLUhPLUNISS1NSU5HLUhBTk9JLUdvdHpvbi1Hb256YWxlei5qcGciLCJzbGlkZXNob3ciOiJjNjgyYjg5In0%3D\">\n\t\t\t\t\t<div class=\"e-gallery-image elementor-gallery-item__image\" data-thumbnail=\"https:\/\/tuaregviatges.es\/concurso\/wp-content\/uploads\/2026\/03\/Vietnam-HANOI-TREN-HO-CHI-MING-HANOI-Gotzon-Gonzalez-1024x768.jpg\" data-width=\"800\" data-height=\"600\" aria-label=\"Hanoi Tren Ho Chi Ming, Vietnam \u00a9 Gotzon Gonz\u00e1lez\" role=\"img\" ><\/div>\n\t\t\t\t\t\t\t\t\t\t\t<div class=\"elementor-gallery-item__overlay\"><\/div>\n\t\t\t\t\t\t\t\t\t\t\t\t\t\t\t<div class=\"elementor-gallery-item__content\">\n\t\t\t\t\t\t\t\t\t\t\t\t\t\t<div class=\"elementor-gallery-item__title\">\n\t\t\t\t\t\t\t\t\t\t\t\t\t\t\t\t\t\tHanoi Tren Ho Chi Ming, Vietnam \u00a9 Gotzon Gonz\u00e1lez\t\t\t\t\t\t\t\t<\/div>\n\t\t\t\t\t\t\t\t\t\t\t\t<\/div>\n\t\t\t\t\t\t\t\t\t<\/a>\n\t\t\t\t\t\t\t<a class=\"e-gallery-item elementor-gallery-item elementor-animated-content\" data-e-gallery-tags=\"32\" href=\"https:\/\/tuaregviatges.es\/concurso\/wp-content\/uploads\/2026\/02\/Pregaria-Ciutat-Purpura-Prohibida-de-Hue-Vietnam-Berta-Serrano.jpg\" data-elementor-open-lightbox=\"yes\" data-elementor-lightbox-slideshow=\"c682b89\" data-elementor-lightbox-title=\"Ciutat purpura prohibida de Hue, Vietnam \u00a9 Berta Serrano\" data-elementor-lightbox-description=\"Ciutat purpura prohibida de Hue, Vietnam \u00a9 Berta Serrano\" data-e-action-hash=\"#elementor-action%3Aaction%3Dlightbox%26settings%3DeyJpZCI6ODIzMiwidXJsIjoiaHR0cHM6XC9cL3R1YXJlZ3ZpYXRnZXMuZXNcL2NvbmN1cnNvXC93cC1jb250ZW50XC91cGxvYWRzXC8yMDI2XC8wMlwvUHJlZ2FyaWEtQ2l1dGF0LVB1cnB1cmEtUHJvaGliaWRhLWRlLUh1ZS1WaWV0bmFtLUJlcnRhLVNlcnJhbm8uanBnIiwic2xpZGVzaG93IjoiYzY4MmI4OSJ9\">\n\t\t\t\t\t<div class=\"e-gallery-image elementor-gallery-item__image\" data-thumbnail=\"https:\/\/tuaregviatges.es\/concurso\/wp-content\/uploads\/2026\/02\/Pregaria-Ciutat-Purpura-Prohibida-de-Hue-Vietnam-Berta-Serrano-683x1024.jpg\" data-width=\"683\" data-height=\"1024\" aria-label=\"Ciutat purpura prohibida de Hue, Vietnam \u00a9 Berta Serrano\" role=\"img\" ><\/div>\n\t\t\t\t\t\t\t\t\t\t\t<div class=\"elementor-gallery-item__overlay\"><\/div>\n\t\t\t\t\t\t\t\t\t\t\t\t\t\t\t<div class=\"elementor-gallery-item__content\">\n\t\t\t\t\t\t\t\t\t\t\t\t\t\t<div class=\"elementor-gallery-item__title\">\n\t\t\t\t\t\t\t\t\t\t\t\t\t\t\t\t\t\tCiutat purpura prohibida de Hue, Vietnam \u00a9 Berta Serrano\t\t\t\t\t\t\t\t<\/div>\n\t\t\t\t\t\t\t\t\t\t\t\t<\/div>\n\t\t\t\t\t\t\t\t\t<\/a>\n\t\t\t\t\t<\/div>\n\t\t\t\t\t<\/div>\n\t\t\t\t<\/div>\n\t\t\t\t<div class=\"elementor-element elementor-element-be86864 elementor-widget elementor-widget-spacer\" data-id=\"be86864\" data-element_type=\"widget\" data-e-type=\"widget\" data-widget_type=\"spacer.default\">\n\t\t\t\t<div class=\"elementor-widget-container\">\n\t\t\t\t\t\t\t<div class=\"elementor-spacer\">\n\t\t\t<div class=\"elementor-spacer-inner\"><\/div>\n\t\t<\/div>\n\t\t\t\t\t\t<\/div>\n\t\t\t\t<\/div>\n\t\t\t\t\t<\/div>\n\t\t<\/div>\n\t\t\t\t\t<\/div>\n\t\t<\/section>\n\t\t\t\t<\/div>\n\t\t","protected":false},"excerpt":{"rendered":"<p>Volver a la home VER TODAS LAS 130 FOTOGRAF\u00cdAS QUE SIGUEN ADELANTE Todo Albania Arabia Argelia Argentina Armenia Ben\u00edn Bhut\u00e1n Bulgaria Camboya Canad\u00e1 China Colombia Eslovenia Georgia India Indonesia Japon Jordania Kirguist\u00e1n Mauritania Moldavia Mongolia Namibia Nepal Noruega Nueva Zelanda Per\u00fa Senegal Sri Lanka Turqu\u00eda Uganda Uzbekist\u00e1n Vietnam Bazar de Kruja, Albania \u00a9 H\u00e9ctor Gonz\u00e1lez [&hellip;]<\/p>\n","protected":false},"author":2,"featured_media":0,"parent":0,"menu_order":0,"comment_status":"closed","ping_status":"closed","template":"","meta":{"footnotes":""},"class_list":["post-8788","page","type-page","status-publish","hentry"],"_links":{"self":[{"href":"https:\/\/tuaregviatges.es\/concurso\/wp-json\/wp\/v2\/pages\/8788","targetHints":{"allow":["GET"]}}],"collection":[{"href":"https:\/\/tuaregviatges.es\/concurso\/wp-json\/wp\/v2\/pages"}],"about":[{"href":"https:\/\/tuaregviatges.es\/concurso\/wp-json\/wp\/v2\/types\/page"}],"author":[{"embeddable":true,"href":"https:\/\/tuaregviatges.es\/concurso\/wp-json\/wp\/v2\/users\/2"}],"replies":[{"embeddable":true,"href":"https:\/\/tuaregviatges.es\/concurso\/wp-json\/wp\/v2\/comments?post=8788"}],"version-history":[{"count":11,"href":"https:\/\/tuaregviatges.es\/concurso\/wp-json\/wp\/v2\/pages\/8788\/revisions"}],"predecessor-version":[{"id":8817,"href":"https:\/\/tuaregviatges.es\/concurso\/wp-json\/wp\/v2\/pages\/8788\/revisions\/8817"}],"wp:attachment":[{"href":"https:\/\/tuaregviatges.es\/concurso\/wp-json\/wp\/v2\/media?parent=8788"}],"curies":[{"name":"wp","href":"https:\/\/api.w.org\/{rel}","templated":true}]}}